{"id":25041,"date":"2024-07-16T14:11:35","date_gmt":"2024-07-16T14:11:35","guid":{"rendered":"https:\/\/mediterraneanday.com\/events\/concert-2024"},"modified":"2024-12-02T09:35:10","modified_gmt":"2024-12-02T09:35:10","slug":"concert-2024","status":"publish","type":"events","link":"https:\/\/mediterraneanday.com\/ca\/events\/concert-2024","title":{"rendered":"Concert Day of the Mediterranean"},"content":{"rendered":"\t\t<div data-elementor-type=\"wp-post\" data-elementor-id=\"25041\" class=\"elementor elementor-25041 elementor-22836\" data-elementor-post-type=\"events\">\n\t\t\t\t\t\t<section class=\"elementor-section elementor-top-section elementor-element elementor-element-3af87f3 elementor-section-stretched elementor-section-boxed elementor-section-height-default elementor-section-height-default\" data-id=\"3af87f3\" data-element_type=\"section\" data-e-type=\"section\" data-settings=\"{&quot;stretch_section&quot;:&quot;section-stretched&quot;,&quot;background_background&quot;:&quot;classic&quot;}\">\n\t\t\t\t\t\t<div class=\"elementor-container elementor-column-gap-default\">\n\t\t\t\t\t<div class=\"elementor-column elementor-col-100 elementor-top-column elementor-element elementor-element-66c1999\" data-id=\"66c1999\" data-element_type=\"column\" data-e-type=\"column\">\n\t\t\t<div class=\"elementor-widget-wrap\">\n\t\t\t\t\t\t\t<\/div>\n\t\t<\/div>\n\t\t\t\t\t<\/div>\n\t\t<\/section>\n\t\t\t\t<section class=\"elementor-section elementor-top-section elementor-element elementor-element-e0a2e66 elementor-section-full_width elementor-hidden-mobile elementor-section-height-default elementor-section-height-default\" data-id=\"e0a2e66\" data-element_type=\"section\" data-e-type=\"section\">\n\t\t\t\t\t\t<div class=\"elementor-container elementor-column-gap-default\">\n\t\t\t\t\t<div class=\"elementor-column elementor-col-100 elementor-top-column elementor-element elementor-element-1d62a09\" data-id=\"1d62a09\" data-element_type=\"column\" data-e-type=\"column\">\n\t\t\t<div class=\"elementor-widget-wrap elementor-element-populated\">\n\t\t\t\t\t\t<div class=\"elementor-element elementor-element-eff6522 elementor-widget elementor-widget-image\" data-id=\"eff6522\" data-element_type=\"widget\" data-e-type=\"widget\" data-widget_type=\"image.default\">\n\t\t\t\t<div class=\"elementor-widget-container\">\n\t\t\t\t\t\t\t\t\t\t\t\t\t\t\t<img fetchpriority=\"high\" decoding=\"async\" width=\"2560\" height=\"479\" src=\"https:\/\/mediterraneanday.com\/wp-content\/uploads\/2024\/07\/concert-2560x479px_CAT-scaled.jpg\" class=\"attachment-full size-full wp-image-24978\" alt=\"\" srcset=\"https:\/\/mediterraneanday.com\/wp-content\/uploads\/2024\/07\/concert-2560x479px_CAT-scaled.jpg 2560w, https:\/\/mediterraneanday.com\/wp-content\/uploads\/2024\/07\/concert-2560x479px_CAT-300x56.jpg 300w, https:\/\/mediterraneanday.com\/wp-content\/uploads\/2024\/07\/concert-2560x479px_CAT-1024x192.jpg 1024w, https:\/\/mediterraneanday.com\/wp-content\/uploads\/2024\/07\/concert-2560x479px_CAT-768x144.jpg 768w, https:\/\/mediterraneanday.com\/wp-content\/uploads\/2024\/07\/concert-2560x479px_CAT-1536x287.jpg 1536w, https:\/\/mediterraneanday.com\/wp-content\/uploads\/2024\/07\/concert-2560x479px_CAT-2048x383.jpg 2048w\" sizes=\"(max-width: 2560px) 100vw, 2560px\" \/>\t\t\t\t\t\t\t\t\t\t\t\t\t\t\t<\/div>\n\t\t\t\t<\/div>\n\t\t\t\t<div class=\"elementor-element elementor-element-4f28477 elementor-hidden-desktop elementor-hidden-tablet elementor-hidden-mobile elementor-widget elementor-widget-image\" data-id=\"4f28477\" data-element_type=\"widget\" data-e-type=\"widget\" data-widget_type=\"image.default\">\n\t\t\t\t<div class=\"elementor-widget-container\">\n\t\t\t\t\t\t\t\t\t\t\t\t\t\t\t<img decoding=\"async\" width=\"1224\" height=\"1536\" src=\"https:\/\/mediterraneanday.com\/wp-content\/uploads\/2024\/07\/concert_768x964px_CAT-1224x1536.jpg\" class=\"attachment-1536x1536 size-1536x1536 wp-image-24962\" alt=\"\" srcset=\"https:\/\/mediterraneanday.com\/wp-content\/uploads\/2024\/07\/concert_768x964px_CAT-1224x1536.jpg 1224w, https:\/\/mediterraneanday.com\/wp-content\/uploads\/2024\/07\/concert_768x964px_CAT-239x300.jpg 239w, https:\/\/mediterraneanday.com\/wp-content\/uploads\/2024\/07\/concert_768x964px_CAT-816x1024.jpg 816w, https:\/\/mediterraneanday.com\/wp-content\/uploads\/2024\/07\/concert_768x964px_CAT-768x964.jpg 768w, https:\/\/mediterraneanday.com\/wp-content\/uploads\/2024\/07\/concert_768x964px_CAT.jpg 1600w\" sizes=\"(max-width: 1224px) 100vw, 1224px\" \/>\t\t\t\t\t\t\t\t\t\t\t\t\t\t\t<\/div>\n\t\t\t\t<\/div>\n\t\t\t\t\t<\/div>\n\t\t<\/div>\n\t\t\t\t\t<\/div>\n\t\t<\/section>\n\t\t\t\t<section class=\"elementor-section elementor-top-section elementor-element elementor-element-c5389ae elementor-section-boxed elementor-section-height-default elementor-section-height-default\" data-id=\"c5389ae\" data-element_type=\"section\" data-e-type=\"section\">\n\t\t\t\t\t\t<div class=\"elementor-container elementor-column-gap-default\">\n\t\t\t\t\t<div class=\"elementor-column elementor-col-100 elementor-top-column elementor-element elementor-element-c8e0c7e\" data-id=\"c8e0c7e\" data-element_type=\"column\" data-e-type=\"column\">\n\t\t\t<div class=\"elementor-widget-wrap elementor-element-populated\">\n\t\t\t\t\t\t<div class=\"elementor-element elementor-element-7aba716 elementor-widget elementor-widget-heading\" data-id=\"7aba716\" data-element_type=\"widget\" data-e-type=\"widget\" data-widget_type=\"heading.default\">\n\t\t\t\t<div class=\"elementor-widget-container\">\n\t\t\t\t\t<h2 class=\"elementor-heading-title elementor-size-default\">Concert del Dia de la Mediterr\u00e0nia a Barcelona<\/h2>\t\t\t\t<\/div>\n\t\t\t\t<\/div>\n\t\t\t\t\t<\/div>\n\t\t<\/div>\n\t\t\t\t\t<\/div>\n\t\t<\/section>\n\t\t\t\t<section class=\"elementor-section elementor-top-section elementor-element elementor-element-f46df12 elementor-section-boxed elementor-section-height-default elementor-section-height-default\" data-id=\"f46df12\" data-element_type=\"section\" data-e-type=\"section\">\n\t\t\t\t\t\t<div class=\"elementor-container elementor-column-gap-default\">\n\t\t\t\t\t<div class=\"elementor-column elementor-col-100 elementor-top-column elementor-element elementor-element-3329e7f\" data-id=\"3329e7f\" data-element_type=\"column\" data-e-type=\"column\">\n\t\t\t<div class=\"elementor-widget-wrap elementor-element-populated\">\n\t\t\t\t\t\t<div class=\"elementor-element elementor-element-40303dd elementor-widget elementor-widget-text-editor\" data-id=\"40303dd\" data-element_type=\"widget\" data-e-type=\"widget\" data-widget_type=\"text-editor.default\">\n\t\t\t\t<div class=\"elementor-widget-container\">\n\t\t\t\t\t\t\t\t\t<a data-flickr-embed=\"true\" href=\"https:\/\/www.flickr.com\/photos\/ufms\/albums\/72177720322298585\" title=\"Concert Dia de la Mediterr\u00e0nia 2024\"><img decoding=\"async\" src=\"https:\/\/live.staticflickr.com\/65535\/54178030411_b0f9b8a4df_z.jpg\" width=\"640\" height=\"480\" alt=\"Concert Dia de la Mediterr\u00e0nia 2024\"\/><\/a><script async src=\"\/\/embedr.flickr.com\/assets\/client-code.js\" charset=\"utf-8\"><\/script>\t\t\t\t\t\t\t\t<\/div>\n\t\t\t\t<\/div>\n\t\t\t\t\t<\/div>\n\t\t<\/div>\n\t\t\t\t\t<\/div>\n\t\t<\/section>\n\t\t\t\t<section class=\"elementor-section elementor-top-section elementor-element elementor-element-a7e37b1 elementor-section-boxed elementor-section-height-default elementor-section-height-default\" data-id=\"a7e37b1\" data-element_type=\"section\" data-e-type=\"section\">\n\t\t\t\t\t\t<div class=\"elementor-container elementor-column-gap-default\">\n\t\t\t\t\t<div class=\"elementor-column elementor-col-50 elementor-top-column elementor-element elementor-element-d464c2b\" data-id=\"d464c2b\" data-element_type=\"column\" data-e-type=\"column\">\n\t\t\t<div class=\"elementor-widget-wrap elementor-element-populated\">\n\t\t\t\t\t\t<div class=\"elementor-element elementor-element-96c2de5 elementor-widget elementor-widget-text-editor\" data-id=\"96c2de5\" data-element_type=\"widget\" data-e-type=\"widget\" data-widget_type=\"text-editor.default\">\n\t\t\t\t<div class=\"elementor-widget-container\">\n\t\t\t\t\t\t\t\t\t<iframe title=\"YouTube video player\" src=\"https:\/\/www.youtube.com\/embed\/O2PAiaO1ILo?si=wkIUvPU9HK0kT7cG\" width=\"550\" height=\"300\" frameborder=\"0\" allowfullscreen=\"allowfullscreen\"><span data-mce-type=\"bookmark\" style=\"display: inline-block; width: 0px; overflow: hidden; line-height: 0;\" class=\"mce_SELRES_start\">\ufeff<\/span><\/iframe>\t\t\t\t\t\t\t\t<\/div>\n\t\t\t\t<\/div>\n\t\t\t\t<div class=\"elementor-element elementor-element-47b56b4 elementor-widget elementor-widget-text-editor\" data-id=\"47b56b4\" data-element_type=\"widget\" data-e-type=\"widget\" data-widget_type=\"text-editor.default\">\n\t\t\t\t<div class=\"elementor-widget-container\">\n\t\t\t\t\t\t\t\t\t<h5><strong>ARTISTES<\/strong><\/h5><p><b>Jordi Savall y Orpheus 21<br \/><\/b> Formaci\u00f3 musical dirigida per Savall, Orpheus 21 est\u00e0 integrada per m\u00fasics refugiats a Europa procedents de diversos pa\u00efsos.<\/p><p>Interpretaran m\u00e9s de vint peces musicals entre can\u00e7ons tradicionals, danses i cants, procedents de la rica tradici\u00f3 musical hist\u00f2rica del Mediterrani.<\/p><p><b>Athrodeel<br \/><\/b> Proposta musical que fusiona m\u00fasica \u00e0rab cl\u00e0ssica, m\u00fasica popular catalana i flamenc oriental a c\u00e0rrec de la parella siriana formada per Ahmad Dyab i Aseel Massoud, que tancaran l&#8217;acte.<\/p>\t\t\t\t\t\t\t\t<\/div>\n\t\t\t\t<\/div>\n\t\t\t\t\t<\/div>\n\t\t<\/div>\n\t\t\t\t<div class=\"elementor-column elementor-col-50 elementor-top-column elementor-element elementor-element-35ca689\" data-id=\"35ca689\" data-element_type=\"column\" data-e-type=\"column\">\n\t\t\t<div class=\"elementor-widget-wrap elementor-element-populated\">\n\t\t\t\t\t\t<div class=\"elementor-element elementor-element-e108c4e elementor-widget elementor-widget-text-editor\" data-id=\"e108c4e\" data-element_type=\"widget\" data-e-type=\"widget\" data-widget_type=\"text-editor.default\">\n\t\t\t\t<div class=\"elementor-widget-container\">\n\t\t\t\t\t\t\t\t\t<p><strong>30 Novembre 2024, Barcelona.<\/strong> Per commemorar el dia, la <a href=\"https:\/\/ufmsecretariat.org\/\" target=\"_blank\" rel=\"noopener\"> Uni\u00f3 per la Mediterr\u00e0nia<\/a>, juntament amb el <a href=\"https:\/\/www.iemed.org\/?lang=ca\" target=\"_blank\" rel=\"noopener\">IEMED<\/a>, <a href=\"https:\/\/www.barcelona.cat\/\" target=\"_blank\" rel=\"noopener\">l&#8217;Ajuntament de Barcelona<\/a>, la <a href=\"https:\/\/catalangovernment.eu\/catalangovernment\/\" target=\"_blank\" rel=\"noopener\">Generalitat de Catalunya<\/a> i el <a href=\"https:\/\/www.exteriores.gob.es\/en\/Paginas\/index.aspx\" target=\"_blank\" rel=\"noopener\"> Ministeri d&#8217;Afers Exteriors d&#8217;Espanya<\/a> ofereixen un concert a Barcelona sota la direcci\u00f3 del reconegut m\u00fasic, director i music\u00f2leg Jordi Savall.<\/p><p>El concert busca fusionar la m\u00fasica \u00e0rab cl\u00e0ssica, m\u00fasica popular catalana i flamenc oriental a c\u00e0rrec de la parella siriana formada per Ahmad Dyab i Aseel Massoud. En un moment que la viol\u00e8ncia sacseja de nou la regi\u00f3 mediterr\u00e0nia, el repertori del mestre Savall busca ser \u201cM\u00fasica per la vida i la dignitat\u201d.<\/p>\t\t\t\t\t\t\t\t<\/div>\n\t\t\t\t<\/div>\n\t\t\t\t<div class=\"elementor-element elementor-element-7da9312 elementor-widget elementor-widget-image\" data-id=\"7da9312\" data-element_type=\"widget\" data-e-type=\"widget\" data-widget_type=\"image.default\">\n\t\t\t\t<div class=\"elementor-widget-container\">\n\t\t\t\t\t\t\t\t\t\t\t\t\t\t\t<img loading=\"lazy\" decoding=\"async\" width=\"900\" height=\"450\" src=\"https:\/\/mediterraneanday.com\/wp-content\/uploads\/2024\/07\/WhatsApp-Image-2024-10-15-at-12.07.03-1024x512.jpeg\" class=\"attachment-large size-large wp-image-25013\" alt=\"\" srcset=\"https:\/\/mediterraneanday.com\/wp-content\/uploads\/2024\/07\/WhatsApp-Image-2024-10-15-at-12.07.03-1024x512.jpeg 1024w, https:\/\/mediterraneanday.com\/wp-content\/uploads\/2024\/07\/WhatsApp-Image-2024-10-15-at-12.07.03-300x150.jpeg 300w, https:\/\/mediterraneanday.com\/wp-content\/uploads\/2024\/07\/WhatsApp-Image-2024-10-15-at-12.07.03-768x384.jpeg 768w, https:\/\/mediterraneanday.com\/wp-content\/uploads\/2024\/07\/WhatsApp-Image-2024-10-15-at-12.07.03-1536x768.jpeg 1536w, https:\/\/mediterraneanday.com\/wp-content\/uploads\/2024\/07\/WhatsApp-Image-2024-10-15-at-12.07.03.jpeg 1600w\" sizes=\"(max-width: 900px) 100vw, 900px\" \/>\t\t\t\t\t\t\t\t\t\t\t\t\t\t\t<\/div>\n\t\t\t\t<\/div>\n\t\t\t\t\t<\/div>\n\t\t<\/div>\n\t\t\t\t\t<\/div>\n\t\t<\/section>\n\t\t\t\t<section class=\"elementor-section elementor-top-section elementor-element elementor-element-e69db74 elementor-hidden-desktop elementor-hidden-tablet elementor-hidden-mobile elementor-section-boxed elementor-section-height-default elementor-section-height-default\" data-id=\"e69db74\" data-element_type=\"section\" data-e-type=\"section\">\n\t\t\t\t\t\t<div class=\"elementor-container elementor-column-gap-default\">\n\t\t\t\t\t<div class=\"elementor-column elementor-col-100 elementor-top-column elementor-element elementor-element-2aee40e\" data-id=\"2aee40e\" data-element_type=\"column\" data-e-type=\"column\">\n\t\t\t<div class=\"elementor-widget-wrap elementor-element-populated\">\n\t\t\t\t\t\t<div class=\"elementor-element elementor-element-84e4d58 elementor-button-info elementor-align-center elementor-widget elementor-widget-button\" data-id=\"84e4d58\" data-element_type=\"widget\" data-e-type=\"widget\" data-widget_type=\"button.default\">\n\t\t\t\t<div class=\"elementor-widget-container\">\n\t\t\t\t\t\t\t\t\t<div class=\"elementor-button-wrapper\">\n\t\t\t\t\t<a class=\"elementor-button elementor-button-link elementor-size-sm\" href=\"https:\/\/www.barcelona.cat\/museuhistoria\/ca\/activitats\/concerts-i-recitals\/jordi-savall-protagonitza-el-concert-del-dia-de-la-mediterrania-2024\" target=\"_blank\">\n\t\t\t\t\t\t<span class=\"elementor-button-content-wrapper\">\n\t\t\t\t\t\t<span class=\"elementor-button-icon\">\n\t\t\t\t<i aria-hidden=\"true\" class=\"fas fa-ticket-alt\"><\/i>\t\t\t<\/span>\n\t\t\t\t\t\t\t\t\t<span class=\"elementor-button-text\">Aconsegueix la teva entrada gratu\u00efta<\/span>\n\t\t\t\t\t<\/span>\n\t\t\t\t\t<\/a>\n\t\t\t\t<\/div>\n\t\t\t\t\t\t\t\t<\/div>\n\t\t\t\t<\/div>\n\t\t\t\t\t<\/div>\n\t\t<\/div>\n\t\t\t\t\t<\/div>\n\t\t<\/section>\n\t\t\t\t<section class=\"elementor-section elementor-top-section elementor-element elementor-element-09c9b24 elementor-section-boxed elementor-section-height-default elementor-section-height-default\" data-id=\"09c9b24\" data-element_type=\"section\" data-e-type=\"section\">\n\t\t\t\t\t\t<div class=\"elementor-container elementor-column-gap-default\">\n\t\t\t\t\t<div class=\"elementor-column elementor-col-100 elementor-top-column elementor-element elementor-element-b62ce92\" data-id=\"b62ce92\" data-element_type=\"column\" data-e-type=\"column\">\n\t\t\t<div class=\"elementor-widget-wrap elementor-element-populated\">\n\t\t\t\t\t\t<div class=\"elementor-element elementor-element-f404429 elementor-widget elementor-widget-heading\" data-id=\"f404429\" data-element_type=\"widget\" data-e-type=\"widget\" data-widget_type=\"heading.default\">\n\t\t\t\t<div class=\"elementor-widget-container\">\n\t\t\t\t\t<h2 class=\"elementor-heading-title elementor-size-default\">M\u00daSICA PER LA VIDA I LA DIGNITAT<br>\nHomenatge a la Mediterr\u00e0nia<br>\nDi\u00e0legs de les veus llunyanes<\/h2>\t\t\t\t<\/div>\n\t\t\t\t<\/div>\n\t\t\t\t\t<\/div>\n\t\t<\/div>\n\t\t\t\t\t<\/div>\n\t\t<\/section>\n\t\t\t\t<section class=\"elementor-section elementor-top-section elementor-element elementor-element-6e270b3 elementor-section-boxed elementor-section-height-default elementor-section-height-default\" data-id=\"6e270b3\" data-element_type=\"section\" data-e-type=\"section\">\n\t\t\t\t\t\t<div class=\"elementor-container elementor-column-gap-default\">\n\t\t\t\t\t<div class=\"elementor-column elementor-col-50 elementor-top-column elementor-element elementor-element-f427d10\" data-id=\"f427d10\" data-element_type=\"column\" data-e-type=\"column\">\n\t\t\t<div class=\"elementor-widget-wrap elementor-element-populated\">\n\t\t\t\t\t\t<div class=\"elementor-element elementor-element-0654193 elementor-widget elementor-widget-text-editor\" data-id=\"0654193\" data-element_type=\"widget\" data-e-type=\"widget\" data-widget_type=\"text-editor.default\">\n\t\t\t\t<div class=\"elementor-widget-container\">\n\t\t\t\t\t\t\t\t\t<p class=\"p1\"><strong>Orpheus 21, repertori<br \/><\/strong><i>La rosa enflorece \u2013 <\/i>Can\u00e7\u00f3 tradicional sefardita<br \/>Canarios \u2013 Michael Praetorius (1571-1621), Terpsichore, 1612<br \/><i>Sharaf-elddine \u2013 <\/i>Cant religi\u00f3s iazid\u00ed<br \/>Moaxaja:<i> Fiyachia \u2013 <\/i>Can\u00e7\u00f3 tradicional del Marroc<br \/>Saltarello \u2013 Alfons X el Savi (CSM 77-119<br \/><i>Ilahi Nihawend \u2013 <\/i>Can\u00e7\u00f3 tradicional, melodia an\u00f2nima, poema \u00e0rab de Smonon bin Hamza dit Al Mouhib (Bagdad, s. IX-X)<br \/><i>Nihawend Longa \u2013 <\/i>Kevser Hanim (s. XIX)<br \/><i>Nani, nani \u2013 <\/i>Can\u00e7\u00f3 de bressol tunisiana<br \/>Ductia \u2013 Alfons X el Savi (CSM 123)<br \/><i>Mirkut \u2013 <\/i>Can\u00e7\u00f3 de collita kurda<br \/>Moaxaja: <i>Billadi askara min adbi llama<\/i> \u2013 Can\u00e7\u00f3 \u00e0rab (Al-Andalus)<br \/>\u00c7e\u00e7en k\u0131z\u0131 \u2013 Dansa instrumental turca, Tanburi Cemil Bey (1873-1916)<br \/><i>Apo xeno meros<\/i> \u2013 Can\u00e7\u00f3 tradicional de Gr\u00e8cia<br \/><i>Ghazali tal j\u00e0hri<\/i> (instr.) \u2013 Can\u00e7\u00f3 tradicional del Marroc<br \/><i>Lamuny<\/i> \u2013 Can\u00e7\u00f3 tradicional del Marroc i de Tun\u00edsia<br \/>Kevok\u00ea \u2013 Canc\u00f3 i dansa tradicional kurda<br \/>Can\u00e7\u00f3 tradicional \u00e0rab<br \/><i>\u2018Al maya, \u2018al maya<\/i> \u2013 Can\u00e7\u00f3 i dansa \u00e0rab de l\u2019est de S\u00edria<br \/>El Rey Nimrod \u2013 Can\u00e7\u00f3 tradicional sefardita<br \/><i>Ya Mariam el bekr<\/i> \u2013 Himne a la Verge Maria (S\u00edria i L\u00edban)<br \/>Koniali \u2013 Dansa de Gr\u00e8cia i Turquia<\/p><p class=\"p2\">Amb el suport del <strong>Departament de Cultura de la Generalitat de Catalunya<\/strong><\/p>\t\t\t\t\t\t\t\t<\/div>\n\t\t\t\t<\/div>\n\t\t\t\t\t<\/div>\n\t\t<\/div>\n\t\t\t\t<div class=\"elementor-column elementor-col-50 elementor-top-column elementor-element elementor-element-fd096c1\" data-id=\"fd096c1\" data-element_type=\"column\" data-e-type=\"column\">\n\t\t\t<div class=\"elementor-widget-wrap elementor-element-populated\">\n\t\t\t\t\t\t<div class=\"elementor-element elementor-element-0127dbf elementor-widget elementor-widget-text-editor\" data-id=\"0127dbf\" data-element_type=\"widget\" data-e-type=\"widget\" data-widget_type=\"text-editor.default\">\n\t\t\t\t<div class=\"elementor-widget-container\">\n\t\t\t\t\t\t\t\t\t<p class=\"p2\"><strong>Athrodeel, repertori<br \/><\/strong>Fusi\u00f3 s\u00edrio-catalana &#8211; <i>Cha\u2019am<\/i> (Tradicional) &amp; Vestida de nit (S. P\u00e9rez-Cruz)<br \/><i>La Gavina<\/i> \u2013 Can\u00e7\u00f3 tradicional catalana<br \/>Tangos de flamenc oriental<\/p><p class=\"p1\"><strong>ORPHEUS 21<\/strong><br \/><strong>Hakan G\u00fcng\u00f6r,<\/strong> <i>kanun<br \/><\/i><strong>Rusan Filiztek,<\/strong> <i>cant &amp; saz<br \/><\/i><strong>Wassim Halal,<\/strong> <i>percussions<br \/><\/i><strong>Waed Bouhassoun,<\/strong> <i>cant, ud, concepci\u00f3 &amp; preparaci\u00f3 del programa<\/i><\/p><p class=\"p1\"><strong>ATHRODEEL<\/strong><br \/><strong>Ahmad Dyab,<\/strong> <i>guitarra<br \/><\/i><strong>Aseel Massoud,<\/strong> <i>cant<\/i><\/p><p class=\"p1\">Amb la presentaci\u00f3 i col\u00b7laboraci\u00f3 de <strong>Jordi Savall,<\/strong> <i>rebec, viella &amp; direcci\u00f3<\/i><\/p><p class=\"p1\">Comissariat <strong>Mart\u00ed Sancliment<\/strong><\/p>\t\t\t\t\t\t\t\t<\/div>\n\t\t\t\t<\/div>\n\t\t\t\t\t<\/div>\n\t\t<\/div>\n\t\t\t\t\t<\/div>\n\t\t<\/section>\n\t\t\t\t<section class=\"elementor-section elementor-top-section elementor-element elementor-element-fe0f923 elementor-section-boxed elementor-section-height-default elementor-section-height-default\" data-id=\"fe0f923\" data-element_type=\"section\" data-e-type=\"section\" data-settings=\"{&quot;background_background&quot;:&quot;classic&quot;}\">\n\t\t\t\t\t\t<div class=\"elementor-container elementor-column-gap-default\">\n\t\t\t\t\t<div class=\"elementor-column elementor-col-100 elementor-top-column elementor-element elementor-element-0319477\" data-id=\"0319477\" data-element_type=\"column\" data-e-type=\"column\">\n\t\t\t<div class=\"elementor-widget-wrap elementor-element-populated\">\n\t\t\t\t\t\t<div class=\"elementor-element elementor-element-2ac4796 elementor-widget elementor-widget-heading\" data-id=\"2ac4796\" data-element_type=\"widget\" data-e-type=\"widget\" data-widget_type=\"heading.default\">\n\t\t\t\t<div class=\"elementor-widget-container\">\n\t\t\t\t\t<h2 class=\"elementor-heading-title elementor-size-default\">Uneix-te a la campanya online d\u2019aquest any <\/h2>\t\t\t\t<\/div>\n\t\t\t\t<\/div>\n\t\t\t\t\t<\/div>\n\t\t<\/div>\n\t\t\t\t\t<\/div>\n\t\t<\/section>\n\t\t\t\t<section class=\"elementor-section elementor-top-section elementor-element elementor-element-b8d3a24 elementor-section-boxed elementor-section-height-default elementor-section-height-default\" data-id=\"b8d3a24\" data-element_type=\"section\" data-e-type=\"section\" data-settings=\"{&quot;background_background&quot;:&quot;classic&quot;}\">\n\t\t\t\t\t\t<div class=\"elementor-container elementor-column-gap-default\">\n\t\t\t\t\t<div class=\"elementor-column elementor-col-50 elementor-top-column elementor-element elementor-element-fd8033b\" data-id=\"fd8033b\" data-element_type=\"column\" data-e-type=\"column\">\n\t\t\t<div class=\"elementor-widget-wrap elementor-element-populated\">\n\t\t\t\t\t\t<div class=\"elementor-element elementor-element-6e6b4e5 elementor-widget elementor-widget-video\" data-id=\"6e6b4e5\" data-element_type=\"widget\" data-e-type=\"widget\" data-settings=\"{&quot;youtube_url&quot;:&quot;https:\\\/\\\/youtu.be\\\/E9m-JAuba2Q&quot;,&quot;video_type&quot;:&quot;youtube&quot;,&quot;controls&quot;:&quot;yes&quot;}\" data-widget_type=\"video.default\">\n\t\t\t\t<div class=\"elementor-widget-container\">\n\t\t\t\t\t\t\t<div class=\"elementor-wrapper elementor-open-inline\">\n\t\t\t<div class=\"elementor-video\"><\/div>\t\t<\/div>\n\t\t\t\t\t\t<\/div>\n\t\t\t\t<\/div>\n\t\t\t\t\t<\/div>\n\t\t<\/div>\n\t\t\t\t<div class=\"elementor-column elementor-col-50 elementor-top-column elementor-element elementor-element-c675103\" data-id=\"c675103\" data-element_type=\"column\" data-e-type=\"column\">\n\t\t\t<div class=\"elementor-widget-wrap elementor-element-populated\">\n\t\t\t\t\t\t<div class=\"elementor-element elementor-element-8590641 elementor-invisible elementor-widget elementor-widget-heading\" data-id=\"8590641\" data-element_type=\"widget\" data-e-type=\"widget\" data-settings=\"{&quot;_animation&quot;:&quot;bounceIn&quot;}\" data-widget_type=\"heading.default\">\n\t\t\t\t<div class=\"elementor-widget-container\">\n\t\t\t\t\t<h4 class=\"elementor-heading-title elementor-size-default\">La propera ona: construir un futur compartit<\/h4>\t\t\t\t<\/div>\n\t\t\t\t<\/div>\n\t\t\t\t<div class=\"elementor-element elementor-element-f40d88e elementor-widget elementor-widget-text-editor\" data-id=\"f40d88e\" data-element_type=\"widget\" data-e-type=\"widget\" data-widget_type=\"text-editor.default\">\n\t\t\t\t<div class=\"elementor-widget-container\">\n\t\t\t\t\t\t\t\t\t<p>2024 \u00e9s un any com cap altre. Amb els terminis finals de l&#8217;Agenda 2030 per al Desenvolupament Sostenible de les Nacions Unides acostant-se r\u00e0pidament, i les diverses crisis a les quals s&#8217;enfronta el m\u00f3n multiplicant-se, dep\u00e8n de nosaltres donar forma al Mediterrani tal com el veiem, basant-nos en la resili\u00e8ncia, la cooperaci\u00f3 i un dem\u00e0 millor per a tots.<br \/><br \/>Aquest any uneix-te a la campanya a xarxes. Com podem abordar-ho? Utilitza #MediterraneanDay\u00a0i ajuda a crear solucions, siguin\u00a0individuals\u00a0o amb\u00a0organitzacions\u00a0que impulsen un canvi positiu a la nostra regi\u00f3.\u00a0<\/p>\t\t\t\t\t\t\t\t<\/div>\n\t\t\t\t<\/div>\n\t\t\t\t\t<\/div>\n\t\t<\/div>\n\t\t\t\t\t<\/div>\n\t\t<\/section>\n\t\t\t\t<section class=\"elementor-section elementor-top-section elementor-element elementor-element-30b4d0d elementor-section-boxed elementor-section-height-default elementor-section-height-default\" data-id=\"30b4d0d\" data-element_type=\"section\" data-e-type=\"section\" data-settings=\"{&quot;background_background&quot;:&quot;classic&quot;}\">\n\t\t\t\t\t\t<div class=\"elementor-container elementor-column-gap-default\">\n\t\t\t\t\t<div class=\"elementor-column elementor-col-100 elementor-top-column elementor-element elementor-element-00a8bee\" data-id=\"00a8bee\" data-element_type=\"column\" data-e-type=\"column\">\n\t\t\t<div class=\"elementor-widget-wrap elementor-element-populated\">\n\t\t\t\t\t\t<section class=\"elementor-section elementor-inner-section elementor-element elementor-element-9345e85 elementor-section-boxed elementor-section-height-default elementor-section-height-default\" data-id=\"9345e85\" data-element_type=\"section\" data-e-type=\"section\" data-settings=\"{&quot;background_background&quot;:&quot;classic&quot;}\">\n\t\t\t\t\t\t<div class=\"elementor-container elementor-column-gap-default\">\n\t\t\t\t\t<div class=\"elementor-column elementor-col-100 elementor-inner-column elementor-element elementor-element-dedf98d\" data-id=\"dedf98d\" data-element_type=\"column\" data-e-type=\"column\">\n\t\t\t<div class=\"elementor-widget-wrap elementor-element-populated\">\n\t\t\t\t\t\t<div class=\"elementor-element elementor-element-d77fcbc elementor-widget elementor-widget-text-editor\" data-id=\"d77fcbc\" data-element_type=\"widget\" data-e-type=\"widget\" data-widget_type=\"text-editor.default\">\n\t\t\t\t<div class=\"elementor-widget-container\">\n\t\t\t\t\t\t\t\t\tI tu, qu\u00e8 n\u2019opines?\t\t\t\t\t\t\t\t<\/div>\n\t\t\t\t<\/div>\n\t\t\t\t<div class=\"elementor-element elementor-element-d2e3c18 elementor-widget-divider--view-line elementor-widget elementor-widget-divider\" data-id=\"d2e3c18\" data-element_type=\"widget\" data-e-type=\"widget\" data-widget_type=\"divider.default\">\n\t\t\t\t<div class=\"elementor-widget-container\">\n\t\t\t\t\t\t\t<div class=\"elementor-divider\">\n\t\t\t<span class=\"elementor-divider-separator\">\n\t\t\t\t\t\t<\/span>\n\t\t<\/div>\n\t\t\t\t\t\t<\/div>\n\t\t\t\t<\/div>\n\t\t\t\t<div class=\"elementor-element elementor-element-1d200e5 elementor-widget elementor-widget-text-editor\" data-id=\"1d200e5\" data-element_type=\"widget\" data-e-type=\"widget\" data-widget_type=\"text-editor.default\">\n\t\t\t\t<div class=\"elementor-widget-container\">\n\t\t\t\t\t\t\t\t\t<p>Quin creus que \u00e9s el desafiament m\u00e9s gran al qual ens enfrontem al Mediterrani?<br \/>Com podem abordar-ho?<\/p>\t\t\t\t\t\t\t\t<\/div>\n\t\t\t\t<\/div>\n\t\t\t\t<div class=\"elementor-element elementor-element-0a7da7e elementor-widget elementor-widget-text-editor\" data-id=\"0a7da7e\" data-element_type=\"widget\" data-e-type=\"widget\" data-widget_type=\"text-editor.default\">\n\t\t\t\t<div class=\"elementor-widget-container\">\n\t\t\t\t\t\t\t\t\tUtilitza <strong>#MediterraneanDay<\/strong> i uneix-te al di\u00e0leg per a un Mediterrani millor.\t\t\t\t\t\t\t\t<\/div>\n\t\t\t\t<\/div>\n\t\t\t\t\t<\/div>\n\t\t<\/div>\n\t\t\t\t\t<\/div>\n\t\t<\/section>\n\t\t\t\t<div class=\"elementor-element elementor-element-e01bbe6 elementor-widget-divider--view-line elementor-widget elementor-widget-divider\" data-id=\"e01bbe6\" data-element_type=\"widget\" data-e-type=\"widget\" data-widget_type=\"divider.default\">\n\t\t\t\t<div class=\"elementor-widget-container\">\n\t\t\t\t\t\t\t<div class=\"elementor-divider\">\n\t\t\t<span class=\"elementor-divider-separator\">\n\t\t\t\t\t\t<\/span>\n\t\t<\/div>\n\t\t\t\t\t\t<\/div>\n\t\t\t\t<\/div>\n\t\t\t\t\t<\/div>\n\t\t<\/div>\n\t\t\t\t\t<\/div>\n\t\t<\/section>\n\t\t\t\t<section class=\"elementor-section elementor-top-section elementor-element elementor-element-9f68a71 elementor-section-boxed elementor-section-height-default elementor-section-height-default\" data-id=\"9f68a71\" data-element_type=\"section\" data-e-type=\"section\">\n\t\t\t\t\t\t<div class=\"elementor-container elementor-column-gap-default\">\n\t\t\t\t\t<div class=\"elementor-column elementor-col-100 elementor-top-column elementor-element elementor-element-6d9689b\" data-id=\"6d9689b\" data-element_type=\"column\" data-e-type=\"column\">\n\t\t\t<div class=\"elementor-widget-wrap elementor-element-populated\">\n\t\t\t\t\t\t<div class=\"elementor-element elementor-element-9f97818 elementor-widget elementor-widget-heading\" data-id=\"9f97818\" data-element_type=\"widget\" data-e-type=\"widget\" data-widget_type=\"heading.default\">\n\t\t\t\t<div class=\"elementor-widget-container\">\n\t\t\t\t\t<h2 class=\"elementor-heading-title elementor-size-default\">Un cup\u00f3 per a un dia \u00fanic<\/h2>\t\t\t\t<\/div>\n\t\t\t\t<\/div>\n\t\t\t\t\t<\/div>\n\t\t<\/div>\n\t\t\t\t\t<\/div>\n\t\t<\/section>\n\t\t\t\t<section class=\"elementor-section elementor-top-section elementor-element elementor-element-4fb0f98 elementor-section-content-top elementor-section-boxed elementor-section-height-default elementor-section-height-default\" data-id=\"4fb0f98\" data-element_type=\"section\" data-e-type=\"section\">\n\t\t\t\t\t\t<div class=\"elementor-container elementor-column-gap-default\">\n\t\t\t\t\t<div class=\"elementor-column elementor-col-50 elementor-top-column elementor-element elementor-element-a0cce1d\" data-id=\"a0cce1d\" data-element_type=\"column\" data-e-type=\"column\">\n\t\t\t<div class=\"elementor-widget-wrap elementor-element-populated\">\n\t\t\t\t\t\t<div class=\"elementor-element elementor-element-bbd23b2 elementor-widget elementor-widget-text-editor\" data-id=\"bbd23b2\" data-element_type=\"widget\" data-e-type=\"widget\" data-widget_type=\"text-editor.default\">\n\t\t\t\t<div class=\"elementor-widget-container\">\n\t\t\t\t\t\t\t\t\t<p>Per tercer any consecutiu, el cup\u00f3 de <a href=\"https:\/\/www.once.es\/\" target=\"_blank\" rel=\"noopener\">l&#8217;ONCE<\/a> del dia 28 de novembre es dedica al Dia del Mediterrani i remarca el comprom\u00eds del Grup Social ONCE per a fer de la nostra regi\u00f3 un lloc millor, un espai on es troben l\u2019humanisme, el coneixement i el di\u00e0leg cultural. Aquest any el cup\u00f3 anima a participar en la campanya i destacar reptes i solucions per al nostre espai compartit.<\/p>\t\t\t\t\t\t\t\t<\/div>\n\t\t\t\t<\/div>\n\t\t\t\t\t<\/div>\n\t\t<\/div>\n\t\t\t\t<div class=\"elementor-column elementor-col-50 elementor-top-column elementor-element elementor-element-c5ae715\" data-id=\"c5ae715\" data-element_type=\"column\" data-e-type=\"column\">\n\t\t\t<div class=\"elementor-widget-wrap elementor-element-populated\">\n\t\t\t\t\t\t<div class=\"elementor-element elementor-element-20b9b9c elementor-widget elementor-widget-image\" data-id=\"20b9b9c\" data-element_type=\"widget\" data-e-type=\"widget\" data-widget_type=\"image.default\">\n\t\t\t\t<div class=\"elementor-widget-container\">\n\t\t\t\t\t\t\t\t\t\t\t\t\t\t\t<img loading=\"lazy\" decoding=\"async\" width=\"900\" height=\"523\" src=\"https:\/\/mediterraneanday.com\/wp-content\/uploads\/2024\/10\/cupon-2024-1024x595.jpg\" class=\"attachment-large size-large wp-image-24934\" alt=\"\" srcset=\"https:\/\/mediterraneanday.com\/wp-content\/uploads\/2024\/10\/cupon-2024-1024x595.jpg 1024w, https:\/\/mediterraneanday.com\/wp-content\/uploads\/2024\/10\/cupon-2024-300x174.jpg 300w, https:\/\/mediterraneanday.com\/wp-content\/uploads\/2024\/10\/cupon-2024-768x447.jpg 768w, https:\/\/mediterraneanday.com\/wp-content\/uploads\/2024\/10\/cupon-2024.jpg 1240w\" sizes=\"(max-width: 900px) 100vw, 900px\" \/>\t\t\t\t\t\t\t\t\t\t\t\t\t\t\t<\/div>\n\t\t\t\t<\/div>\n\t\t\t\t\t<\/div>\n\t\t<\/div>\n\t\t\t\t\t<\/div>\n\t\t<\/section>\n\t\t\t\t<\/div>\n\t\t","protected":false},"template":"","event-category":[70],"city":[],"state":[],"country":[],"class_list":["post-25041","events","type-events","status-publish","hentry","event-category-custom-event"],"yoast_head":"<!-- This site is optimized with the Yoast SEO Premium plugin v19.1 (Yoast SEO v27.5) - https:\/\/yoast.com\/product\/yoast-seo-premium-wordpress\/ -->\n<title>Concert Day of the Mediterranean - Mediterranean Day<\/title>\n<meta name=\"robots\" content=\"index, follow, max-snippet:-1, max-image-preview:large, max-video-preview:-1\" \/>\n<link rel=\"canonical\" href=\"https:\/\/mediterranean-day-a1.c.wetopi.com\/events\/concert-2024\" \/>\n<meta property=\"og:locale\" content=\"ca_ES\" \/>\n<meta property=\"og:type\" content=\"article\" \/>\n<meta property=\"og:title\" content=\"Concert Day of the Mediterranean\" \/>\n<meta property=\"og:description\" content=\"Concert del Dia de la Mediterr\u00e0nia a Barcelona \ufeff ARTISTES Jordi Savall y Orpheus 21 Formaci\u00f3 musical dirigida per Savall, Orpheus 21 est\u00e0 integrada per m\u00fasics refugiats a Europa procedents de diversos pa\u00efsos. Interpretaran m\u00e9s de vint peces musicals entre can\u00e7ons tradicionals, danses i cants, procedents de la rica tradici\u00f3 musical hist\u00f2rica del Mediterrani. Athrodeel ... Llegiu m\u00e9s\" \/>\n<meta property=\"og:url\" content=\"https:\/\/mediterranean-day-a1.c.wetopi.com\/events\/concert-2024\" \/>\n<meta property=\"og:site_name\" content=\"Mediterranean Day\" \/>\n<meta property=\"article:modified_time\" content=\"2024-12-02T09:35:10+00:00\" \/>\n<meta property=\"og:image\" content=\"https:\/\/mediterraneanday.com\/wp-content\/uploads\/2024\/07\/concert-2560x479px_CAT-scaled.jpg\" \/>\n\t<meta property=\"og:image:width\" content=\"2560\" \/>\n\t<meta property=\"og:image:height\" content=\"479\" \/>\n\t<meta property=\"og:image:type\" content=\"image\/jpeg\" \/>\n<meta name=\"twitter:card\" content=\"summary_large_image\" \/>\n<meta name=\"twitter:label1\" content=\"Temps estimat de lectura\" \/>\n\t<meta name=\"twitter:data1\" content=\"5 minuts\" \/>\n<script type=\"application\/ld+json\" class=\"yoast-schema-graph\">{\"@context\":\"https:\\\/\\\/schema.org\",\"@graph\":[{\"@type\":\"WebPage\",\"@id\":\"https:\\\/\\\/mediterranean-day-a1.c.wetopi.com\\\/events\\\/concert-2024\",\"url\":\"https:\\\/\\\/mediterranean-day-a1.c.wetopi.com\\\/events\\\/concert-2024\",\"name\":\"Concert Day of the Mediterranean - Mediterranean Day\",\"isPartOf\":{\"@id\":\"https:\\\/\\\/mediterranean-day-a1.c.wetopi.com\\\/#website\"},\"primaryImageOfPage\":{\"@id\":\"https:\\\/\\\/mediterranean-day-a1.c.wetopi.com\\\/events\\\/concert-2024#primaryimage\"},\"image\":{\"@id\":\"https:\\\/\\\/mediterranean-day-a1.c.wetopi.com\\\/events\\\/concert-2024#primaryimage\"},\"thumbnailUrl\":\"https:\\\/\\\/mediterraneanday.com\\\/wp-content\\\/uploads\\\/2024\\\/07\\\/concert-2560x479px_CAT-scaled.jpg\",\"datePublished\":\"2024-07-16T14:11:35+00:00\",\"dateModified\":\"2024-12-02T09:35:10+00:00\",\"breadcrumb\":{\"@id\":\"https:\\\/\\\/mediterranean-day-a1.c.wetopi.com\\\/events\\\/concert-2024#breadcrumb\"},\"inLanguage\":\"ca\",\"potentialAction\":[{\"@type\":\"ReadAction\",\"target\":[\"https:\\\/\\\/mediterranean-day-a1.c.wetopi.com\\\/events\\\/concert-2024\"]}]},{\"@type\":\"ImageObject\",\"inLanguage\":\"ca\",\"@id\":\"https:\\\/\\\/mediterranean-day-a1.c.wetopi.com\\\/events\\\/concert-2024#primaryimage\",\"url\":\"https:\\\/\\\/mediterraneanday.com\\\/wp-content\\\/uploads\\\/2024\\\/07\\\/concert-2560x479px_CAT-scaled.jpg\",\"contentUrl\":\"https:\\\/\\\/mediterraneanday.com\\\/wp-content\\\/uploads\\\/2024\\\/07\\\/concert-2560x479px_CAT-scaled.jpg\"},{\"@type\":\"BreadcrumbList\",\"@id\":\"https:\\\/\\\/mediterranean-day-a1.c.wetopi.com\\\/events\\\/concert-2024#breadcrumb\",\"itemListElement\":[{\"@type\":\"ListItem\",\"position\":1,\"name\":\"Home\",\"item\":\"https:\\\/\\\/mediterraneanday.com\\\/\"},{\"@type\":\"ListItem\",\"position\":2,\"name\":\"Events\",\"item\":\"https:\\\/\\\/mediterranean-day-a1.c.wetopi.com\\\/it\\\/events\"},{\"@type\":\"ListItem\",\"position\":3,\"name\":\"Concert Day of the Mediterranean\"}]},{\"@type\":\"WebSite\",\"@id\":\"https:\\\/\\\/mediterranean-day-a1.c.wetopi.com\\\/#website\",\"url\":\"https:\\\/\\\/mediterranean-day-a1.c.wetopi.com\\\/\",\"name\":\"Mediterranean Day\",\"description\":\"Celebrating the Mediterranean\",\"publisher\":{\"@id\":\"https:\\\/\\\/mediterranean-day-a1.c.wetopi.com\\\/#organization\"},\"potentialAction\":[{\"@type\":\"SearchAction\",\"target\":{\"@type\":\"EntryPoint\",\"urlTemplate\":\"https:\\\/\\\/mediterranean-day-a1.c.wetopi.com\\\/?s={search_term_string}\"},\"query-input\":{\"@type\":\"PropertyValueSpecification\",\"valueRequired\":true,\"valueName\":\"search_term_string\"}}],\"inLanguage\":\"ca\"},{\"@type\":\"Organization\",\"@id\":\"https:\\\/\\\/mediterranean-day-a1.c.wetopi.com\\\/#organization\",\"name\":\"Mediterranean Day\",\"url\":\"https:\\\/\\\/mediterranean-day-a1.c.wetopi.com\\\/\",\"logo\":{\"@type\":\"ImageObject\",\"inLanguage\":\"ca\",\"@id\":\"https:\\\/\\\/mediterranean-day-a1.c.wetopi.com\\\/#\\\/schema\\\/logo\\\/image\\\/\",\"url\":\"https:\\\/\\\/mediterraneanday.com\\\/wp-content\\\/uploads\\\/2020\\\/11\\\/med-day-logo.svg\",\"contentUrl\":\"https:\\\/\\\/mediterraneanday.com\\\/wp-content\\\/uploads\\\/2020\\\/11\\\/med-day-logo.svg\",\"width\":1004,\"height\":866,\"caption\":\"Mediterranean Day\"},\"image\":{\"@id\":\"https:\\\/\\\/mediterranean-day-a1.c.wetopi.com\\\/#\\\/schema\\\/logo\\\/image\\\/\"}}]}<\/script>\n<!-- \/ Yoast SEO Premium plugin. -->","yoast_head_json":{"title":"Concert Day of the Mediterranean - Mediterranean Day","robots":{"index":"index","follow":"follow","max-snippet":"max-snippet:-1","max-image-preview":"max-image-preview:large","max-video-preview":"max-video-preview:-1"},"canonical":"https:\/\/mediterranean-day-a1.c.wetopi.com\/events\/concert-2024","og_locale":"ca_ES","og_type":"article","og_title":"Concert Day of the Mediterranean","og_description":"Concert del Dia de la Mediterr\u00e0nia a Barcelona \ufeff ARTISTES Jordi Savall y Orpheus 21 Formaci\u00f3 musical dirigida per Savall, Orpheus 21 est\u00e0 integrada per m\u00fasics refugiats a Europa procedents de diversos pa\u00efsos. Interpretaran m\u00e9s de vint peces musicals entre can\u00e7ons tradicionals, danses i cants, procedents de la rica tradici\u00f3 musical hist\u00f2rica del Mediterrani. Athrodeel ... Llegiu m\u00e9s","og_url":"https:\/\/mediterranean-day-a1.c.wetopi.com\/events\/concert-2024","og_site_name":"Mediterranean Day","article_modified_time":"2024-12-02T09:35:10+00:00","og_image":[{"width":2560,"height":479,"url":"https:\/\/mediterraneanday.com\/wp-content\/uploads\/2024\/07\/concert-2560x479px_CAT-scaled.jpg","type":"image\/jpeg"}],"twitter_card":"summary_large_image","twitter_misc":{"Temps estimat de lectura":"5 minuts"},"schema":{"@context":"https:\/\/schema.org","@graph":[{"@type":"WebPage","@id":"https:\/\/mediterranean-day-a1.c.wetopi.com\/events\/concert-2024","url":"https:\/\/mediterranean-day-a1.c.wetopi.com\/events\/concert-2024","name":"Concert Day of the Mediterranean - Mediterranean Day","isPartOf":{"@id":"https:\/\/mediterranean-day-a1.c.wetopi.com\/#website"},"primaryImageOfPage":{"@id":"https:\/\/mediterranean-day-a1.c.wetopi.com\/events\/concert-2024#primaryimage"},"image":{"@id":"https:\/\/mediterranean-day-a1.c.wetopi.com\/events\/concert-2024#primaryimage"},"thumbnailUrl":"https:\/\/mediterraneanday.com\/wp-content\/uploads\/2024\/07\/concert-2560x479px_CAT-scaled.jpg","datePublished":"2024-07-16T14:11:35+00:00","dateModified":"2024-12-02T09:35:10+00:00","breadcrumb":{"@id":"https:\/\/mediterranean-day-a1.c.wetopi.com\/events\/concert-2024#breadcrumb"},"inLanguage":"ca","potentialAction":[{"@type":"ReadAction","target":["https:\/\/mediterranean-day-a1.c.wetopi.com\/events\/concert-2024"]}]},{"@type":"ImageObject","inLanguage":"ca","@id":"https:\/\/mediterranean-day-a1.c.wetopi.com\/events\/concert-2024#primaryimage","url":"https:\/\/mediterraneanday.com\/wp-content\/uploads\/2024\/07\/concert-2560x479px_CAT-scaled.jpg","contentUrl":"https:\/\/mediterraneanday.com\/wp-content\/uploads\/2024\/07\/concert-2560x479px_CAT-scaled.jpg"},{"@type":"BreadcrumbList","@id":"https:\/\/mediterranean-day-a1.c.wetopi.com\/events\/concert-2024#breadcrumb","itemListElement":[{"@type":"ListItem","position":1,"name":"Home","item":"https:\/\/mediterraneanday.com\/"},{"@type":"ListItem","position":2,"name":"Events","item":"https:\/\/mediterranean-day-a1.c.wetopi.com\/it\/events"},{"@type":"ListItem","position":3,"name":"Concert Day of the Mediterranean"}]},{"@type":"WebSite","@id":"https:\/\/mediterranean-day-a1.c.wetopi.com\/#website","url":"https:\/\/mediterranean-day-a1.c.wetopi.com\/","name":"Mediterranean Day","description":"Celebrating the Mediterranean","publisher":{"@id":"https:\/\/mediterranean-day-a1.c.wetopi.com\/#organization"},"potentialAction":[{"@type":"SearchAction","target":{"@type":"EntryPoint","urlTemplate":"https:\/\/mediterranean-day-a1.c.wetopi.com\/?s={search_term_string}"},"query-input":{"@type":"PropertyValueSpecification","valueRequired":true,"valueName":"search_term_string"}}],"inLanguage":"ca"},{"@type":"Organization","@id":"https:\/\/mediterranean-day-a1.c.wetopi.com\/#organization","name":"Mediterranean Day","url":"https:\/\/mediterranean-day-a1.c.wetopi.com\/","logo":{"@type":"ImageObject","inLanguage":"ca","@id":"https:\/\/mediterranean-day-a1.c.wetopi.com\/#\/schema\/logo\/image\/","url":"https:\/\/mediterraneanday.com\/wp-content\/uploads\/2020\/11\/med-day-logo.svg","contentUrl":"https:\/\/mediterraneanday.com\/wp-content\/uploads\/2020\/11\/med-day-logo.svg","width":1004,"height":866,"caption":"Mediterranean Day"},"image":{"@id":"https:\/\/mediterranean-day-a1.c.wetopi.com\/#\/schema\/logo\/image\/"}}]}},"_links":{"self":[{"href":"https:\/\/mediterraneanday.com\/ca\/wp-json\/wp\/v2\/events\/25041","targetHints":{"allow":["GET"]}}],"collection":[{"href":"https:\/\/mediterraneanday.com\/ca\/wp-json\/wp\/v2\/events"}],"about":[{"href":"https:\/\/mediterraneanday.com\/ca\/wp-json\/wp\/v2\/types\/events"}],"version-history":[{"count":10,"href":"https:\/\/mediterraneanday.com\/ca\/wp-json\/wp\/v2\/events\/25041\/revisions"}],"predecessor-version":[{"id":26114,"href":"https:\/\/mediterraneanday.com\/ca\/wp-json\/wp\/v2\/events\/25041\/revisions\/26114"}],"wp:attachment":[{"href":"https:\/\/mediterraneanday.com\/ca\/wp-json\/wp\/v2\/media?parent=25041"}],"wp:term":[{"taxonomy":"event-category","embeddable":true,"href":"https:\/\/mediterraneanday.com\/ca\/wp-json\/wp\/v2\/event-category?post=25041"},{"taxonomy":"city","embeddable":true,"href":"https:\/\/mediterraneanday.com\/ca\/wp-json\/wp\/v2\/city?post=25041"},{"taxonomy":"state","embeddable":true,"href":"https:\/\/mediterraneanday.com\/ca\/wp-json\/wp\/v2\/state?post=25041"},{"taxonomy":"country","embeddable":true,"href":"https:\/\/mediterraneanday.com\/ca\/wp-json\/wp\/v2\/country?post=25041"}],"curies":[{"name":"wp","href":"https:\/\/api.w.org\/{rel}","templated":true}]}}