{"id":10103,"date":"2021-11-26T12:31:11","date_gmt":"2021-11-26T12:31:11","guid":{"rendered":"https:\/\/mediterraneanday.com\/events\/6th-regional-forum-of-the-union-for-the-mediterranean"},"modified":"2021-11-26T12:48:22","modified_gmt":"2021-11-26T12:48:22","slug":"6th-regional-forum-of-the-union-for-the-mediterranean","status":"publish","type":"events","link":"https:\/\/mediterraneanday.com\/fr\/events\/6th-regional-forum-of-the-union-for-the-mediterranean","title":{"rendered":"6th Regional Forum of the Union for the Mediterranean"},"content":{"rendered":"\t\t<div data-elementor-type=\"wp-post\" data-elementor-id=\"10103\" class=\"elementor elementor-10103\" data-elementor-post-type=\"events\">\n\t\t\t\t\t\t<section class=\"elementor-section elementor-top-section elementor-element elementor-element-e838761 elementor-section-stretched elementor-section-boxed elementor-section-height-default elementor-section-height-default\" data-id=\"e838761\" data-element_type=\"section\" data-e-type=\"section\" data-settings=\"{&quot;stretch_section&quot;:&quot;section-stretched&quot;,&quot;background_background&quot;:&quot;classic&quot;}\">\n\t\t\t\t\t\t<div class=\"elementor-container elementor-column-gap-default\">\n\t\t\t\t\t<div class=\"elementor-column elementor-col-33 elementor-top-column elementor-element elementor-element-dc2ff31\" data-id=\"dc2ff31\" data-element_type=\"column\" data-e-type=\"column\">\n\t\t\t<div class=\"elementor-widget-wrap\">\n\t\t\t\t\t\t\t<\/div>\n\t\t<\/div>\n\t\t\t\t<div class=\"elementor-column elementor-col-33 elementor-top-column elementor-element elementor-element-ebbf5bb\" data-id=\"ebbf5bb\" data-element_type=\"column\" data-e-type=\"column\">\n\t\t\t<div class=\"elementor-widget-wrap elementor-element-populated\">\n\t\t\t\t\t\t<div class=\"elementor-element elementor-element-d0eb51c elementor-widget elementor-widget-heading\" data-id=\"d0eb51c\" data-element_type=\"widget\" data-e-type=\"widget\" data-widget_type=\"heading.default\">\n\t\t\t\t<div class=\"elementor-widget-container\">\n\t\t\t\t\t<h1 class=\"elementor-heading-title elementor-size-default\">Journ\u00e9e de la M\u00e9diterran\u00e9e: 6\u00e8me Forum R\u00e9gional de l\u2019UpM<\/h1>\t\t\t\t<\/div>\n\t\t\t\t<\/div>\n\t\t\t\t\t<\/div>\n\t\t<\/div>\n\t\t\t\t<div class=\"elementor-column elementor-col-33 elementor-top-column elementor-element elementor-element-2c4e602\" data-id=\"2c4e602\" data-element_type=\"column\" data-e-type=\"column\">\n\t\t\t<div class=\"elementor-widget-wrap\">\n\t\t\t\t\t\t\t<\/div>\n\t\t<\/div>\n\t\t\t\t\t<\/div>\n\t\t<\/section>\n\t\t\t\t<section class=\"elementor-section elementor-top-section elementor-element elementor-element-0919b0b elementor-section-full_width elementor-section-height-default elementor-section-height-default\" data-id=\"0919b0b\" data-element_type=\"section\" data-e-type=\"section\" data-settings=\"{&quot;background_background&quot;:&quot;classic&quot;}\">\n\t\t\t\t\t\t<div class=\"elementor-container elementor-column-gap-default\">\n\t\t\t\t\t<div class=\"elementor-column elementor-col-33 elementor-top-column elementor-element elementor-element-c730a94\" data-id=\"c730a94\" data-element_type=\"column\" data-e-type=\"column\">\n\t\t\t<div class=\"elementor-widget-wrap\">\n\t\t\t\t\t\t\t<\/div>\n\t\t<\/div>\n\t\t\t\t<div class=\"elementor-column elementor-col-33 elementor-top-column elementor-element elementor-element-627adf5\" data-id=\"627adf5\" data-element_type=\"column\" data-e-type=\"column\">\n\t\t\t<div class=\"elementor-widget-wrap elementor-element-populated\">\n\t\t\t\t\t\t<div class=\"elementor-element elementor-element-5e0667d elementor-widget__width-auto elementor-widget elementor-widget-text-editor\" data-id=\"5e0667d\" data-element_type=\"widget\" data-e-type=\"widget\" data-widget_type=\"text-editor.default\">\n\t\t\t\t<div class=\"elementor-widget-container\">\n\t\t\t\t\t\t\t\t\t<a href=\"#campaign\">Rejoignez notre campagne en ligne<\/a>\t\t\t\t\t\t\t\t<\/div>\n\t\t\t\t<\/div>\n\t\t\t\t<div class=\"elementor-element elementor-element-25d885e elementor-widget__width-auto elementor-widget elementor-widget-text-editor\" data-id=\"25d885e\" data-element_type=\"widget\" data-e-type=\"widget\" data-widget_type=\"text-editor.default\">\n\t\t\t\t<div class=\"elementor-widget-container\">\n\t\t\t\t\t\t\t\t\t<a href=\"#side\">Side Event<\/a>\t\t\t\t\t\t\t\t<\/div>\n\t\t\t\t<\/div>\n\t\t\t\t<div class=\"elementor-element elementor-element-041debe elementor-widget__width-auto elementor-widget elementor-widget-text-editor\" data-id=\"041debe\" data-element_type=\"widget\" data-e-type=\"widget\" data-widget_type=\"text-editor.default\">\n\t\t\t\t<div class=\"elementor-widget-container\">\n\t\t\t\t\t\t\t\t\t<a href=\"#presscorner\">Espace presse<\/a>\t\t\t\t\t\t\t\t<\/div>\n\t\t\t\t<\/div>\n\t\t\t\t\t<\/div>\n\t\t<\/div>\n\t\t\t\t<div class=\"elementor-column elementor-col-33 elementor-top-column elementor-element elementor-element-7ab79db\" data-id=\"7ab79db\" data-element_type=\"column\" data-e-type=\"column\">\n\t\t\t<div class=\"elementor-widget-wrap\">\n\t\t\t\t\t\t\t<\/div>\n\t\t<\/div>\n\t\t\t\t\t<\/div>\n\t\t<\/section>\n\t\t\t\t<section class=\"elementor-section elementor-top-section elementor-element elementor-element-d2e8b8b elementor-section-full_width elementor-section-stretched elementor-section-height-default elementor-section-height-default\" data-id=\"d2e8b8b\" data-element_type=\"section\" data-e-type=\"section\" id=\"general\" data-settings=\"{&quot;stretch_section&quot;:&quot;section-stretched&quot;}\">\n\t\t\t\t\t\t<div class=\"elementor-container elementor-column-gap-default\">\n\t\t\t\t\t<div class=\"elementor-column elementor-col-33 elementor-top-column elementor-element elementor-element-95d8e9c\" data-id=\"95d8e9c\" data-element_type=\"column\" data-e-type=\"column\">\n\t\t\t<div class=\"elementor-widget-wrap\">\n\t\t\t\t\t\t\t<\/div>\n\t\t<\/div>\n\t\t\t\t<div class=\"elementor-column elementor-col-33 elementor-top-column elementor-element elementor-element-2153eac\" data-id=\"2153eac\" data-element_type=\"column\" data-e-type=\"column\">\n\t\t\t<div class=\"elementor-widget-wrap elementor-element-populated\">\n\t\t\t\t\t\t\t<\/div>\n\t\t<\/div>\n\t\t\t\t<div class=\"elementor-column elementor-col-33 elementor-top-column elementor-element elementor-element-8225436\" data-id=\"8225436\" data-element_type=\"column\" data-e-type=\"column\">\n\t\t\t<div class=\"elementor-widget-wrap\">\n\t\t\t\t\t\t\t<\/div>\n\t\t<\/div>\n\t\t\t\t\t<\/div>\n\t\t<\/section>\n\t\t\t\t<section class=\"elementor-section elementor-top-section elementor-element elementor-element-d067473 elementor-section-full_width elementor-section-stretched elementor-section-height-default elementor-section-height-default\" data-id=\"d067473\" data-element_type=\"section\" data-e-type=\"section\" data-settings=\"{&quot;stretch_section&quot;:&quot;section-stretched&quot;}\">\n\t\t\t\t\t\t<div class=\"elementor-container elementor-column-gap-default\">\n\t\t\t\t\t<div class=\"elementor-column elementor-col-25 elementor-top-column elementor-element elementor-element-e4fe19c\" data-id=\"e4fe19c\" data-element_type=\"column\" data-e-type=\"column\">\n\t\t\t<div class=\"elementor-widget-wrap\">\n\t\t\t\t\t\t\t<\/div>\n\t\t<\/div>\n\t\t\t\t<div class=\"elementor-column elementor-col-25 elementor-top-column elementor-element elementor-element-fe22c79\" data-id=\"fe22c79\" data-element_type=\"column\" data-e-type=\"column\">\n\t\t\t<div class=\"elementor-widget-wrap elementor-element-populated\">\n\t\t\t\t\t\t<div class=\"elementor-element elementor-element-96e1271 elementor-widget elementor-widget-text-editor\" data-id=\"96e1271\" data-element_type=\"widget\" data-e-type=\"widget\" data-widget_type=\"text-editor.default\">\n\t\t\t\t<div class=\"elementor-widget-container\">\n\t\t\t\t\t\t\t\t\t<div class=\"vc_span6 wpb_column vc_column_container \"><div class=\"vc_column-inner \"><div class=\"wpb_wrapper\"><div class=\"wpb_text_column wpb_content_element \"><div id=\"ct_jpejb4w6o14b8oq2amgs\" class=\"wpb_wrapper\"><p>Le 6e Forum R\u00e9gional de l\u2019Union pour la M\u00e9diterran\u00e9e (UpM) aura lieu le 29 novembre 2021 \u00e0 Barcelone, en Espagne, dans le cadre des c\u00e9l\u00e9brations de la premi\u00e8re\u00a0<a title=\"https:\/\/mediterraneanday.com\/\" href=\"https:\/\/mediterraneanday.com\/fr\" target=\"_blank\" rel=\"noopener noreferrer\" data-auth=\"NotApplicable\" data-linkindex=\"2\">Journ\u00e9e de la M\u00e9diterran\u00e9e<\/a>.<\/p><p>Le Forum dirig\u00e9 para la copr\u00e9sidence de l\u2019UpM, sera pr\u00e9sid\u00e9 conjointement par Ayman Safadi, Ministre des Affaires \u00e9trang\u00e8res du Royaume hach\u00e9mite de Jordanie et par Josep Borrell, Haut repr\u00e9sentant de l\u2019UE pour les Affaires \u00e9trang\u00e8res et la politique de s\u00e9curit\u00e9 et Vice-Pr\u00e9sident de la Commission europ\u00e9enne.<\/p><\/div><\/div><\/div><\/div><\/div>\t\t\t\t\t\t\t\t<\/div>\n\t\t\t\t<\/div>\n\t\t\t\t\t<\/div>\n\t\t<\/div>\n\t\t\t\t<div class=\"elementor-column elementor-col-25 elementor-top-column elementor-element elementor-element-d062357\" data-id=\"d062357\" data-element_type=\"column\" data-e-type=\"column\">\n\t\t\t<div class=\"elementor-widget-wrap elementor-element-populated\">\n\t\t\t\t\t\t<div class=\"elementor-element elementor-element-d9eda53 elementor-widget elementor-widget-text-editor\" data-id=\"d9eda53\" data-element_type=\"widget\" data-e-type=\"widget\" data-widget_type=\"text-editor.default\">\n\t\t\t\t<div class=\"elementor-widget-container\">\n\t\t\t\t\t\t\t\t\t<div class=\"vc_span6 wpb_column vc_column_container \"><div class=\"vc_column-inner \"><div class=\"wpb_wrapper\"><div class=\"wpb_text_column wpb_content_element \"><div id=\"ct_jpejb4w6o14b8oq2amgs\" class=\"wpb_wrapper\"><p><i>\u00a0<\/i>L\u2019\u00e9v\u00e8nement accueillera les Ministres des Affaires \u00e9trang\u00e8res des 42 \u00e9tats membres de l\u2019UpM, qui participeront, le jour m\u00eame, \u00e0 Barcelone, \u00e0 une r\u00e9union Minist\u00e9rielle Union europ\u00e9enne-voisinage m\u00e9ridional afin d\u2019\u00e9valuer les progr\u00e8s accomplis dans la mise en \u0153uvre du nouvel Agenda europ\u00e9en pour la M\u00e9diterran\u00e9e.<\/p><\/div><\/div><\/div><\/div><\/div>\t\t\t\t\t\t\t\t<\/div>\n\t\t\t\t<\/div>\n\t\t\t\t<div class=\"elementor-element elementor-element-f8c946f elementor-widget elementor-widget-image\" data-id=\"f8c946f\" data-element_type=\"widget\" data-e-type=\"widget\" data-widget_type=\"image.default\">\n\t\t\t\t<div class=\"elementor-widget-container\">\n\t\t\t\t\t\t\t\t\t\t\t\t\t\t\t\t<a href=\"https:\/\/mediterraneanday.com\/events\/6th-regional-forum-of-the-union-for-the-mediterranean#campaign\">\n\t\t\t\t\t\t\t<img fetchpriority=\"high\" decoding=\"async\" width=\"900\" height=\"237\" src=\"https:\/\/mediterraneanday.com\/wp-content\/uploads\/2021\/10\/fr_gIF.gif\" class=\"attachment-large size-large wp-image-10245\" alt=\"\" \/>\t\t\t\t\t\t\t\t<\/a>\n\t\t\t\t\t\t\t\t\t\t\t\t\t\t\t<\/div>\n\t\t\t\t<\/div>\n\t\t\t\t\t<\/div>\n\t\t<\/div>\n\t\t\t\t<div class=\"elementor-column elementor-col-25 elementor-top-column elementor-element elementor-element-0db23a0\" data-id=\"0db23a0\" data-element_type=\"column\" data-e-type=\"column\">\n\t\t\t<div class=\"elementor-widget-wrap\">\n\t\t\t\t\t\t\t<\/div>\n\t\t<\/div>\n\t\t\t\t\t<\/div>\n\t\t<\/section>\n\t\t\t\t<section class=\"elementor-section elementor-top-section elementor-element elementor-element-4ad1456 elementor-section-full_width elementor-section-stretched elementor-section-height-default elementor-section-height-default\" data-id=\"4ad1456\" data-element_type=\"section\" data-e-type=\"section\" id=\"side\" data-settings=\"{&quot;stretch_section&quot;:&quot;section-stretched&quot;,&quot;background_background&quot;:&quot;classic&quot;}\">\n\t\t\t\t\t\t<div class=\"elementor-container elementor-column-gap-default\">\n\t\t\t\t\t<div class=\"elementor-column elementor-col-25 elementor-top-column elementor-element elementor-element-6236e7b\" data-id=\"6236e7b\" data-element_type=\"column\" data-e-type=\"column\">\n\t\t\t<div class=\"elementor-widget-wrap\">\n\t\t\t\t\t\t\t<\/div>\n\t\t<\/div>\n\t\t\t\t<div class=\"elementor-column elementor-col-25 elementor-top-column elementor-element elementor-element-94b6397\" data-id=\"94b6397\" data-element_type=\"column\" data-e-type=\"column\">\n\t\t\t<div class=\"elementor-widget-wrap elementor-element-populated\">\n\t\t\t\t\t\t<div class=\"elementor-element elementor-element-25cdf7a elementor-widget elementor-widget-heading\" data-id=\"25cdf7a\" data-element_type=\"widget\" data-e-type=\"widget\" data-widget_type=\"heading.default\">\n\t\t\t\t<div class=\"elementor-widget-container\">\n\t\t\t\t\t<h2 class=\"elementor-heading-title elementor-size-default\">\u00c9v\u00e9nement en paral\u00e8le<\/h2>\t\t\t\t<\/div>\n\t\t\t\t<\/div>\n\t\t\t\t<div class=\"elementor-element elementor-element-48806ff elementor-widget elementor-widget-text-editor\" data-id=\"48806ff\" data-element_type=\"widget\" data-e-type=\"widget\" data-widget_type=\"text-editor.default\">\n\t\t\t\t<div class=\"elementor-widget-container\">\n\t\t\t\t\t\t\t\t\t<div class=\"wpb_text_column wpb_content_element  \"><div id=\"ct_0t24ngfl5avx3sp5pdsz\" class=\"wpb_wrapper\"><p>\u00c0 l\u2019occasion du Forum R\u00e9gional, l\u2019UpM organisera \u00e9galement un \u00e9v\u00e9nement en parall\u00e8le pour mettre en avant les principaux points \u00e0 retenir de la\u00a0<a href=\"https:\/\/ufmsecretariat.org\/regionalintegration\" target=\"_blank\" rel=\"noopener\">premi\u00e8re \u00e9dition de son rapport sur l\u2019int\u00e9gration r\u00e9gionale<\/a>.\u00a0Cet \u00e9v\u00e8nement vise \u00e0 d\u00e9finir le modus operandi des activit\u00e9s futures de l\u2019UpM et de ses \u00c9tats membres sur la promotion de l\u2019int\u00e9gration r\u00e9gionale \u00e9conomique des prochaines ann\u00e9es.<\/p><p>Le rapport, commissionn\u00e9 par l\u2019UpM et pr\u00e9par\u00e9e par l\u2019OCDE, fournit des conclusions cl\u00e9s et des recommandations politiques dans les domaines du commerce, des finances, des infrastructures, de la circulation des personnes, de la recherche et de l\u2019enseignement sup\u00e9rieur.<\/p><\/div><\/div><div class=\"wpb_text_column wpb_content_element  \"><div id=\"ct_p5yxmzwq669plo7es7xk\" class=\"wpb_wrapper\"><p>L\u2019\u00e9v\u00e9nement parall\u00e8le de l\u2019UpM sur l\u2019int\u00e9gration r\u00e9gionale aura lieu le 29 novembre \u00e0 9h30 \u00e0 l\u2019H\u00f4tel W de Barcelone, et sera \u00e9galement diffus\u00e9 en direct en ligne. Si vous souhaitez le suivre en ligne, veuillez remplir le formulaire d\u2019inscription ci-dessous.<\/p><\/div><\/div><div id=\"b_zcysarsviazbzhz0jvec\" class=\"ta_left tf_btn_pos\">\u00a0<\/div>\t\t\t\t\t\t\t\t<\/div>\n\t\t\t\t<\/div>\n\t\t\t\t<div class=\"elementor-element elementor-element-eacaa5b elementor-align-center elementor-widget elementor-widget-button\" data-id=\"eacaa5b\" data-element_type=\"widget\" data-e-type=\"widget\" data-widget_type=\"button.default\">\n\t\t\t\t<div class=\"elementor-widget-container\">\n\t\t\t\t\t\t\t\t\t<div class=\"elementor-button-wrapper\">\n\t\t\t\t\t<a class=\"elementor-button elementor-button-link elementor-size-sm\" href=\"https:\/\/ufmsecretariat.org\/form-side-event-regional-forum-2021\/\">\n\t\t\t\t\t\t<span class=\"elementor-button-content-wrapper\">\n\t\t\t\t\t\t\t\t\t<span class=\"elementor-button-text\">S'inscrire<\/span>\n\t\t\t\t\t<\/span>\n\t\t\t\t\t<\/a>\n\t\t\t\t<\/div>\n\t\t\t\t\t\t\t\t<\/div>\n\t\t\t\t<\/div>\n\t\t\t\t\t<\/div>\n\t\t<\/div>\n\t\t\t\t<div class=\"elementor-column elementor-col-25 elementor-top-column elementor-element elementor-element-1dd1b0e\" data-id=\"1dd1b0e\" data-element_type=\"column\" data-e-type=\"column\">\n\t\t\t<div class=\"elementor-widget-wrap elementor-element-populated\">\n\t\t\t\t\t\t<div class=\"elementor-element elementor-element-e1274b6 elementor-widget elementor-widget-video\" data-id=\"e1274b6\" data-element_type=\"widget\" data-e-type=\"widget\" data-settings=\"{&quot;youtube_url&quot;:&quot;https:\\\/\\\/www.youtube.com\\\/watch?v=PO8kqIH-yUw&quot;,&quot;video_type&quot;:&quot;youtube&quot;,&quot;controls&quot;:&quot;yes&quot;}\" data-widget_type=\"video.default\">\n\t\t\t\t<div class=\"elementor-widget-container\">\n\t\t\t\t\t\t\t<div class=\"elementor-wrapper elementor-open-inline\">\n\t\t\t<div class=\"elementor-video\"><\/div>\t\t<\/div>\n\t\t\t\t\t\t<\/div>\n\t\t\t\t<\/div>\n\t\t\t\t\t<\/div>\n\t\t<\/div>\n\t\t\t\t<div class=\"elementor-column elementor-col-25 elementor-top-column elementor-element elementor-element-9e5ebec\" data-id=\"9e5ebec\" data-element_type=\"column\" data-e-type=\"column\">\n\t\t\t<div class=\"elementor-widget-wrap\">\n\t\t\t\t\t\t\t<\/div>\n\t\t<\/div>\n\t\t\t\t\t<\/div>\n\t\t<\/section>\n\t\t\t\t<section class=\"elementor-section elementor-top-section elementor-element elementor-element-9ce85b3 elementor-section-full_width elementor-section-stretched elementor-section-height-default elementor-section-height-default\" data-id=\"9ce85b3\" data-element_type=\"section\" data-e-type=\"section\" id=\"campaign\" data-settings=\"{&quot;stretch_section&quot;:&quot;section-stretched&quot;,&quot;background_background&quot;:&quot;classic&quot;}\">\n\t\t\t\t\t\t<div class=\"elementor-container elementor-column-gap-extended\">\n\t\t\t\t\t<div class=\"elementor-column elementor-col-25 elementor-top-column elementor-element elementor-element-697aebf elementor-hidden-tablet elementor-hidden-phone\" data-id=\"697aebf\" data-element_type=\"column\" data-e-type=\"column\">\n\t\t\t<div class=\"elementor-widget-wrap\">\n\t\t\t\t\t\t\t<\/div>\n\t\t<\/div>\n\t\t\t\t<div class=\"elementor-column elementor-col-25 elementor-top-column elementor-element elementor-element-50a4074\" data-id=\"50a4074\" data-element_type=\"column\" data-e-type=\"column\">\n\t\t\t<div class=\"elementor-widget-wrap elementor-element-populated\">\n\t\t\t\t\t\t<div class=\"elementor-element elementor-element-555540d elementor-skin-slideshow elementor-arrows-yes elementor-widget elementor-widget-media-carousel\" data-id=\"555540d\" data-element_type=\"widget\" data-e-type=\"widget\" data-settings=\"{&quot;skin&quot;:&quot;slideshow&quot;,&quot;slideshow_slides_per_view&quot;:&quot;3&quot;,&quot;effect&quot;:&quot;slide&quot;,&quot;show_arrows&quot;:&quot;yes&quot;,&quot;speed&quot;:500,&quot;loop&quot;:&quot;yes&quot;,&quot;space_between&quot;:{&quot;unit&quot;:&quot;px&quot;,&quot;size&quot;:10,&quot;sizes&quot;:[]},&quot;space_between_tablet&quot;:{&quot;unit&quot;:&quot;px&quot;,&quot;size&quot;:10,&quot;sizes&quot;:[]},&quot;space_between_mobile&quot;:{&quot;unit&quot;:&quot;px&quot;,&quot;size&quot;:10,&quot;sizes&quot;:[]}}\" data-widget_type=\"media-carousel.default\">\n\t\t\t\t<div class=\"elementor-widget-container\">\n\t\t\t\t\t\t\t\t\t<div class=\"elementor-swiper\">\n\t\t\t\t\t<div class=\"elementor-main-swiper swiper\" role=\"region\" aria-roledescription=\"carousel\" aria-label=\"Diapositives\">\n\t\t\t\t<div class=\"swiper-wrapper\">\n\t\t\t\t\t\t\t\t\t\t\t<div class=\"swiper-slide\" role=\"group\" aria-roledescription=\"slide\">\n\t\t\t\t\t\t\t<a href=\"https:\/\/mediterraneanday.com\/wp-content\/uploads\/2021\/10\/teaser-fr-scaled.jpg\" data-elementor-open-lightbox=\"yes\" data-elementor-lightbox-slideshow=\"555540d\" data-elementor-lightbox-title=\"teaser-fr\" data-e-action-hash=\"#elementor-action%3Aaction%3Dlightbox%26settings%3DeyJpZCI6NjU3OCwidXJsIjoiaHR0cHM6XC9cL21lZGl0ZXJyYW5lYW5kYXkuY29tXC93cC1jb250ZW50XC91cGxvYWRzXC8yMDIxXC8xMFwvdGVhc2VyLWZyLXNjYWxlZC5qcGciLCJzbGlkZXNob3ciOiI1NTU1NDBkIn0%3D\" data-elementor-lightbox-video=\"https:\/\/www.youtube.com\/embed\/km671VIcfIc?feature=oembed&amp;autoplay=1&amp;rel=0&amp;controls=0\">\t\t<div class=\"elementor-carousel-image\" role=\"img\" aria-label=\"teaser-fr\" style=\"background-image: url(&#039;https:\/\/mediterraneanday.com\/wp-content\/uploads\/2021\/10\/teaser-fr-scaled.jpg&#039;)\">\n\n\t\t\t\n\t\t\t\t\t\t\t<div class=\"elementor-custom-embed-play\">\n\t\t\t\t\t<i aria-hidden=\"true\" class=\"eicon-play\"><\/i>\t\t\t\t\t<span class=\"elementor-screen-only\">Lire<\/span>\n\t\t\t\t<\/div>\n\t\t\t\t\t<\/div>\n\t\t<\/a>\t\t\t\t\t\t<\/div>\n\t\t\t\t\t\t\t\t\t\t\t<div class=\"swiper-slide\" role=\"group\" aria-roledescription=\"slide\">\n\t\t\t\t\t\t\t<a href=\"https:\/\/mediterraneanday.com\/wp-content\/uploads\/2021\/07\/Captura-de-pantalla-2021-07-02-a-las-11.56.57-2.png\" data-elementor-open-lightbox=\"yes\" data-elementor-lightbox-slideshow=\"555540d\" data-elementor-lightbox-title=\"Captura de pantalla 2021-07-02 a las 11.56.57 (2)\" data-e-action-hash=\"#elementor-action%3Aaction%3Dlightbox%26settings%3DeyJpZCI6MjU3NCwidXJsIjoiaHR0cHM6XC9cL21lZGl0ZXJyYW5lYW5kYXkuY29tXC93cC1jb250ZW50XC91cGxvYWRzXC8yMDIxXC8wN1wvQ2FwdHVyYS1kZS1wYW50YWxsYS0yMDIxLTA3LTAyLWEtbGFzLTExLjU2LjU3LTIucG5nIiwic2xpZGVzaG93IjoiNTU1NTQwZCJ9\" data-elementor-lightbox-video=\"https:\/\/www.youtube.com\/embed\/gOjW-hempfI?feature=oembed&amp;autoplay=1&amp;rel=0&amp;controls=0\">\t\t<div class=\"elementor-carousel-image\" role=\"img\" aria-label=\"Captura de pantalla 2021-07-02 a las 11.56.57 (2)\" style=\"background-image: url(&#039;https:\/\/mediterraneanday.com\/wp-content\/uploads\/2021\/07\/Captura-de-pantalla-2021-07-02-a-las-11.56.57-2.png&#039;)\">\n\n\t\t\t\n\t\t\t\t\t\t\t<div class=\"elementor-custom-embed-play\">\n\t\t\t\t\t<i aria-hidden=\"true\" class=\"eicon-play\"><\/i>\t\t\t\t\t<span class=\"elementor-screen-only\">Lire<\/span>\n\t\t\t\t<\/div>\n\t\t\t\t\t<\/div>\n\t\t<\/a>\t\t\t\t\t\t<\/div>\n\t\t\t\t\t\t\t\t\t\t\t<div class=\"swiper-slide\" role=\"group\" aria-roledescription=\"slide\">\n\t\t\t\t\t\t\t<a href=\"https:\/\/mediterraneanday.com\/wp-content\/uploads\/2021\/07\/Captura-de-pantalla-2021-07-02-a-las-11.57.47-2.png\" data-elementor-open-lightbox=\"yes\" data-elementor-lightbox-slideshow=\"555540d\" data-elementor-lightbox-title=\"Captura de pantalla 2021-07-02 a las 11.57.47 (2)\" data-e-action-hash=\"#elementor-action%3Aaction%3Dlightbox%26settings%3DeyJpZCI6MjU3OCwidXJsIjoiaHR0cHM6XC9cL21lZGl0ZXJyYW5lYW5kYXkuY29tXC93cC1jb250ZW50XC91cGxvYWRzXC8yMDIxXC8wN1wvQ2FwdHVyYS1kZS1wYW50YWxsYS0yMDIxLTA3LTAyLWEtbGFzLTExLjU3LjQ3LTIucG5nIiwic2xpZGVzaG93IjoiNTU1NTQwZCJ9\" data-elementor-lightbox-video=\"https:\/\/www.youtube.com\/embed\/DX7Z06p8aRs?feature=oembed&amp;autoplay=1&amp;rel=0&amp;controls=0\">\t\t<div class=\"elementor-carousel-image\" role=\"img\" aria-label=\"Captura de pantalla 2021-07-02 a las 11.57.47 (2)\" style=\"background-image: url(&#039;https:\/\/mediterraneanday.com\/wp-content\/uploads\/2021\/07\/Captura-de-pantalla-2021-07-02-a-las-11.57.47-2.png&#039;)\">\n\n\t\t\t\n\t\t\t\t\t\t\t<div class=\"elementor-custom-embed-play\">\n\t\t\t\t\t<i aria-hidden=\"true\" class=\"eicon-play\"><\/i>\t\t\t\t\t<span class=\"elementor-screen-only\">Lire<\/span>\n\t\t\t\t<\/div>\n\t\t\t\t\t<\/div>\n\t\t<\/a>\t\t\t\t\t\t<\/div>\n\t\t\t\t\t\t\t\t\t\t\t<div class=\"swiper-slide\" role=\"group\" aria-roledescription=\"slide\">\n\t\t\t\t\t\t\t<a href=\"https:\/\/mediterraneanday.com\/wp-content\/uploads\/2021\/07\/Captura-de-pantalla-2021-07-02-a-las-11.59.47-2.png\" data-elementor-open-lightbox=\"yes\" data-elementor-lightbox-slideshow=\"555540d\" data-elementor-lightbox-title=\"Captura de pantalla 2021-07-02 a las 11.59.47 (2)\" data-e-action-hash=\"#elementor-action%3Aaction%3Dlightbox%26settings%3DeyJpZCI6MjU4MiwidXJsIjoiaHR0cHM6XC9cL21lZGl0ZXJyYW5lYW5kYXkuY29tXC93cC1jb250ZW50XC91cGxvYWRzXC8yMDIxXC8wN1wvQ2FwdHVyYS1kZS1wYW50YWxsYS0yMDIxLTA3LTAyLWEtbGFzLTExLjU5LjQ3LTIucG5nIiwic2xpZGVzaG93IjoiNTU1NTQwZCJ9\" data-elementor-lightbox-video=\"https:\/\/www.youtube.com\/embed\/9VcbQNKV_y0?feature=oembed&amp;autoplay=1&amp;rel=0&amp;controls=0\">\t\t<div class=\"elementor-carousel-image\" role=\"img\" aria-label=\"Captura de pantalla 2021-07-02 a las 11.59.47 (2)\" style=\"background-image: url(&#039;https:\/\/mediterraneanday.com\/wp-content\/uploads\/2021\/07\/Captura-de-pantalla-2021-07-02-a-las-11.59.47-2.png&#039;)\">\n\n\t\t\t\n\t\t\t\t\t\t\t<div class=\"elementor-custom-embed-play\">\n\t\t\t\t\t<i aria-hidden=\"true\" class=\"eicon-play\"><\/i>\t\t\t\t\t<span class=\"elementor-screen-only\">Lire<\/span>\n\t\t\t\t<\/div>\n\t\t\t\t\t<\/div>\n\t\t<\/a>\t\t\t\t\t\t<\/div>\n\t\t\t\t\t\t\t\t\t\t\t<div class=\"swiper-slide\" role=\"group\" aria-roledescription=\"slide\">\n\t\t\t\t\t\t\t<a href=\"https:\/\/www.youtube.com\/watch?v=cXtxcXa_VbI&#038;list=PL66I6Q2O_9mFsV2Ap-ZBnXw3voAlkhf_r&#038;index=8\">\t\t<div class=\"elementor-carousel-image\" role=\"img\" aria-label=\"Captura de pantalla 2021-07-09 a las 9.35.38 (2)\" style=\"background-image: url(&#039;https:\/\/mediterraneanday.com\/wp-content\/uploads\/2021\/07\/Captura-de-pantalla-2021-07-09-a-las-9.35.38-2.png&#039;)\">\n\n\t\t\t\n\t\t\t\t\t<\/div>\n\t\t<\/a>\t\t\t\t\t\t<\/div>\n\t\t\t\t\t\t\t\t\t\t\t<div class=\"swiper-slide\" role=\"group\" aria-roledescription=\"slide\">\n\t\t\t\t\t\t\t<a href=\"https:\/\/www.youtube.com\/watch?v=yBOEYreQK4w&#038;list=PL66I6Q2O_9mFsV2Ap-ZBnXw3voAlkhf_r&#038;index=9\">\t\t<div class=\"elementor-carousel-image\" role=\"img\" aria-label=\"Captura de pantalla 2021-07-09 a las 9.38.40 (2)\" style=\"background-image: url(&#039;https:\/\/mediterraneanday.com\/wp-content\/uploads\/2021\/07\/Captura-de-pantalla-2021-07-09-a-las-9.38.40-2.png&#039;)\">\n\n\t\t\t\n\t\t\t\t\t<\/div>\n\t\t<\/a>\t\t\t\t\t\t<\/div>\n\t\t\t\t\t\t\t\t\t\t\t<div class=\"swiper-slide\" role=\"group\" aria-roledescription=\"slide\">\n\t\t\t\t\t\t\t<a href=\"https:\/\/www.youtube.com\/watch?v=gPtm2mKa7mI&#038;list=PL66I6Q2O_9mFsV2Ap-ZBnXw3voAlkhf_r&#038;index=10\">\t\t<div class=\"elementor-carousel-image\" role=\"img\" aria-label=\"Captura de pantalla 2021-07-09 a las 9.41.46 (2)\" style=\"background-image: url(&#039;https:\/\/mediterraneanday.com\/wp-content\/uploads\/2021\/07\/Captura-de-pantalla-2021-07-09-a-las-9.41.46-2.png&#039;)\">\n\n\t\t\t\n\t\t\t\t\t<\/div>\n\t\t<\/a>\t\t\t\t\t\t<\/div>\n\t\t\t\t\t\t\t\t\t\t\t<div class=\"swiper-slide\" role=\"group\" aria-roledescription=\"slide\">\n\t\t\t\t\t\t\t<a href=\"https:\/\/youtu.be\/3iURphU6t-s\">\t\t<div class=\"elementor-carousel-image\" role=\"img\" aria-label=\"Captura de pantalla 2021-07-30 a las 14.13.32 (2)\" style=\"background-image: url(&#039;https:\/\/mediterraneanday.com\/wp-content\/uploads\/2021\/07\/Captura-de-pantalla-2021-07-30-a-las-14.13.32-2.png&#039;)\">\n\n\t\t\t\n\t\t\t\t\t<\/div>\n\t\t<\/a>\t\t\t\t\t\t<\/div>\n\t\t\t\t\t\t\t\t\t\t\t<div class=\"swiper-slide\" role=\"group\" aria-roledescription=\"slide\">\n\t\t\t\t\t\t\t<a href=\"https:\/\/www.youtube.com\/watch?v=lyNIb4mFsbI\">\t\t<div class=\"elementor-carousel-image\" role=\"img\" aria-label=\"Captura de pantalla 2021-07-30 a las 14.14.03 (2)\" style=\"background-image: url(&#039;https:\/\/mediterraneanday.com\/wp-content\/uploads\/2021\/07\/Captura-de-pantalla-2021-07-30-a-las-14.14.03-2.png&#039;)\">\n\n\t\t\t\n\t\t\t\t\t<\/div>\n\t\t<\/a>\t\t\t\t\t\t<\/div>\n\t\t\t\t\t\t\t\t\t\t\t<div class=\"swiper-slide\" role=\"group\" aria-roledescription=\"slide\">\n\t\t\t\t\t\t\t<a href=\"https:\/\/youtu.be\/OI4zYoOWgsg\">\t\t<div class=\"elementor-carousel-image\" role=\"img\" aria-label=\"Captura de pantalla 2021-07-30 a las 14.19.19 (2)\" style=\"background-image: url(&#039;https:\/\/mediterraneanday.com\/wp-content\/uploads\/2021\/07\/Captura-de-pantalla-2021-07-30-a-las-14.19.19-2.png&#039;)\">\n\n\t\t\t\n\t\t\t\t\t<\/div>\n\t\t<\/a>\t\t\t\t\t\t<\/div>\n\t\t\t\t\t\t\t\t\t<\/div>\n\t\t\t\t\t\t\t\t\t\t\t\t\t\t\t<div class=\"elementor-swiper-button elementor-swiper-button-prev\" role=\"button\" tabindex=\"0\" aria-label=\"Pr\u00e9c\u00e9dent\">\n\t\t\t\t\t\t\t<i aria-hidden=\"true\" class=\"eicon-chevron-left\"><\/i>\t\t\t\t\t\t<\/div>\n\t\t\t\t\t\t<div class=\"elementor-swiper-button elementor-swiper-button-next\" role=\"button\" tabindex=\"0\" aria-label=\"Suivant\">\n\t\t\t\t\t\t\t<i aria-hidden=\"true\" class=\"eicon-chevron-right\"><\/i>\t\t\t\t\t\t<\/div>\n\t\t\t\t\t\t\t\t\t\t\t\t\t\t\t\t\t<\/div>\n\t\t\t\t<\/div>\n\t\t\t\t\t\t\t\t<div class=\"elementor-swiper\">\n\t\t\t\t\t<div class=\"elementor-main-swiper swiper elementor-thumbnails-swiper swiper\" role=\"region region\" aria-roledescription=\"carousel carousel\" aria-label=\"Diapositives Diapositives\">\n\t\t\t\t<div class=\"swiper-wrapper\">\n\t\t\t\t\t\t\t\t\t\t\t<div class=\"swiper-slide\" role=\"group\" aria-roledescription=\"slide\">\n\t\t\t\t\t\t\t\t\t<div class=\"elementor-carousel-image\" role=\"img\" aria-label=\"teaser-fr\" style=\"background-image: url(&#039;https:\/\/mediterraneanday.com\/wp-content\/uploads\/2021\/10\/teaser-fr-scaled.jpg&#039;)\">\n\n\t\t\t\n\t\t\t\t\t<\/div>\n\t\t<\/a>\t\t\t\t\t\t<\/div>\n\t\t\t\t\t\t\t\t\t\t\t<div class=\"swiper-slide\" role=\"group\" aria-roledescription=\"slide\">\n\t\t\t\t\t\t\t\t\t<div class=\"elementor-carousel-image\" role=\"img\" aria-label=\"Captura de pantalla 2021-07-02 a las 11.56.57 (2)\" style=\"background-image: url(&#039;https:\/\/mediterraneanday.com\/wp-content\/uploads\/2021\/07\/Captura-de-pantalla-2021-07-02-a-las-11.56.57-2.png&#039;)\">\n\n\t\t\t\n\t\t\t\t\t<\/div>\n\t\t<\/a>\t\t\t\t\t\t<\/div>\n\t\t\t\t\t\t\t\t\t\t\t<div class=\"swiper-slide\" role=\"group\" aria-roledescription=\"slide\">\n\t\t\t\t\t\t\t\t\t<div class=\"elementor-carousel-image\" role=\"img\" aria-label=\"Captura de pantalla 2021-07-02 a las 11.57.47 (2)\" style=\"background-image: url(&#039;https:\/\/mediterraneanday.com\/wp-content\/uploads\/2021\/07\/Captura-de-pantalla-2021-07-02-a-las-11.57.47-2.png&#039;)\">\n\n\t\t\t\n\t\t\t\t\t<\/div>\n\t\t<\/a>\t\t\t\t\t\t<\/div>\n\t\t\t\t\t\t\t\t\t\t\t<div class=\"swiper-slide\" role=\"group\" aria-roledescription=\"slide\">\n\t\t\t\t\t\t\t\t\t<div class=\"elementor-carousel-image\" role=\"img\" aria-label=\"Captura de pantalla 2021-07-02 a las 11.59.47 (2)\" style=\"background-image: url(&#039;https:\/\/mediterraneanday.com\/wp-content\/uploads\/2021\/07\/Captura-de-pantalla-2021-07-02-a-las-11.59.47-2.png&#039;)\">\n\n\t\t\t\n\t\t\t\t\t<\/div>\n\t\t<\/a>\t\t\t\t\t\t<\/div>\n\t\t\t\t\t\t\t\t\t\t\t<div class=\"swiper-slide\" role=\"group\" aria-roledescription=\"slide\">\n\t\t\t\t\t\t\t\t\t<div class=\"elementor-carousel-image\" role=\"img\" aria-label=\"Captura de pantalla 2021-07-09 a las 9.35.38 (2)\" style=\"background-image: url(&#039;https:\/\/mediterraneanday.com\/wp-content\/uploads\/2021\/07\/Captura-de-pantalla-2021-07-09-a-las-9.35.38-2.png&#039;)\">\n\n\t\t\t\n\t\t\t\t\t<\/div>\n\t\t<\/a>\t\t\t\t\t\t<\/div>\n\t\t\t\t\t\t\t\t\t\t\t<div class=\"swiper-slide\" role=\"group\" aria-roledescription=\"slide\">\n\t\t\t\t\t\t\t\t\t<div class=\"elementor-carousel-image\" role=\"img\" aria-label=\"Captura de pantalla 2021-07-09 a las 9.38.40 (2)\" style=\"background-image: url(&#039;https:\/\/mediterraneanday.com\/wp-content\/uploads\/2021\/07\/Captura-de-pantalla-2021-07-09-a-las-9.38.40-2.png&#039;)\">\n\n\t\t\t\n\t\t\t\t\t<\/div>\n\t\t<\/a>\t\t\t\t\t\t<\/div>\n\t\t\t\t\t\t\t\t\t\t\t<div class=\"swiper-slide\" role=\"group\" aria-roledescription=\"slide\">\n\t\t\t\t\t\t\t\t\t<div class=\"elementor-carousel-image\" role=\"img\" aria-label=\"Captura de pantalla 2021-07-09 a las 9.41.46 (2)\" style=\"background-image: url(&#039;https:\/\/mediterraneanday.com\/wp-content\/uploads\/2021\/07\/Captura-de-pantalla-2021-07-09-a-las-9.41.46-2.png&#039;)\">\n\n\t\t\t\n\t\t\t\t\t<\/div>\n\t\t<\/a>\t\t\t\t\t\t<\/div>\n\t\t\t\t\t\t\t\t\t\t\t<div class=\"swiper-slide\" role=\"group\" aria-roledescription=\"slide\">\n\t\t\t\t\t\t\t\t\t<div class=\"elementor-carousel-image\" role=\"img\" aria-label=\"Captura de pantalla 2021-07-30 a las 14.13.32 (2)\" style=\"background-image: url(&#039;https:\/\/mediterraneanday.com\/wp-content\/uploads\/2021\/07\/Captura-de-pantalla-2021-07-30-a-las-14.13.32-2.png&#039;)\">\n\n\t\t\t\n\t\t\t\t\t<\/div>\n\t\t<\/a>\t\t\t\t\t\t<\/div>\n\t\t\t\t\t\t\t\t\t\t\t<div class=\"swiper-slide\" role=\"group\" aria-roledescription=\"slide\">\n\t\t\t\t\t\t\t\t\t<div class=\"elementor-carousel-image\" role=\"img\" aria-label=\"Captura de pantalla 2021-07-30 a las 14.14.03 (2)\" style=\"background-image: url(&#039;https:\/\/mediterraneanday.com\/wp-content\/uploads\/2021\/07\/Captura-de-pantalla-2021-07-30-a-las-14.14.03-2.png&#039;)\">\n\n\t\t\t\n\t\t\t\t\t<\/div>\n\t\t<\/a>\t\t\t\t\t\t<\/div>\n\t\t\t\t\t\t\t\t\t\t\t<div class=\"swiper-slide\" role=\"group\" aria-roledescription=\"slide\">\n\t\t\t\t\t\t\t\t\t<div class=\"elementor-carousel-image\" role=\"img\" aria-label=\"Captura de pantalla 2021-07-30 a las 14.19.19 (2)\" style=\"background-image: url(&#039;https:\/\/mediterraneanday.com\/wp-content\/uploads\/2021\/07\/Captura-de-pantalla-2021-07-30-a-las-14.19.19-2.png&#039;)\">\n\n\t\t\t\n\t\t\t\t\t<\/div>\n\t\t<\/a>\t\t\t\t\t\t<\/div>\n\t\t\t\t\t\t\t\t\t<\/div>\n\t\t\t\t\t\t\t\t\t\t\t\t\t\t\t\t\t\t\t\t\t<\/div>\n\t\t\t\t<\/div>\n\t\t\t\t\t\t\t\t<\/div>\n\t\t\t\t<\/div>\n\t\t\t\t\t<\/div>\n\t\t<\/div>\n\t\t\t\t<div class=\"elementor-column elementor-col-25 elementor-top-column elementor-element elementor-element-9ca5b4e\" data-id=\"9ca5b4e\" data-element_type=\"column\" data-e-type=\"column\">\n\t\t\t<div class=\"elementor-widget-wrap elementor-element-populated\">\n\t\t\t\t\t\t<div class=\"elementor-element elementor-element-a4cb398 elementor-invisible elementor-widget elementor-widget-heading\" data-id=\"a4cb398\" data-element_type=\"widget\" data-e-type=\"widget\" data-settings=\"{&quot;_animation&quot;:&quot;bounceIn&quot;}\" data-widget_type=\"heading.default\">\n\t\t\t\t<div class=\"elementor-widget-container\">\n\t\t\t\t\t<h2 class=\"elementor-heading-title elementor-size-default\">Comment d\u00e9finiriez-vous la <b>M\u00e9diterran\u00e9e <\/b>en <b>un<\/b> mot ?<\/h2>\t\t\t\t<\/div>\n\t\t\t\t<\/div>\n\t\t\t\t<div class=\"elementor-element elementor-element-5369f4d elementor-widget elementor-widget-heading\" data-id=\"5369f4d\" data-element_type=\"widget\" data-e-type=\"widget\" data-widget_type=\"heading.default\">\n\t\t\t\t<div class=\"elementor-widget-container\">\n\t\t\t\t\t<h3 class=\"elementor-heading-title elementor-size-default\">#JourneeMediterranee #MediterraneanDay<\/h3>\t\t\t\t<\/div>\n\t\t\t\t<\/div>\n\t\t\t\t<div class=\"elementor-element elementor-element-eb072a3 elementor-align-start elementor-list-item-link-full_width elementor-widget elementor-widget-icon-list\" data-id=\"eb072a3\" data-element_type=\"widget\" data-e-type=\"widget\" data-widget_type=\"icon-list.default\">\n\t\t\t\t<div class=\"elementor-widget-container\">\n\t\t\t\t\t\t\t<ul class=\"elementor-icon-list-items\">\n\t\t\t\t\t\t\t<li class=\"elementor-icon-list-item\">\n\t\t\t\t\t\t\t\t\t\t\t<span class=\"elementor-icon-list-icon\">\n\t\t\t\t\t\t\t<i aria-hidden=\"true\" class=\"fas fa-square-full\"><\/i>\t\t\t\t\t\t<\/span>\n\t\t\t\t\t\t\t\t\t\t<span class=\"elementor-icon-list-text\">Enregistrez une vid\u00e9o ou partagez une image montrant ce que la M\u00e9diterran\u00e9e signifie pour vous ... en 1 MOT! <\/span>\n\t\t\t\t\t\t\t\t\t<\/li>\n\t\t\t\t\t\t\t\t<li class=\"elementor-icon-list-item\">\n\t\t\t\t\t\t\t\t\t\t\t<span class=\"elementor-icon-list-icon\">\n\t\t\t\t\t\t\t<i aria-hidden=\"true\" class=\"fas fa-square-full\"><\/i>\t\t\t\t\t\t<\/span>\n\t\t\t\t\t\t\t\t\t\t<span class=\"elementor-icon-list-text\">Partagez-les sur les r\u00e9seaux sociaux avec le tag #JourneeMediterranee ou #MediterraneanDay<\/span>\n\t\t\t\t\t\t\t\t\t<\/li>\n\t\t\t\t\t\t\t\t<li class=\"elementor-icon-list-item\">\n\t\t\t\t\t\t\t\t\t\t\t<span class=\"elementor-icon-list-icon\">\n\t\t\t\t\t\t\t<i aria-hidden=\"true\" class=\"fas fa-square-full\"><\/i>\t\t\t\t\t\t<\/span>\n\t\t\t\t\t\t\t\t\t\t<span class=\"elementor-icon-list-text\">Votre message \/ tweet appara\u00eetra sur cette page !<\/span>\n\t\t\t\t\t\t\t\t\t<\/li>\n\t\t\t\t\t\t<\/ul>\n\t\t\t\t\t\t<\/div>\n\t\t\t\t<\/div>\n\t\t\t\t\t<\/div>\n\t\t<\/div>\n\t\t\t\t<div class=\"elementor-column elementor-col-25 elementor-top-column elementor-element elementor-element-b4a0a61 elementor-hidden-tablet elementor-hidden-phone\" data-id=\"b4a0a61\" data-element_type=\"column\" data-e-type=\"column\">\n\t\t\t<div class=\"elementor-widget-wrap\">\n\t\t\t\t\t\t\t<\/div>\n\t\t<\/div>\n\t\t\t\t\t<\/div>\n\t\t<\/section>\n\t\t\t\t<section class=\"elementor-section elementor-top-section elementor-element elementor-element-55e37c7 elementor-section-full_width elementor-section-stretched elementor-section-height-default elementor-section-height-default\" data-id=\"55e37c7\" data-element_type=\"section\" data-e-type=\"section\" id=\"presscorner\" data-settings=\"{&quot;stretch_section&quot;:&quot;section-stretched&quot;}\">\n\t\t\t\t\t\t<div class=\"elementor-container elementor-column-gap-default\">\n\t\t\t\t\t<div class=\"elementor-column elementor-col-33 elementor-top-column elementor-element elementor-element-6673a7e elementor-hidden-tablet elementor-hidden-phone\" data-id=\"6673a7e\" data-element_type=\"column\" data-e-type=\"column\">\n\t\t\t<div class=\"elementor-widget-wrap\">\n\t\t\t\t\t\t\t<\/div>\n\t\t<\/div>\n\t\t\t\t<div class=\"elementor-column elementor-col-33 elementor-top-column elementor-element elementor-element-1f54305\" data-id=\"1f54305\" data-element_type=\"column\" data-e-type=\"column\">\n\t\t\t<div class=\"elementor-widget-wrap elementor-element-populated\">\n\t\t\t\t\t\t<div class=\"elementor-element elementor-element-0125baf elementor-widget elementor-widget-heading\" data-id=\"0125baf\" data-element_type=\"widget\" data-e-type=\"widget\" data-widget_type=\"heading.default\">\n\t\t\t\t<div class=\"elementor-widget-container\">\n\t\t\t\t\t<h2 class=\"elementor-heading-title elementor-size-default\">Espace presse<\/h2>\t\t\t\t<\/div>\n\t\t\t\t<\/div>\n\t\t\t\t\t<\/div>\n\t\t<\/div>\n\t\t\t\t<div class=\"elementor-column elementor-col-33 elementor-top-column elementor-element elementor-element-bea6f54 elementor-hidden-tablet elementor-hidden-phone\" data-id=\"bea6f54\" data-element_type=\"column\" data-e-type=\"column\">\n\t\t\t<div class=\"elementor-widget-wrap\">\n\t\t\t\t\t\t\t<\/div>\n\t\t<\/div>\n\t\t\t\t\t<\/div>\n\t\t<\/section>\n\t\t\t\t<section class=\"elementor-section elementor-top-section elementor-element elementor-element-9312b9f elementor-section-full_width elementor-section-stretched elementor-section-height-default elementor-section-height-default\" data-id=\"9312b9f\" data-element_type=\"section\" data-e-type=\"section\" data-settings=\"{&quot;stretch_section&quot;:&quot;section-stretched&quot;}\">\n\t\t\t\t\t\t<div class=\"elementor-container elementor-column-gap-default\">\n\t\t\t\t\t<div class=\"elementor-column elementor-col-20 elementor-top-column elementor-element elementor-element-237a0e3 elementor-hidden-tablet elementor-hidden-phone\" data-id=\"237a0e3\" data-element_type=\"column\" data-e-type=\"column\">\n\t\t\t<div class=\"elementor-widget-wrap\">\n\t\t\t\t\t\t\t<\/div>\n\t\t<\/div>\n\t\t\t\t<div class=\"elementor-column elementor-col-20 elementor-top-column elementor-element elementor-element-3b641b1\" data-id=\"3b641b1\" data-element_type=\"column\" data-e-type=\"column\">\n\t\t\t<div class=\"elementor-widget-wrap elementor-element-populated\">\n\t\t\t\t\t\t<section class=\"elementor-section elementor-inner-section elementor-element elementor-element-cb70e1a elementor-section-boxed elementor-section-height-default elementor-section-height-default\" data-id=\"cb70e1a\" data-element_type=\"section\" data-e-type=\"section\" data-settings=\"{&quot;background_background&quot;:&quot;classic&quot;}\">\n\t\t\t\t\t\t<div class=\"elementor-container elementor-column-gap-default\">\n\t\t\t\t\t<div class=\"elementor-column elementor-col-100 elementor-inner-column elementor-element elementor-element-92ecf0c\" data-id=\"92ecf0c\" data-element_type=\"column\" data-e-type=\"column\">\n\t\t\t<div class=\"elementor-widget-wrap elementor-element-populated\">\n\t\t\t\t\t\t<div class=\"elementor-element elementor-element-c0234b3 elementor-widget elementor-widget-text-editor\" data-id=\"c0234b3\" data-element_type=\"widget\" data-e-type=\"widget\" data-widget_type=\"text-editor.default\">\n\t\t\t\t<div class=\"elementor-widget-container\">\n\t\t\t\t\t\t\t\t\t<h4>Marine Moulin<\/h4><div>+34 935 214 137<br \/>+34 691 519 634<\/div><div><span style=\"text-decoration: underline;\"><a href=\"mailto:media@ufmsecretariat.org\">media@ufmsecretariat.org<\/a><\/span><\/div><div>\u00a0<\/div>\t\t\t\t\t\t\t\t<\/div>\n\t\t\t\t<\/div>\n\t\t\t\t<div class=\"elementor-element elementor-element-e301176 elementor-widget-divider--view-line elementor-widget elementor-widget-divider\" data-id=\"e301176\" data-element_type=\"widget\" data-e-type=\"widget\" data-widget_type=\"divider.default\">\n\t\t\t\t<div class=\"elementor-widget-container\">\n\t\t\t\t\t\t\t<div class=\"elementor-divider\">\n\t\t\t<span class=\"elementor-divider-separator\">\n\t\t\t\t\t\t<\/span>\n\t\t<\/div>\n\t\t\t\t\t\t<\/div>\n\t\t\t\t<\/div>\n\t\t\t\t<div class=\"elementor-element elementor-element-3520a22 elementor-widget elementor-widget-text-editor\" data-id=\"3520a22\" data-element_type=\"widget\" data-e-type=\"widget\" data-widget_type=\"text-editor.default\">\n\t\t\t\t<div class=\"elementor-widget-container\">\n\t\t\t\t\t\t\t\t\t<div>\n\n<b>Download the UfM press kit:<\/b>\n<\/div>\n<div><a href=\"https:\/\/ufmsecretariat.org\/wp-content\/uploads\/2020\/10\/AAFF-diptico-AR_2019_corregido_OCTOBER-2020_WEB.pdf\" target=\"_blank\" rel=\"noopener noreferrer\" data-auth=\"NotApplicable\">AR<\/a>\u00a0 \/\/\u00a0\u00a0<a href=\"https:\/\/ufmsecretariat.org\/wp-content\/uploads\/2020\/10\/Presskit_New_ENG_OCTOBER-2020-WEB.pdf\" target=\"_blank\" rel=\"noopener noreferrer\" data-auth=\"NotApplicable\">EN<\/a>\u00a0 \/\/\u00a0\u00a0<a href=\"https:\/\/ufmsecretariat.org\/wp-content\/uploads\/2020\/10\/Presskit_New_ES_OCTOBER-2020-WEB.pdf\" target=\"_blank\" rel=\"noopener noreferrer\" data-auth=\"NotApplicable\">ES<\/a>\u00a0 \/\/\u00a0\u00a0<a href=\"https:\/\/ufmsecretariat.org\/wp-content\/uploads\/2020\/10\/Presskit_New_FR_OCTOBER-2020-WEB.pdf\" target=\"_blank\" rel=\"noopener noreferrer\" data-auth=\"NotApplicable\">FR<\/a><\/div>\t\t\t\t\t\t\t\t<\/div>\n\t\t\t\t<\/div>\n\t\t\t\t\t<\/div>\n\t\t<\/div>\n\t\t\t\t\t<\/div>\n\t\t<\/section>\n\t\t\t\t\t<\/div>\n\t\t<\/div>\n\t\t\t\t<div class=\"elementor-column elementor-col-20 elementor-top-column elementor-element elementor-element-91edf48\" data-id=\"91edf48\" data-element_type=\"column\" data-e-type=\"column\">\n\t\t\t<div class=\"elementor-widget-wrap elementor-element-populated\">\n\t\t\t\t\t\t<div class=\"elementor-element elementor-element-3445872 elementor-widget elementor-widget-text-editor\" data-id=\"3445872\" data-element_type=\"widget\" data-e-type=\"widget\" data-widget_type=\"text-editor.default\">\n\t\t\t\t<div class=\"elementor-widget-container\">\n\t\t\t\t\t\t\t\t\t<ul type=\"disc\"><li class=\"x_MsoListParagraphCxSpFirst\"><b><u><span lang=\"FR\">Pour s\u2019accr\u00e9diter \u00e0 l\u2019\u00e9v\u00e8nement<\/span><\/u><\/b><span lang=\"FR\">, envoyer un email \u00e0\u00a0<\/span><b><u><span lang=\"EN-US\"><a href=\"mailto:prensa@maec.es\" target=\"_blank\" rel=\"noopener noreferrer\" data-auth=\"NotApplicable\" data-linkindex=\"5\"><span lang=\"FR\">prensa@maec.es<\/span><\/a><\/span><\/u><\/b><span lang=\"FR\">\u00a0avec ces informations\u00a0: Nom et pr\u00e9nom, Num\u00e9ro de passeport ou carte d\u2019identit\u00e9, Date de naissance, Organisme de presse et fonction, Nationalit\u00e9, Adresse mail et num\u00e9ro de t\u00e9l\u00e9phone portable<\/span><\/li><li class=\"x_MsoListParagraphCxSpMiddle\"><b><u><span lang=\"FR\">Pour la diffusion en direct de l&rsquo;\u00e9v\u00e9nement :<\/span><\/u><\/b><u><\/u><\/li><li style=\"list-style-type: none;\"><ul type=\"circle\"><li class=\"x_MsoListParagraphCxSpMiddle\"><a name=\"x__Hlk88661481\" data-linkindex=\"6\"><\/a><span lang=\"FR\">Les discours d&rsquo;ouverture et la conf\u00e9rence de presse seront diffus\u00e9s en direct avec les traductions\u00a0<\/span><a href=\"https:\/\/abalingua.zoom.us\/j\/84816258634\" target=\"_blank\" rel=\"noopener noreferrer\" data-auth=\"NotApplicable\" data-linkindex=\"7\"><span lang=\"FR\">sur ce lien en haute d\u00e9finition<\/span><\/a><\/li><li class=\"x_MsoListParagraphCxSpMiddle\"><span lang=\"FR\">La conf\u00e9rence de presse sera diffus\u00e9e en direct sur EbS, le service d&rsquo;information t\u00e9l\u00e9vis\u00e9e de l&rsquo;Union europ\u00e9enne,\u00a0<\/span><a href=\"https:\/\/audiovisual.ec.europa.eu\/en\/ebs\/live\/2)\" target=\"_blank\" rel=\"noopener noreferrer\" data-auth=\"NotApplicable\" data-linkindex=\"8\"><span lang=\"FR\">avec le son original en tr\u00e8s haute d\u00e9finition<\/span><\/a><span lang=\"FR\">.<\/span><\/li><li class=\"x_MsoListParagraphCxSpMiddle\"><span lang=\"FR\">La Conf\u00e9rence pour l&rsquo;int\u00e9gration r\u00e9gionale sera diffus\u00e9e en direct\u00a0<\/span><a href=\"https:\/\/abalingua.zoom.us\/j\/89065321816\" target=\"_blank\" rel=\"noopener noreferrer\" data-auth=\"NotApplicable\" data-linkindex=\"9\"><span lang=\"FR\">avec des traductions sur ce lien<\/span><\/a><\/li><li class=\"x_MsoListParagraphCxSpLast\"><span lang=\"FR\">Le secr\u00e9tariat de l&rsquo;UpM publiera pendant l&rsquo;\u00e9v\u00e9nement\u00a0<\/span><a href=\"https:\/\/mediterraneanday.com\/media2021\" target=\"_blank\" rel=\"noopener noreferrer\" data-auth=\"NotApplicable\" data-linkindex=\"10\"><span lang=\"FR\">des photos et des vid\u00e9os en HD ici<\/span><\/a><\/li><\/ul><\/li><\/ul>\t\t\t\t\t\t\t\t<\/div>\n\t\t\t\t<\/div>\n\t\t\t\t\t<\/div>\n\t\t<\/div>\n\t\t\t\t<div class=\"elementor-column elementor-col-20 elementor-top-column elementor-element elementor-element-1385656\" data-id=\"1385656\" data-element_type=\"column\" data-e-type=\"column\">\n\t\t\t<div class=\"elementor-widget-wrap elementor-element-populated\">\n\t\t\t\t\t\t<div class=\"elementor-element elementor-element-727ff0a elementor-widget elementor-widget-image\" data-id=\"727ff0a\" data-element_type=\"widget\" data-e-type=\"widget\" data-widget_type=\"image.default\">\n\t\t\t\t<div class=\"elementor-widget-container\">\n\t\t\t\t\t\t\t\t\t\t\t\t\t\t\t\t<a href=\"https:\/\/ufmsecretariat.org\/formpress\/\" target=\"_blank\">\n\t\t\t\t\t\t\t<img decoding=\"async\" width=\"271\" height=\"216\" src=\"https:\/\/mediterraneanday.com\/wp-content\/uploads\/2021\/11\/pressreleases.jpeg\" class=\"attachment-full size-full wp-image-8134\" alt=\"\" \/>\t\t\t\t\t\t\t\t<\/a>\n\t\t\t\t\t\t\t\t\t\t\t\t\t\t\t<\/div>\n\t\t\t\t<\/div>\n\t\t\t\t\t<\/div>\n\t\t<\/div>\n\t\t\t\t<div class=\"elementor-column elementor-col-20 elementor-top-column elementor-element elementor-element-a9ba179\" data-id=\"a9ba179\" data-element_type=\"column\" data-e-type=\"column\">\n\t\t\t<div class=\"elementor-widget-wrap\">\n\t\t\t\t\t\t\t<\/div>\n\t\t<\/div>\n\t\t\t\t\t<\/div>\n\t\t<\/section>\n\t\t\t\t<section class=\"elementor-section elementor-top-section elementor-element elementor-element-926598d elementor-section-full_width elementor-section-stretched elementor-section-height-default elementor-section-height-default\" data-id=\"926598d\" data-element_type=\"section\" data-e-type=\"section\" data-settings=\"{&quot;stretch_section&quot;:&quot;section-stretched&quot;}\">\n\t\t\t\t\t\t<div class=\"elementor-container elementor-column-gap-default\">\n\t\t\t\t\t<div class=\"elementor-column elementor-col-33 elementor-top-column elementor-element elementor-element-7359d35 elementor-hidden-tablet elementor-hidden-phone\" data-id=\"7359d35\" data-element_type=\"column\" data-e-type=\"column\">\n\t\t\t<div class=\"elementor-widget-wrap\">\n\t\t\t\t\t\t\t<\/div>\n\t\t<\/div>\n\t\t\t\t<div class=\"elementor-column elementor-col-33 elementor-top-column elementor-element elementor-element-810546c\" data-id=\"810546c\" data-element_type=\"column\" data-e-type=\"column\">\n\t\t\t<div class=\"elementor-widget-wrap elementor-element-populated\">\n\t\t\t\t\t\t<div class=\"elementor-element elementor-element-80852ce elementor-widget elementor-widget-heading\" data-id=\"80852ce\" data-element_type=\"widget\" data-e-type=\"widget\" data-widget_type=\"heading.default\">\n\t\t\t\t<div class=\"elementor-widget-container\">\n\t\t\t\t\t<h4 class=\"elementor-heading-title elementor-size-default\">Co-organized by:<\/h4>\t\t\t\t<\/div>\n\t\t\t\t<\/div>\n\t\t\t\t\t<\/div>\n\t\t<\/div>\n\t\t\t\t<div class=\"elementor-column elementor-col-33 elementor-top-column elementor-element elementor-element-cf93439 elementor-hidden-tablet elementor-hidden-phone\" data-id=\"cf93439\" data-element_type=\"column\" data-e-type=\"column\">\n\t\t\t<div class=\"elementor-widget-wrap\">\n\t\t\t\t\t\t\t<\/div>\n\t\t<\/div>\n\t\t\t\t\t<\/div>\n\t\t<\/section>\n\t\t\t\t<section class=\"elementor-section elementor-top-section elementor-element elementor-element-3b8964b elementor-section-full_width elementor-section-stretched elementor-section-content-middle elementor-section-height-default elementor-section-height-default\" data-id=\"3b8964b\" data-element_type=\"section\" data-e-type=\"section\" data-settings=\"{&quot;stretch_section&quot;:&quot;section-stretched&quot;}\">\n\t\t\t\t\t\t<div class=\"elementor-container elementor-column-gap-default\">\n\t\t\t\t\t<div class=\"elementor-column elementor-col-16 elementor-top-column elementor-element elementor-element-174ded0 elementor-hidden-tablet elementor-hidden-phone\" data-id=\"174ded0\" data-element_type=\"column\" data-e-type=\"column\">\n\t\t\t<div class=\"elementor-widget-wrap\">\n\t\t\t\t\t\t\t<\/div>\n\t\t<\/div>\n\t\t\t\t<div class=\"elementor-column elementor-col-16 elementor-top-column elementor-element elementor-element-8e6bc34\" data-id=\"8e6bc34\" data-element_type=\"column\" data-e-type=\"column\">\n\t\t\t<div class=\"elementor-widget-wrap elementor-element-populated\">\n\t\t\t\t\t\t<div class=\"elementor-element elementor-element-cf9640a elementor-widget elementor-widget-image\" data-id=\"cf9640a\" data-element_type=\"widget\" data-e-type=\"widget\" data-widget_type=\"image.default\">\n\t\t\t\t<div class=\"elementor-widget-container\">\n\t\t\t\t\t\t\t\t\t\t\t\t\t\t\t<img decoding=\"async\" width=\"150\" height=\"94\" src=\"https:\/\/mediterraneanday.com\/wp-content\/uploads\/2021\/11\/flag_yellow_low-150x94-1.jpeg\" class=\"attachment-full size-full wp-image-8181\" alt=\"\" \/>\t\t\t\t\t\t\t\t\t\t\t\t\t\t\t<\/div>\n\t\t\t\t<\/div>\n\t\t\t\t\t<\/div>\n\t\t<\/div>\n\t\t\t\t<div class=\"elementor-column elementor-col-16 elementor-top-column elementor-element elementor-element-1af15cb\" data-id=\"1af15cb\" data-element_type=\"column\" data-e-type=\"column\">\n\t\t\t<div class=\"elementor-widget-wrap elementor-element-populated\">\n\t\t\t\t\t\t<div class=\"elementor-element elementor-element-64d8eb6 elementor-widget elementor-widget-image\" data-id=\"64d8eb6\" data-element_type=\"widget\" data-e-type=\"widget\" data-widget_type=\"image.default\">\n\t\t\t\t<div class=\"elementor-widget-container\">\n\t\t\t\t\t\t\t\t\t\t\t\t\t\t\t<img loading=\"lazy\" decoding=\"async\" width=\"320\" height=\"145\" src=\"https:\/\/mediterraneanday.com\/wp-content\/uploads\/2021\/11\/de4-320x145-1.jpeg\" class=\"attachment-full size-full wp-image-8177\" alt=\"\" srcset=\"https:\/\/mediterraneanday.com\/wp-content\/uploads\/2021\/11\/de4-320x145-1.jpeg 320w, https:\/\/mediterraneanday.com\/wp-content\/uploads\/2021\/11\/de4-320x145-1-300x136.jpeg 300w\" sizes=\"(max-width: 320px) 100vw, 320px\" \/>\t\t\t\t\t\t\t\t\t\t\t\t\t\t\t<\/div>\n\t\t\t\t<\/div>\n\t\t\t\t\t<\/div>\n\t\t<\/div>\n\t\t\t\t<div class=\"elementor-column elementor-col-16 elementor-top-column elementor-element elementor-element-99cf01c\" data-id=\"99cf01c\" data-element_type=\"column\" data-e-type=\"column\">\n\t\t\t<div class=\"elementor-widget-wrap elementor-element-populated\">\n\t\t\t\t\t\t<div class=\"elementor-element elementor-element-779f9c4 elementor-widget elementor-widget-image\" data-id=\"779f9c4\" data-element_type=\"widget\" data-e-type=\"widget\" data-widget_type=\"image.default\">\n\t\t\t\t<div class=\"elementor-widget-container\">\n\t\t\t\t\t\t\t\t\t\t\t\t\t\t\t<img loading=\"lazy\" decoding=\"async\" width=\"231\" height=\"54\" src=\"https:\/\/mediterraneanday.com\/wp-content\/uploads\/2021\/11\/LogoWeb_-1.svg\" class=\"attachment-full size-full wp-image-8173\" alt=\"\" \/>\t\t\t\t\t\t\t\t\t\t\t\t\t\t\t<\/div>\n\t\t\t\t<\/div>\n\t\t\t\t\t<\/div>\n\t\t<\/div>\n\t\t\t\t<div class=\"elementor-column elementor-col-16 elementor-top-column elementor-element elementor-element-492c7f1\" data-id=\"492c7f1\" data-element_type=\"column\" data-e-type=\"column\">\n\t\t\t<div class=\"elementor-widget-wrap elementor-element-populated\">\n\t\t\t\t\t\t<div class=\"elementor-element elementor-element-26b7243 elementor-widget elementor-widget-image\" data-id=\"26b7243\" data-element_type=\"widget\" data-e-type=\"widget\" data-widget_type=\"image.default\">\n\t\t\t\t<div class=\"elementor-widget-container\">\n\t\t\t\t\t\t\t\t\t\t\t\t\t\t\t<img loading=\"lazy\" decoding=\"async\" width=\"480\" height=\"110\" src=\"https:\/\/mediterraneanday.com\/wp-content\/uploads\/2021\/11\/LogoEspan\u0303a-480x110-1.jpeg\" class=\"attachment-full size-full wp-image-8169\" alt=\"\" srcset=\"https:\/\/mediterraneanday.com\/wp-content\/uploads\/2021\/11\/LogoEspan\u0303a-480x110-1.jpeg 480w, https:\/\/mediterraneanday.com\/wp-content\/uploads\/2021\/11\/LogoEspan\u0303a-480x110-1-300x69.jpeg 300w\" sizes=\"(max-width: 480px) 100vw, 480px\" \/>\t\t\t\t\t\t\t\t\t\t\t\t\t\t\t<\/div>\n\t\t\t\t<\/div>\n\t\t\t\t\t<\/div>\n\t\t<\/div>\n\t\t\t\t<div class=\"elementor-column elementor-col-16 elementor-top-column elementor-element elementor-element-a3afdf9 elementor-hidden-tablet elementor-hidden-phone\" data-id=\"a3afdf9\" data-element_type=\"column\" data-e-type=\"column\">\n\t\t\t<div class=\"elementor-widget-wrap\">\n\t\t\t\t\t\t\t<\/div>\n\t\t<\/div>\n\t\t\t\t\t<\/div>\n\t\t<\/section>\n\t\t\t\t<\/div>\n\t\t","protected":false},"template":"","event-category":[70],"city":[25],"state":[],"country":[19],"class_list":["post-10103","events","type-events","status-publish","hentry","event-category-custom-event","city-barcelona","country-spain"],"yoast_head":"<!-- This site is optimized with the Yoast SEO Premium plugin v19.1 (Yoast SEO v27.2) - https:\/\/yoast.com\/product\/yoast-seo-premium-wordpress\/ -->\n<title>6th Regional Forum of the Union for the Mediterranean - Mediterranean Day<\/title>\n<meta name=\"robots\" content=\"index, follow, max-snippet:-1, max-image-preview:large, max-video-preview:-1\" \/>\n<link rel=\"canonical\" href=\"https:\/\/mediterranean-day-a1.c.wetopi.com\/fr\/events\/6th-regional-forum-of-the-union-for-the-mediterranean\" \/>\n<meta property=\"og:locale\" content=\"fr_FR\" \/>\n<meta property=\"og:type\" content=\"article\" \/>\n<meta property=\"og:title\" content=\"6th Regional Forum of the Union for the Mediterranean\" \/>\n<meta property=\"og:description\" content=\"Journ\u00e9e de la M\u00e9diterran\u00e9e: 6\u00e8me Forum R\u00e9gional de l\u2019UpM Rejoignez notre campagne en ligneSide EventEspace presse Le 6e Forum R\u00e9gional de l\u2019Union pour la M\u00e9diterran\u00e9e (UpM) aura lieu le 29 novembre 2021 \u00e0 Barcelone, en Espagne, dans le cadre des c\u00e9l\u00e9brations de la premi\u00e8re\u00a0Journ\u00e9e de la M\u00e9diterran\u00e9e. Le Forum dirig\u00e9 para la copr\u00e9sidence de l\u2019UpM, ... Lire la suite\" \/>\n<meta property=\"og:url\" content=\"https:\/\/mediterranean-day-a1.c.wetopi.com\/fr\/events\/6th-regional-forum-of-the-union-for-the-mediterranean\" \/>\n<meta property=\"og:site_name\" content=\"Mediterranean Day\" \/>\n<meta property=\"article:modified_time\" content=\"2021-11-26T12:48:22+00:00\" \/>\n<meta property=\"og:image\" content=\"https:\/\/mediterranean-day-a1.c.wetopi.com\/wp-content\/uploads\/2021\/10\/fr_gIF.gif\" \/>\n<meta name=\"twitter:card\" content=\"summary_large_image\" \/>\n<meta name=\"twitter:label1\" content=\"Dur\u00e9e de lecture estim\u00e9e\" \/>\n\t<meta name=\"twitter:data1\" content=\"4 minutes\" \/>\n<script type=\"application\/ld+json\" class=\"yoast-schema-graph\">{\"@context\":\"https:\/\/schema.org\",\"@graph\":[{\"@type\":\"WebPage\",\"@id\":\"https:\/\/mediterranean-day-a1.c.wetopi.com\/fr\/events\/6th-regional-forum-of-the-union-for-the-mediterranean\",\"url\":\"https:\/\/mediterranean-day-a1.c.wetopi.com\/fr\/events\/6th-regional-forum-of-the-union-for-the-mediterranean\",\"name\":\"6th Regional Forum of the Union for the Mediterranean - Mediterranean Day\",\"isPartOf\":{\"@id\":\"https:\/\/mediterranean-day-a1.c.wetopi.com\/#website\"},\"primaryImageOfPage\":{\"@id\":\"https:\/\/mediterranean-day-a1.c.wetopi.com\/fr\/events\/6th-regional-forum-of-the-union-for-the-mediterranean#primaryimage\"},\"image\":{\"@id\":\"https:\/\/mediterranean-day-a1.c.wetopi.com\/fr\/events\/6th-regional-forum-of-the-union-for-the-mediterranean#primaryimage\"},\"thumbnailUrl\":\"https:\/\/mediterraneanday.com\/wp-content\/uploads\/2021\/10\/fr_gIF.gif\",\"datePublished\":\"2021-11-26T12:31:11+00:00\",\"dateModified\":\"2021-11-26T12:48:22+00:00\",\"breadcrumb\":{\"@id\":\"https:\/\/mediterranean-day-a1.c.wetopi.com\/fr\/events\/6th-regional-forum-of-the-union-for-the-mediterranean#breadcrumb\"},\"inLanguage\":\"fr-FR\",\"potentialAction\":[{\"@type\":\"ReadAction\",\"target\":[\"https:\/\/mediterranean-day-a1.c.wetopi.com\/fr\/events\/6th-regional-forum-of-the-union-for-the-mediterranean\"]}]},{\"@type\":\"ImageObject\",\"inLanguage\":\"fr-FR\",\"@id\":\"https:\/\/mediterranean-day-a1.c.wetopi.com\/fr\/events\/6th-regional-forum-of-the-union-for-the-mediterranean#primaryimage\",\"url\":\"https:\/\/mediterraneanday.com\/wp-content\/uploads\/2021\/10\/fr_gIF.gif\",\"contentUrl\":\"https:\/\/mediterraneanday.com\/wp-content\/uploads\/2021\/10\/fr_gIF.gif\"},{\"@type\":\"BreadcrumbList\",\"@id\":\"https:\/\/mediterranean-day-a1.c.wetopi.com\/fr\/events\/6th-regional-forum-of-the-union-for-the-mediterranean#breadcrumb\",\"itemListElement\":[{\"@type\":\"ListItem\",\"position\":1,\"name\":\"Home\",\"item\":\"https:\/\/mediterraneanday.com\/\"},{\"@type\":\"ListItem\",\"position\":2,\"name\":\"Events\",\"item\":\"https:\/\/mediterranean-day-a1.c.wetopi.com\/it\/events\"},{\"@type\":\"ListItem\",\"position\":3,\"name\":\"6th Regional Forum of the Union for the Mediterranean\"}]},{\"@type\":\"WebSite\",\"@id\":\"https:\/\/mediterranean-day-a1.c.wetopi.com\/#website\",\"url\":\"https:\/\/mediterranean-day-a1.c.wetopi.com\/\",\"name\":\"Mediterranean Day\",\"description\":\"Celebrating the Mediterranean\",\"publisher\":{\"@id\":\"https:\/\/mediterranean-day-a1.c.wetopi.com\/#organization\"},\"potentialAction\":[{\"@type\":\"SearchAction\",\"target\":{\"@type\":\"EntryPoint\",\"urlTemplate\":\"https:\/\/mediterranean-day-a1.c.wetopi.com\/?s={search_term_string}\"},\"query-input\":{\"@type\":\"PropertyValueSpecification\",\"valueRequired\":true,\"valueName\":\"search_term_string\"}}],\"inLanguage\":\"fr-FR\"},{\"@type\":\"Organization\",\"@id\":\"https:\/\/mediterranean-day-a1.c.wetopi.com\/#organization\",\"name\":\"Mediterranean Day\",\"url\":\"https:\/\/mediterranean-day-a1.c.wetopi.com\/\",\"logo\":{\"@type\":\"ImageObject\",\"inLanguage\":\"fr-FR\",\"@id\":\"https:\/\/mediterranean-day-a1.c.wetopi.com\/#\/schema\/logo\/image\/\",\"url\":\"https:\/\/mediterraneanday.com\/wp-content\/uploads\/2020\/11\/med-day-logo.svg\",\"contentUrl\":\"https:\/\/mediterraneanday.com\/wp-content\/uploads\/2020\/11\/med-day-logo.svg\",\"caption\":\"Mediterranean Day\"},\"image\":{\"@id\":\"https:\/\/mediterranean-day-a1.c.wetopi.com\/#\/schema\/logo\/image\/\"}}]}<\/script>\n<!-- \/ Yoast SEO Premium plugin. -->","yoast_head_json":{"title":"6th Regional Forum of the Union for the Mediterranean - Mediterranean Day","robots":{"index":"index","follow":"follow","max-snippet":"max-snippet:-1","max-image-preview":"max-image-preview:large","max-video-preview":"max-video-preview:-1"},"canonical":"https:\/\/mediterranean-day-a1.c.wetopi.com\/fr\/events\/6th-regional-forum-of-the-union-for-the-mediterranean","og_locale":"fr_FR","og_type":"article","og_title":"6th Regional Forum of the Union for the Mediterranean","og_description":"Journ\u00e9e de la M\u00e9diterran\u00e9e: 6\u00e8me Forum R\u00e9gional de l\u2019UpM Rejoignez notre campagne en ligneSide EventEspace presse Le 6e Forum R\u00e9gional de l\u2019Union pour la M\u00e9diterran\u00e9e (UpM) aura lieu le 29 novembre 2021 \u00e0 Barcelone, en Espagne, dans le cadre des c\u00e9l\u00e9brations de la premi\u00e8re\u00a0Journ\u00e9e de la M\u00e9diterran\u00e9e. Le Forum dirig\u00e9 para la copr\u00e9sidence de l\u2019UpM, ... Lire la suite","og_url":"https:\/\/mediterranean-day-a1.c.wetopi.com\/fr\/events\/6th-regional-forum-of-the-union-for-the-mediterranean","og_site_name":"Mediterranean Day","article_modified_time":"2021-11-26T12:48:22+00:00","og_image":[{"url":"https:\/\/mediterranean-day-a1.c.wetopi.com\/wp-content\/uploads\/2021\/10\/fr_gIF.gif","type":"","width":"","height":""}],"twitter_card":"summary_large_image","twitter_misc":{"Dur\u00e9e de lecture estim\u00e9e":"4 minutes"},"schema":{"@context":"https:\/\/schema.org","@graph":[{"@type":"WebPage","@id":"https:\/\/mediterranean-day-a1.c.wetopi.com\/fr\/events\/6th-regional-forum-of-the-union-for-the-mediterranean","url":"https:\/\/mediterranean-day-a1.c.wetopi.com\/fr\/events\/6th-regional-forum-of-the-union-for-the-mediterranean","name":"6th Regional Forum of the Union for the Mediterranean - Mediterranean Day","isPartOf":{"@id":"https:\/\/mediterranean-day-a1.c.wetopi.com\/#website"},"primaryImageOfPage":{"@id":"https:\/\/mediterranean-day-a1.c.wetopi.com\/fr\/events\/6th-regional-forum-of-the-union-for-the-mediterranean#primaryimage"},"image":{"@id":"https:\/\/mediterranean-day-a1.c.wetopi.com\/fr\/events\/6th-regional-forum-of-the-union-for-the-mediterranean#primaryimage"},"thumbnailUrl":"https:\/\/mediterraneanday.com\/wp-content\/uploads\/2021\/10\/fr_gIF.gif","datePublished":"2021-11-26T12:31:11+00:00","dateModified":"2021-11-26T12:48:22+00:00","breadcrumb":{"@id":"https:\/\/mediterranean-day-a1.c.wetopi.com\/fr\/events\/6th-regional-forum-of-the-union-for-the-mediterranean#breadcrumb"},"inLanguage":"fr-FR","potentialAction":[{"@type":"ReadAction","target":["https:\/\/mediterranean-day-a1.c.wetopi.com\/fr\/events\/6th-regional-forum-of-the-union-for-the-mediterranean"]}]},{"@type":"ImageObject","inLanguage":"fr-FR","@id":"https:\/\/mediterranean-day-a1.c.wetopi.com\/fr\/events\/6th-regional-forum-of-the-union-for-the-mediterranean#primaryimage","url":"https:\/\/mediterraneanday.com\/wp-content\/uploads\/2021\/10\/fr_gIF.gif","contentUrl":"https:\/\/mediterraneanday.com\/wp-content\/uploads\/2021\/10\/fr_gIF.gif"},{"@type":"BreadcrumbList","@id":"https:\/\/mediterranean-day-a1.c.wetopi.com\/fr\/events\/6th-regional-forum-of-the-union-for-the-mediterranean#breadcrumb","itemListElement":[{"@type":"ListItem","position":1,"name":"Home","item":"https:\/\/mediterraneanday.com\/"},{"@type":"ListItem","position":2,"name":"Events","item":"https:\/\/mediterranean-day-a1.c.wetopi.com\/it\/events"},{"@type":"ListItem","position":3,"name":"6th Regional Forum of the Union for the Mediterranean"}]},{"@type":"WebSite","@id":"https:\/\/mediterranean-day-a1.c.wetopi.com\/#website","url":"https:\/\/mediterranean-day-a1.c.wetopi.com\/","name":"Mediterranean Day","description":"Celebrating the Mediterranean","publisher":{"@id":"https:\/\/mediterranean-day-a1.c.wetopi.com\/#organization"},"potentialAction":[{"@type":"SearchAction","target":{"@type":"EntryPoint","urlTemplate":"https:\/\/mediterranean-day-a1.c.wetopi.com\/?s={search_term_string}"},"query-input":{"@type":"PropertyValueSpecification","valueRequired":true,"valueName":"search_term_string"}}],"inLanguage":"fr-FR"},{"@type":"Organization","@id":"https:\/\/mediterranean-day-a1.c.wetopi.com\/#organization","name":"Mediterranean Day","url":"https:\/\/mediterranean-day-a1.c.wetopi.com\/","logo":{"@type":"ImageObject","inLanguage":"fr-FR","@id":"https:\/\/mediterranean-day-a1.c.wetopi.com\/#\/schema\/logo\/image\/","url":"https:\/\/mediterraneanday.com\/wp-content\/uploads\/2020\/11\/med-day-logo.svg","contentUrl":"https:\/\/mediterraneanday.com\/wp-content\/uploads\/2020\/11\/med-day-logo.svg","caption":"Mediterranean Day"},"image":{"@id":"https:\/\/mediterranean-day-a1.c.wetopi.com\/#\/schema\/logo\/image\/"}}]}},"_links":{"self":[{"href":"https:\/\/mediterraneanday.com\/fr\/wp-json\/wp\/v2\/events\/10103","targetHints":{"allow":["GET"]}}],"collection":[{"href":"https:\/\/mediterraneanday.com\/fr\/wp-json\/wp\/v2\/events"}],"about":[{"href":"https:\/\/mediterraneanday.com\/fr\/wp-json\/wp\/v2\/types\/events"}],"version-history":[{"count":0,"href":"https:\/\/mediterraneanday.com\/fr\/wp-json\/wp\/v2\/events\/10103\/revisions"}],"wp:attachment":[{"href":"https:\/\/mediterraneanday.com\/fr\/wp-json\/wp\/v2\/media?parent=10103"}],"wp:term":[{"taxonomy":"event-category","embeddable":true,"href":"https:\/\/mediterraneanday.com\/fr\/wp-json\/wp\/v2\/event-category?post=10103"},{"taxonomy":"city","embeddable":true,"href":"https:\/\/mediterraneanday.com\/fr\/wp-json\/wp\/v2\/city?post=10103"},{"taxonomy":"state","embeddable":true,"href":"https:\/\/mediterraneanday.com\/fr\/wp-json\/wp\/v2\/state?post=10103"},{"taxonomy":"country","embeddable":true,"href":"https:\/\/mediterraneanday.com\/fr\/wp-json\/wp\/v2\/country?post=10103"}],"curies":[{"name":"wp","href":"https:\/\/api.w.org\/{rel}","templated":true}]}}