{"id":24098,"date":"2024-07-19T07:14:49","date_gmt":"2024-07-19T07:14:49","guid":{"rendered":"https:\/\/mediterraneanday.com\/hero\/astrid-desjobert"},"modified":"2024-07-29T10:24:04","modified_gmt":"2024-07-29T10:24:04","slug":"astrid-desjobert","status":"publish","type":"hero","link":"https:\/\/mediterraneanday.com\/fr\/hero\/astrid-desjobert","title":{"rendered":"Astrid Desjobert"},"content":{"rendered":"\t\t<div data-elementor-type=\"wp-post\" data-elementor-id=\"24098\" class=\"elementor elementor-24098 elementor-24066\" data-elementor-post-type=\"hero\">\n\t\t\t\t\t\t<section class=\"elementor-section elementor-top-section elementor-element elementor-element-4ac2d7ae elementor-section-boxed elementor-section-height-default elementor-section-height-default\" data-id=\"4ac2d7ae\" data-element_type=\"section\" data-e-type=\"section\">\n\t\t\t\t\t\t<div class=\"elementor-container elementor-column-gap-default\">\n\t\t\t\t\t<div class=\"elementor-column elementor-col-50 elementor-top-column elementor-element elementor-element-30e118bf\" data-id=\"30e118bf\" data-element_type=\"column\" data-e-type=\"column\">\n\t\t\t<div class=\"elementor-widget-wrap elementor-element-populated\">\n\t\t\t\t\t\t<div class=\"elementor-element elementor-element-7f6a7ddd elementor-widget elementor-widget-image\" data-id=\"7f6a7ddd\" data-element_type=\"widget\" data-e-type=\"widget\" data-widget_type=\"image.default\">\n\t\t\t\t<div class=\"elementor-widget-container\">\n\t\t\t\t\t\t\t\t\t\t\t\t\t\t\t<img fetchpriority=\"high\" decoding=\"async\" width=\"332\" height=\"319\" src=\"https:\/\/mediterraneanday.com\/wp-content\/uploads\/2024\/07\/unemployment.png\" class=\"attachment-large size-large wp-image-23325\" alt=\"\" srcset=\"https:\/\/mediterraneanday.com\/wp-content\/uploads\/2024\/07\/unemployment.png 332w, https:\/\/mediterraneanday.com\/wp-content\/uploads\/2024\/07\/unemployment-300x288.png 300w\" sizes=\"(max-width: 332px) 100vw, 332px\" \/>\t\t\t\t\t\t\t\t\t\t\t\t\t\t\t<\/div>\n\t\t\t\t<\/div>\n\t\t\t\t\t<\/div>\n\t\t<\/div>\n\t\t\t\t<div class=\"elementor-column elementor-col-50 elementor-top-column elementor-element elementor-element-4e0490fd\" data-id=\"4e0490fd\" data-element_type=\"column\" data-e-type=\"column\">\n\t\t\t<div class=\"elementor-widget-wrap elementor-element-populated\">\n\t\t\t\t\t\t<div class=\"elementor-element elementor-element-71ea399 elementor-widget elementor-widget-heading\" data-id=\"71ea399\" data-element_type=\"widget\" data-e-type=\"widget\" data-widget_type=\"heading.default\">\n\t\t\t\t<div class=\"elementor-widget-container\">\n\t\t\t\t\t<h2 class=\"elementor-heading-title elementor-size-default\">Ch\u00f4mage<\/h2>\t\t\t\t<\/div>\n\t\t\t\t<\/div>\n\t\t\t\t<div class=\"elementor-element elementor-element-15303358 elementor-widget elementor-widget-text-editor\" data-id=\"15303358\" data-element_type=\"widget\" data-e-type=\"widget\" data-widget_type=\"text-editor.default\">\n\t\t\t\t<div class=\"elementor-widget-container\">\n\t\t\t\t\t\t\t\t\t<p>Les taux de ch\u00f4mage \u00e9lev\u00e9s, en particulier chez les jeunes, constituent un d\u00e9fi important dans la r\u00e9gion m\u00e9diterran\u00e9enne, car ils affectent la croissance \u00e9conomique et la stabilit\u00e9 au sein de la soci\u00e9t\u00e9. Il est imp\u00e9ratif d&rsquo;investir dans l&rsquo;\u00e9ducation et la cr\u00e9ation d&#8217;emplois, notamment dans le lien qui les unit, afin d&rsquo;offrir \u00e0 la prochaine g\u00e9n\u00e9ration de l&rsquo;espoir et des opportunit\u00e9s.<\/p>\t\t\t\t\t\t\t\t<\/div>\n\t\t\t\t<\/div>\n\t\t\t\t\t<\/div>\n\t\t<\/div>\n\t\t\t\t\t<\/div>\n\t\t<\/section>\n\t\t\t\t<section class=\"elementor-section elementor-top-section elementor-element elementor-element-22999616 elementor-section-boxed elementor-section-height-default elementor-section-height-default\" data-id=\"22999616\" data-element_type=\"section\" data-e-type=\"section\">\n\t\t\t\t\t\t<div class=\"elementor-container elementor-column-gap-default\">\n\t\t\t\t\t<div class=\"elementor-column elementor-col-50 elementor-top-column elementor-element elementor-element-25f2e233\" data-id=\"25f2e233\" data-element_type=\"column\" data-e-type=\"column\">\n\t\t\t<div class=\"elementor-widget-wrap elementor-element-populated\">\n\t\t\t\t\t\t<div class=\"elementor-element elementor-element-164b10d6 elementor-widget elementor-widget-heading\" data-id=\"164b10d6\" data-element_type=\"widget\" data-e-type=\"widget\" data-widget_type=\"heading.default\">\n\t\t\t\t<div class=\"elementor-widget-container\">\n\t\t\t\t\t<h2 class=\"elementor-heading-title elementor-size-default\">Astrid Desjobert<\/h2>\t\t\t\t<\/div>\n\t\t\t\t<\/div>\n\t\t\t\t<div class=\"elementor-element elementor-element-380774f8 elementor-widget elementor-widget-text-editor\" data-id=\"380774f8\" data-element_type=\"widget\" data-e-type=\"widget\" data-widget_type=\"text-editor.default\">\n\t\t\t\t<div class=\"elementor-widget-container\">\n\t\t\t\t\t\t\t\t\t<p>Dans une salle de classe baign\u00e9e de soleil en Tunisie, en Italie ou en France, l&rsquo;air est charg\u00e9 de l\u2019excitation d\u2019un monde ouvert aux possibilit\u00e9s. L\u00e0-bas, des groupes de jeunes adultes se rassemblent, leurs visages illumin\u00e9s d&rsquo;espoir alors qu&rsquo;ils entament un voyage vers un avenir meilleur. Ces individus font partie du <a href=\"https:\/\/www.mednc.org\/\" target=\"_blank\" rel=\"noopener\">R\u00e9seau M\u00e9diterran\u00e9en de la Nouvelle Chance (MedNC),<\/a> une initiative transformative visant \u00e0 int\u00e9grer les jeunes qui ne sont ni en \u00e9ducation, ni en emploi, ni en formation (NEET) dans le tissu socio-professionnel de la soci\u00e9t\u00e9.<\/p><p>Le R\u00e9seau MedNC, dirig\u00e9 par <a href=\"https:\/\/www.iecd.org\" target=\"_blank\" rel=\"noopener\">l&rsquo;Institut Europ\u00e9en de Coop\u00e9ration et de D\u00e9veloppement<\/a> (IECD), s&rsquo;\u00e9tend \u00e0 travers l&rsquo;Alg\u00e9rie, l&rsquo;\u00c9gypte, la France, l&rsquo;Italie, la Jordanie, le Liban, le Maroc, le Portugal, l&rsquo;Espagne et la Tunisie. Le r\u00e9seau comprend 18 organisations de formation professionnelle qui mettent en \u0153uvre des solutions efficaces pour lutter contre le ch\u00f4mage des jeunes et l&rsquo;exclusion socio-professionnelle, et favorise l&rsquo;\u00e9change de pratiques \u00e9ducatives innovantes \u00e0 travers la r\u00e9gion m\u00e9diterran\u00e9enne. Le projet repose sur trois piliers : unir les parties prenantes pour l&rsquo;int\u00e9gration socio-professionnelle, promouvoir le renforcement des capacit\u00e9s et am\u00e9liorer les opportunit\u00e9s pour les NEET par le biais du plaidoyer, en particulier pour les jeunes femmes.<\/p><p>\u00c0 la t\u00eate de cette initiative se trouve <strong>Astrid Desjobert<\/strong>, Directrice des Op\u00e9rations passionn\u00e9e, dont la carri\u00e8re t\u00e9moigne de son engagement pour la r\u00e9forme \u00e9ducative et l&rsquo;autonomisation des jeunes. <em>\u00ab Je travaille dans le secteur du d\u00e9veloppement avec un focus sur la M\u00e9diterran\u00e9e depuis neuf ans, abordant les d\u00e9fis \u00e9ducatifs et les lacunes en comp\u00e9tences chez les jeunes \u00bb<\/em>, partage-t-elle. Son parcours, du secteur priv\u00e9 \u00e0 l&rsquo;ONG qui pilote MedNC, a \u00e9t\u00e9 motiv\u00e9 par un d\u00e9sir de s&rsquo;attaquer aux causes profondes des disparit\u00e9s \u00e9ducatives.<\/p>\t\t\t\t\t\t\t\t<\/div>\n\t\t\t\t<\/div>\n\t\t\t\t\t<\/div>\n\t\t<\/div>\n\t\t\t\t<div class=\"elementor-column elementor-col-50 elementor-top-column elementor-element elementor-element-4711eb4c\" data-id=\"4711eb4c\" data-element_type=\"column\" data-e-type=\"column\">\n\t\t\t<div class=\"elementor-widget-wrap elementor-element-populated\">\n\t\t\t\t\t\t<div class=\"elementor-element elementor-element-a02a5e4 elementor-widget elementor-widget-image\" data-id=\"a02a5e4\" data-element_type=\"widget\" data-e-type=\"widget\" data-widget_type=\"image.default\">\n\t\t\t\t<div class=\"elementor-widget-container\">\n\t\t\t\t\t\t\t\t\t\t\t\t\t\t\t<img decoding=\"async\" width=\"332\" height=\"319\" src=\"https:\/\/mediterraneanday.com\/wp-content\/uploads\/2024\/07\/astrid_FR.png\" class=\"attachment-large size-large wp-image-23672\" alt=\"\" srcset=\"https:\/\/mediterraneanday.com\/wp-content\/uploads\/2024\/07\/astrid_FR.png 332w, https:\/\/mediterraneanday.com\/wp-content\/uploads\/2024\/07\/astrid_FR-300x288.png 300w\" sizes=\"(max-width: 332px) 100vw, 332px\" \/>\t\t\t\t\t\t\t\t\t\t\t\t\t\t\t<\/div>\n\t\t\t\t<\/div>\n\t\t\t\t\t<\/div>\n\t\t<\/div>\n\t\t\t\t\t<\/div>\n\t\t<\/section>\n\t\t\t\t<section class=\"elementor-section elementor-top-section elementor-element elementor-element-c244a13 elementor-section-boxed elementor-section-height-default elementor-section-height-default\" data-id=\"c244a13\" data-element_type=\"section\" data-e-type=\"section\">\n\t\t\t\t\t\t<div class=\"elementor-container elementor-column-gap-default\">\n\t\t\t\t\t<div class=\"elementor-column elementor-col-100 elementor-top-column elementor-element elementor-element-97e01bb\" data-id=\"97e01bb\" data-element_type=\"column\" data-e-type=\"column\">\n\t\t\t<div class=\"elementor-widget-wrap elementor-element-populated\">\n\t\t\t\t\t\t<div class=\"elementor-element elementor-element-aa5d298 elementor-widget elementor-widget-video\" data-id=\"aa5d298\" data-element_type=\"widget\" data-e-type=\"widget\" data-settings=\"{&quot;youtube_url&quot;:&quot;https:\\\/\\\/www.youtube.com\\\/watch?v=y1M7A3GA__E&quot;,&quot;video_type&quot;:&quot;youtube&quot;,&quot;controls&quot;:&quot;yes&quot;}\" data-widget_type=\"video.default\">\n\t\t\t\t<div class=\"elementor-widget-container\">\n\t\t\t\t\t\t\t<div class=\"elementor-wrapper elementor-open-inline\">\n\t\t\t<div class=\"elementor-video\"><\/div>\t\t<\/div>\n\t\t\t\t\t\t<\/div>\n\t\t\t\t<\/div>\n\t\t\t\t\t<\/div>\n\t\t<\/div>\n\t\t\t\t\t<\/div>\n\t\t<\/section>\n\t\t\t\t<section class=\"elementor-section elementor-top-section elementor-element elementor-element-24d0fff elementor-section-boxed elementor-section-height-default elementor-section-height-default\" data-id=\"24d0fff\" data-element_type=\"section\" data-e-type=\"section\">\n\t\t\t\t\t\t<div class=\"elementor-container elementor-column-gap-default\">\n\t\t\t\t\t<div class=\"elementor-column elementor-col-100 elementor-top-column elementor-element elementor-element-31bc087\" data-id=\"31bc087\" data-element_type=\"column\" data-e-type=\"column\">\n\t\t\t<div class=\"elementor-widget-wrap elementor-element-populated\">\n\t\t\t\t\t\t<div class=\"elementor-element elementor-element-f8ce50a elementor-widget elementor-widget-text-editor\" data-id=\"f8ce50a\" data-element_type=\"widget\" data-e-type=\"widget\" data-widget_type=\"text-editor.default\">\n\t\t\t\t<div class=\"elementor-widget-container\">\n\t\t\t\t\t\t\t\t\t<blockquote><p><em>\u00ab C&rsquo;\u00e9tait comme ouvrir la bo\u00eete de Pandore quand j&rsquo;ai r\u00e9alis\u00e9 que des millions de jeunes en M\u00e9diterran\u00e9e \u00e9taient d\u00e9j\u00e0 d\u00e9sesp\u00e9r\u00e9s \u00e0 15 ou 17 ans. \u00bb<\/em> <strong>On pouvait entendre l&rsquo;\u00e9motion dans la voix d&rsquo;Astrid.<\/strong> <em>\u00ab C&rsquo;est l\u00e0 que je me suis dit que non, ce n&rsquo;\u00e9tait pas possible. En repensant \u00e0 mon exp\u00e9rience \u00e9tudiante, c&rsquo;\u00e9tait facile, il y avait beaucoup d&rsquo;espoir pour l&rsquo;avenir. Comment cela peut-il \u00eatre juste ? \u00bb<\/em> <strong>C&rsquo;est alors qu&rsquo;Astrid s&rsquo;est dit qu&rsquo;elle devait faire quelque chose pour redresser ces injustices.<\/strong><\/p><\/blockquote>\t\t\t\t\t\t\t\t<\/div>\n\t\t\t\t<\/div>\n\t\t\t\t\t<\/div>\n\t\t<\/div>\n\t\t\t\t\t<\/div>\n\t\t<\/section>\n\t\t\t\t<section class=\"elementor-section elementor-top-section elementor-element elementor-element-e0d4618 elementor-section-boxed elementor-section-height-default elementor-section-height-default\" data-id=\"e0d4618\" data-element_type=\"section\" data-e-type=\"section\">\n\t\t\t\t\t\t<div class=\"elementor-container elementor-column-gap-default\">\n\t\t\t\t\t<div class=\"elementor-column elementor-col-50 elementor-top-column elementor-element elementor-element-666f77e\" data-id=\"666f77e\" data-element_type=\"column\" data-e-type=\"column\">\n\t\t\t<div class=\"elementor-widget-wrap elementor-element-populated\">\n\t\t\t\t\t\t<div class=\"elementor-element elementor-element-17d6ef2 elementor-widget elementor-widget-text-editor\" data-id=\"17d6ef2\" data-element_type=\"widget\" data-e-type=\"widget\" data-widget_type=\"text-editor.default\">\n\t\t\t\t<div class=\"elementor-widget-container\">\n\t\t\t\t\t\t\t\t\t<p>Ses rencontres avec les jeunes \u00e0 travers la M\u00e9diterran\u00e9e l&rsquo;ont profond\u00e9ment influenc\u00e9e. <em>\u00ab Rencontrer ces jeunes, qui font face \u00e0 de nombreux d\u00e9fis \u2014 de l&rsquo;absence de guidance et de perspectives d&#8217;emploi \u00e0 la d\u00e9gradation de l&rsquo;environnement \u2014 a \u00e9t\u00e9 une exp\u00e9rience marquante. Il est clair que le syst\u00e8me les a abandonn\u00e9s, et non l&rsquo;inverse \u00bb<\/em>, explique-t-elle. <strong>Les statistiques sont alarmantes, avec presque 1 jeune sur 3 \u00e2g\u00e9 de 15 \u00e0 24 ans en Afrique du Nord class\u00e9 comme NEET. En Espagne, les jeunes de moins de 29 ans sans \u00e9ducation ni emploi avoisinent le million<\/strong>. Pourtant, c&rsquo;est en voyant la transformation de ces jeunes vies qu&rsquo;elle reste motiv\u00e9e. <em>\u00ab Voir les \u00e9toiles dans leurs yeux et entendre comment le projet a chang\u00e9 leurs vies est incroyablement gratifiant. \u00bb<\/em><\/p><p>Un souvenir poignant qu&rsquo;elle \u00e9voque est une performance th\u00e9\u00e2trale des \u00e9tudiants, illustrant comment les \u00e9coles de la deuxi\u00e8me chance ont chang\u00e9 leurs vies. <em>\u00ab Ils ont jou\u00e9 devant des officiels, le personnel scolaire et les familles. Ce fut un moment puissant de connexion et de fiert\u00e9 \u00bb<\/em>, dit-elle. Un autre jalon significatif a \u00e9t\u00e9 le lancement de la premi\u00e8re \u00e9cole de la deuxi\u00e8me chance \u00e0 Sousse, apr\u00e8s cinq ans d&rsquo;efforts d\u00e9vou\u00e9s. <em>\u00ab Entendre les jeunes exprimer leur gratitude fut un moment d&rsquo;immense satisfaction\u00a0\u00bb.<\/em><\/p><p><strong>L&rsquo;impact de MedNC est multiforme, s&rsquo;attaquant non seulement aux besoins \u00e9ducatifs mais aussi aux d\u00e9fis syst\u00e9miques<\/strong>. En travaillant \u00e9troitement avec les gouvernements et les acteurs locaux, le projet cr\u00e9e des cadres et des politiques durables, comme en Tunisie. Il autonomise \u00e9galement les \u00e9ducateurs locaux gr\u00e2ce \u00e0 des programmes de formation innovants, comme la bo\u00eete \u00e0 outils p\u00e9dagogique <strong>&lsquo;MedNGreen&rsquo;<\/strong> r\u00e9cemment d\u00e9velopp\u00e9e, qui met l&rsquo;accent sur les pratiques durables et la sensibilisation environnementale en M\u00e9diterran\u00e9e. <strong>Cette bo\u00eete \u00e0 outils est la pierre angulaire d&rsquo;un changement majeur visant \u00e0 placer ces jeunes au centre des solutions de demain pour des soci\u00e9t\u00e9s durables<\/strong>. Astrid et son \u00e9quipe ont reconnu un manque flagrant \u2014 les jeunes d\u00e9sengag\u00e9s \u00e9taient exclus des principales innovations et d\u00e9fis mondiaux, en particulier dans les secteurs num\u00e9rique et environnemental.\u00a0<\/p>\t\t\t\t\t\t\t\t<\/div>\n\t\t\t\t<\/div>\n\t\t\t\t\t<\/div>\n\t\t<\/div>\n\t\t\t\t<div class=\"elementor-column elementor-col-50 elementor-top-column elementor-element elementor-element-f2fb7b0\" data-id=\"f2fb7b0\" data-element_type=\"column\" data-e-type=\"column\">\n\t\t\t<div class=\"elementor-widget-wrap elementor-element-populated\">\n\t\t\t\t\t\t<section class=\"elementor-section elementor-inner-section elementor-element elementor-element-5c18cb7 elementor-section-boxed elementor-section-height-default elementor-section-height-default\" data-id=\"5c18cb7\" data-element_type=\"section\" data-e-type=\"section\">\n\t\t\t\t\t\t<div class=\"elementor-container elementor-column-gap-default\">\n\t\t\t\t\t<div class=\"elementor-column elementor-col-100 elementor-inner-column elementor-element elementor-element-a495cc1\" data-id=\"a495cc1\" data-element_type=\"column\" data-e-type=\"column\">\n\t\t\t<div class=\"elementor-widget-wrap elementor-element-populated\">\n\t\t\t\t\t\t<div class=\"elementor-element elementor-element-ae4651d elementor-widget elementor-widget-text-editor\" data-id=\"ae4651d\" data-element_type=\"widget\" data-e-type=\"widget\" data-widget_type=\"text-editor.default\">\n\t\t\t\t<div class=\"elementor-widget-container\">\n\t\t\t\t\t\t\t\t\t<p>Pour ces jeunes, le manque de comp\u00e9tences num\u00e9riques est un obstacle majeur. Sans ces comp\u00e9tences, postuler \u00e0 des emplois, passer des entretiens et suivre des formations dans les m\u00e9tiers num\u00e9riques devient presque impossible. Le secteur environnemental pr\u00e9sente des d\u00e9fis similaires. Comprendre les enjeux environnementaux et se former aux m\u00e9tiers verts est crucial, mais ces jeunes sont souvent consid\u00e9r\u00e9s comme incapables d&rsquo;entrer dans ces domaines innovants. Ainsi, MedNGreen est un outil efficace pour les \u00e9ducateurs afin de changer cette perception.<\/p><p>Malgr\u00e9 les d\u00e9fis, tels que les ressources limit\u00e9es et l&rsquo;ampleur du probl\u00e8me, l&rsquo;approche collaborative du projet soutient leurs efforts. <em>\u00ab C&rsquo;est cette collaboration qui nous motive. Voir d&rsquo;autres personnes dans diff\u00e9rents pays confront\u00e9es \u00e0 des probl\u00e8mes similaires et ne pas abandonner cr\u00e9e un r\u00e9seau fort et solidaire \u00e0 travers 10 pays \u00bb,<\/em> r\u00e9fl\u00e9chit-elle.<\/p><p>Alors que le projet MedNC continue de s&rsquo;\u00e9tendre, son avenir semble prometteur. Avec l&rsquo;aspiration de reproduire des mod\u00e8les r\u00e9ussis et d&rsquo;initier des dialogues avec plus de pays, l&rsquo;objectif est clair : fournir des solutions d&rsquo;int\u00e9gration suffisantes pour tous les NEET, en se concentrant sur les emplois et comp\u00e9tences du futur.<\/p><p>Dans les mots d&rsquo;Astrid Desjobert, <em>\u00ab Ce projet ne concerne pas seulement l&rsquo;\u00e9ducation ; il s&rsquo;agit de restaurer la dignit\u00e9 et l&rsquo;espoir d&rsquo;une g\u00e9n\u00e9ration de jeunes, de les encourager \u00e0 r\u00eaver et \u00e0 construire un avenir dont ils peuvent \u00eatre fiers. \u00bb<\/em><\/p><p><strong>\u00c0 propos du R\u00e9seau M\u00e9diterran\u00e9en de la Nouvelle Chance<\/strong><\/p><ul><li>MedNC a prouv\u00e9 l&rsquo;importance de son travail en soutenant plus <strong>de 4000 professionnels<\/strong> travaillant avec <strong>55 000 jeunes<\/strong> \u00e0 travers <strong>10 pays m\u00e9diterran\u00e9ens<\/strong> : Alg\u00e9rie, \u00c9gypte, France, Italie, Jordanie, Liban, Maroc, Portugal, Espagne et Tunisie.<\/li><li><a href=\"https:\/\/www.mednc.org\/en\/notre-action\/accompagnement-de-solutions-nationales\/mednc-appelle-a-laction-repondre-a-lurgence-des-neets-en-mediterranee\" target=\"_blank\" rel=\"noopener\">M\u00e9mo politique de MedNC : Aborder l&rsquo;urgence NEET en M\u00e9diterran\u00e9e<\/a><\/li><li><strong>Web s\u00e9rie :<\/strong> d\u00e9couvrez les vid\u00e9os de MedNC en <a href=\"https:\/\/www.youtube.com\/watch?v=eIV43sFH0iw&amp;ab_channel=LesHaut-Parleurs\" target=\"_blank\" rel=\"noopener\">France<\/a>, au <a href=\"https:\/\/www.youtube.com\/watch?v=r_IugpJmSlw&amp;ab_channel=LesHaut-Parleurs\" target=\"_blank\" rel=\"noopener\">Maroc<\/a> et en <a href=\"https:\/\/www.youtube.com\/watch?v=_e3RzbW7V8U&amp;ab_channel=LesHaut-Parleurs\" target=\"_blank\" rel=\"noopener\">Tunisie<\/a>.<\/li><\/ul>\t\t\t\t\t\t\t\t<\/div>\n\t\t\t\t<\/div>\n\t\t\t\t\t<\/div>\n\t\t<\/div>\n\t\t\t\t\t<\/div>\n\t\t<\/section>\n\t\t\t\t\t<\/div>\n\t\t<\/div>\n\t\t\t\t\t<\/div>\n\t\t<\/section>\n\t\t\t\t<section class=\"elementor-section elementor-top-section elementor-element elementor-element-abd831a elementor-section-boxed elementor-section-height-default elementor-section-height-default\" data-id=\"abd831a\" data-element_type=\"section\" data-e-type=\"section\">\n\t\t\t\t\t\t<div class=\"elementor-container elementor-column-gap-default\">\n\t\t\t\t\t<div class=\"elementor-column elementor-col-100 elementor-top-column elementor-element elementor-element-765d3e3\" data-id=\"765d3e3\" data-element_type=\"column\" data-e-type=\"column\">\n\t\t\t<div class=\"elementor-widget-wrap elementor-element-populated\">\n\t\t\t\t\t\t<div class=\"elementor-element elementor-element-e8e5594 elementor-align-center elementor-widget elementor-widget-button\" data-id=\"e8e5594\" data-element_type=\"widget\" data-e-type=\"widget\" data-widget_type=\"button.default\">\n\t\t\t\t<div class=\"elementor-widget-container\">\n\t\t\t\t\t\t\t\t\t<div class=\"elementor-button-wrapper\">\n\t\t\t\t\t<a class=\"elementor-button elementor-button-link elementor-size-sm\" href=\"https:\/\/mediterraneanday.com\/fr\/the-next-wave\">\n\t\t\t\t\t\t<span class=\"elementor-button-content-wrapper\">\n\t\t\t\t\t\t\t\t\t<span class=\"elementor-button-text\"> RETOUR \u00c0 LA PROCHAINE VAGUE<\/span>\n\t\t\t\t\t<\/span>\n\t\t\t\t\t<\/a>\n\t\t\t\t<\/div>\n\t\t\t\t\t\t\t\t<\/div>\n\t\t\t\t<\/div>\n\t\t\t\t\t<\/div>\n\t\t<\/div>\n\t\t\t\t\t<\/div>\n\t\t<\/section>\n\t\t\t\t<\/div>\n\t\t","protected":false},"template":"","class_list":["post-24098","hero","type-hero","status-publish","hentry"],"yoast_head":"<!-- This site is optimized with the Yoast SEO Premium plugin v19.1 (Yoast SEO v27.5) - https:\/\/yoast.com\/product\/yoast-seo-premium-wordpress\/ -->\n<title>Astrid Desjobert - Mediterranean Day<\/title>\n<meta name=\"robots\" content=\"index, follow, max-snippet:-1, max-image-preview:large, max-video-preview:-1\" \/>\n<link rel=\"canonical\" href=\"https:\/\/mediterranean-day-a1.c.wetopi.com\/fr\/hero\/astrid-desjobert\" \/>\n<meta property=\"og:locale\" content=\"fr_FR\" \/>\n<meta property=\"og:type\" content=\"article\" \/>\n<meta property=\"og:title\" content=\"Astrid Desjobert\" \/>\n<meta property=\"og:description\" content=\"Ch\u00f4mage Les taux de ch\u00f4mage \u00e9lev\u00e9s, en particulier chez les jeunes, constituent un d\u00e9fi important dans la r\u00e9gion m\u00e9diterran\u00e9enne, car ils affectent la croissance \u00e9conomique et la stabilit\u00e9 au sein de la soci\u00e9t\u00e9. Il est imp\u00e9ratif d&rsquo;investir dans l&rsquo;\u00e9ducation et la cr\u00e9ation d&#8217;emplois, notamment dans le lien qui les unit, afin d&rsquo;offrir \u00e0 la prochaine ... Lire la suite\" \/>\n<meta property=\"og:url\" content=\"https:\/\/mediterranean-day-a1.c.wetopi.com\/fr\/hero\/astrid-desjobert\" \/>\n<meta property=\"og:site_name\" content=\"Mediterranean Day\" \/>\n<meta property=\"article:modified_time\" content=\"2024-07-29T10:24:04+00:00\" \/>\n<meta property=\"og:image\" content=\"https:\/\/mediterranean-day-a1.c.wetopi.com\/wp-content\/uploads\/2024\/07\/unemployment.png\" \/>\n<meta name=\"twitter:card\" content=\"summary_large_image\" \/>\n<meta name=\"twitter:label1\" content=\"Dur\u00e9e de lecture estim\u00e9e\" \/>\n\t<meta name=\"twitter:data1\" content=\"6 minutes\" \/>\n<script type=\"application\/ld+json\" class=\"yoast-schema-graph\">{\"@context\":\"https:\\\/\\\/schema.org\",\"@graph\":[{\"@type\":\"WebPage\",\"@id\":\"https:\\\/\\\/mediterranean-day-a1.c.wetopi.com\\\/fr\\\/hero\\\/astrid-desjobert\",\"url\":\"https:\\\/\\\/mediterranean-day-a1.c.wetopi.com\\\/fr\\\/hero\\\/astrid-desjobert\",\"name\":\"Astrid Desjobert - Mediterranean Day\",\"isPartOf\":{\"@id\":\"https:\\\/\\\/mediterranean-day-a1.c.wetopi.com\\\/#website\"},\"primaryImageOfPage\":{\"@id\":\"https:\\\/\\\/mediterranean-day-a1.c.wetopi.com\\\/fr\\\/hero\\\/astrid-desjobert#primaryimage\"},\"image\":{\"@id\":\"https:\\\/\\\/mediterranean-day-a1.c.wetopi.com\\\/fr\\\/hero\\\/astrid-desjobert#primaryimage\"},\"thumbnailUrl\":\"https:\\\/\\\/mediterraneanday.com\\\/wp-content\\\/uploads\\\/2024\\\/07\\\/unemployment.png\",\"datePublished\":\"2024-07-19T07:14:49+00:00\",\"dateModified\":\"2024-07-29T10:24:04+00:00\",\"breadcrumb\":{\"@id\":\"https:\\\/\\\/mediterranean-day-a1.c.wetopi.com\\\/fr\\\/hero\\\/astrid-desjobert#breadcrumb\"},\"inLanguage\":\"fr-FR\",\"potentialAction\":[{\"@type\":\"ReadAction\",\"target\":[\"https:\\\/\\\/mediterranean-day-a1.c.wetopi.com\\\/fr\\\/hero\\\/astrid-desjobert\"]}]},{\"@type\":\"ImageObject\",\"inLanguage\":\"fr-FR\",\"@id\":\"https:\\\/\\\/mediterranean-day-a1.c.wetopi.com\\\/fr\\\/hero\\\/astrid-desjobert#primaryimage\",\"url\":\"https:\\\/\\\/mediterraneanday.com\\\/wp-content\\\/uploads\\\/2024\\\/07\\\/unemployment.png\",\"contentUrl\":\"https:\\\/\\\/mediterraneanday.com\\\/wp-content\\\/uploads\\\/2024\\\/07\\\/unemployment.png\"},{\"@type\":\"BreadcrumbList\",\"@id\":\"https:\\\/\\\/mediterranean-day-a1.c.wetopi.com\\\/fr\\\/hero\\\/astrid-desjobert#breadcrumb\",\"itemListElement\":[{\"@type\":\"ListItem\",\"position\":1,\"name\":\"Home\",\"item\":\"https:\\\/\\\/mediterraneanday.com\\\/\"},{\"@type\":\"ListItem\",\"position\":2,\"name\":\"Astrid Desjobert\"}]},{\"@type\":\"WebSite\",\"@id\":\"https:\\\/\\\/mediterranean-day-a1.c.wetopi.com\\\/#website\",\"url\":\"https:\\\/\\\/mediterranean-day-a1.c.wetopi.com\\\/\",\"name\":\"Mediterranean Day\",\"description\":\"Celebrating the Mediterranean\",\"publisher\":{\"@id\":\"https:\\\/\\\/mediterranean-day-a1.c.wetopi.com\\\/#organization\"},\"potentialAction\":[{\"@type\":\"SearchAction\",\"target\":{\"@type\":\"EntryPoint\",\"urlTemplate\":\"https:\\\/\\\/mediterranean-day-a1.c.wetopi.com\\\/?s={search_term_string}\"},\"query-input\":{\"@type\":\"PropertyValueSpecification\",\"valueRequired\":true,\"valueName\":\"search_term_string\"}}],\"inLanguage\":\"fr-FR\"},{\"@type\":\"Organization\",\"@id\":\"https:\\\/\\\/mediterranean-day-a1.c.wetopi.com\\\/#organization\",\"name\":\"Mediterranean Day\",\"url\":\"https:\\\/\\\/mediterranean-day-a1.c.wetopi.com\\\/\",\"logo\":{\"@type\":\"ImageObject\",\"inLanguage\":\"fr-FR\",\"@id\":\"https:\\\/\\\/mediterranean-day-a1.c.wetopi.com\\\/#\\\/schema\\\/logo\\\/image\\\/\",\"url\":\"https:\\\/\\\/mediterraneanday.com\\\/wp-content\\\/uploads\\\/2020\\\/11\\\/med-day-logo.svg\",\"contentUrl\":\"https:\\\/\\\/mediterraneanday.com\\\/wp-content\\\/uploads\\\/2020\\\/11\\\/med-day-logo.svg\",\"caption\":\"Mediterranean Day\"},\"image\":{\"@id\":\"https:\\\/\\\/mediterranean-day-a1.c.wetopi.com\\\/#\\\/schema\\\/logo\\\/image\\\/\"}}]}<\/script>\n<!-- \/ Yoast SEO Premium plugin. -->","yoast_head_json":{"title":"Astrid Desjobert - Mediterranean Day","robots":{"index":"index","follow":"follow","max-snippet":"max-snippet:-1","max-image-preview":"max-image-preview:large","max-video-preview":"max-video-preview:-1"},"canonical":"https:\/\/mediterranean-day-a1.c.wetopi.com\/fr\/hero\/astrid-desjobert","og_locale":"fr_FR","og_type":"article","og_title":"Astrid Desjobert","og_description":"Ch\u00f4mage Les taux de ch\u00f4mage \u00e9lev\u00e9s, en particulier chez les jeunes, constituent un d\u00e9fi important dans la r\u00e9gion m\u00e9diterran\u00e9enne, car ils affectent la croissance \u00e9conomique et la stabilit\u00e9 au sein de la soci\u00e9t\u00e9. Il est imp\u00e9ratif d&rsquo;investir dans l&rsquo;\u00e9ducation et la cr\u00e9ation d&#8217;emplois, notamment dans le lien qui les unit, afin d&rsquo;offrir \u00e0 la prochaine ... Lire la suite","og_url":"https:\/\/mediterranean-day-a1.c.wetopi.com\/fr\/hero\/astrid-desjobert","og_site_name":"Mediterranean Day","article_modified_time":"2024-07-29T10:24:04+00:00","og_image":[{"url":"https:\/\/mediterranean-day-a1.c.wetopi.com\/wp-content\/uploads\/2024\/07\/unemployment.png","type":"","width":"","height":""}],"twitter_card":"summary_large_image","twitter_misc":{"Dur\u00e9e de lecture estim\u00e9e":"6 minutes"},"schema":{"@context":"https:\/\/schema.org","@graph":[{"@type":"WebPage","@id":"https:\/\/mediterranean-day-a1.c.wetopi.com\/fr\/hero\/astrid-desjobert","url":"https:\/\/mediterranean-day-a1.c.wetopi.com\/fr\/hero\/astrid-desjobert","name":"Astrid Desjobert - Mediterranean Day","isPartOf":{"@id":"https:\/\/mediterranean-day-a1.c.wetopi.com\/#website"},"primaryImageOfPage":{"@id":"https:\/\/mediterranean-day-a1.c.wetopi.com\/fr\/hero\/astrid-desjobert#primaryimage"},"image":{"@id":"https:\/\/mediterranean-day-a1.c.wetopi.com\/fr\/hero\/astrid-desjobert#primaryimage"},"thumbnailUrl":"https:\/\/mediterraneanday.com\/wp-content\/uploads\/2024\/07\/unemployment.png","datePublished":"2024-07-19T07:14:49+00:00","dateModified":"2024-07-29T10:24:04+00:00","breadcrumb":{"@id":"https:\/\/mediterranean-day-a1.c.wetopi.com\/fr\/hero\/astrid-desjobert#breadcrumb"},"inLanguage":"fr-FR","potentialAction":[{"@type":"ReadAction","target":["https:\/\/mediterranean-day-a1.c.wetopi.com\/fr\/hero\/astrid-desjobert"]}]},{"@type":"ImageObject","inLanguage":"fr-FR","@id":"https:\/\/mediterranean-day-a1.c.wetopi.com\/fr\/hero\/astrid-desjobert#primaryimage","url":"https:\/\/mediterraneanday.com\/wp-content\/uploads\/2024\/07\/unemployment.png","contentUrl":"https:\/\/mediterraneanday.com\/wp-content\/uploads\/2024\/07\/unemployment.png"},{"@type":"BreadcrumbList","@id":"https:\/\/mediterranean-day-a1.c.wetopi.com\/fr\/hero\/astrid-desjobert#breadcrumb","itemListElement":[{"@type":"ListItem","position":1,"name":"Home","item":"https:\/\/mediterraneanday.com\/"},{"@type":"ListItem","position":2,"name":"Astrid Desjobert"}]},{"@type":"WebSite","@id":"https:\/\/mediterranean-day-a1.c.wetopi.com\/#website","url":"https:\/\/mediterranean-day-a1.c.wetopi.com\/","name":"Mediterranean Day","description":"Celebrating the Mediterranean","publisher":{"@id":"https:\/\/mediterranean-day-a1.c.wetopi.com\/#organization"},"potentialAction":[{"@type":"SearchAction","target":{"@type":"EntryPoint","urlTemplate":"https:\/\/mediterranean-day-a1.c.wetopi.com\/?s={search_term_string}"},"query-input":{"@type":"PropertyValueSpecification","valueRequired":true,"valueName":"search_term_string"}}],"inLanguage":"fr-FR"},{"@type":"Organization","@id":"https:\/\/mediterranean-day-a1.c.wetopi.com\/#organization","name":"Mediterranean Day","url":"https:\/\/mediterranean-day-a1.c.wetopi.com\/","logo":{"@type":"ImageObject","inLanguage":"fr-FR","@id":"https:\/\/mediterranean-day-a1.c.wetopi.com\/#\/schema\/logo\/image\/","url":"https:\/\/mediterraneanday.com\/wp-content\/uploads\/2020\/11\/med-day-logo.svg","contentUrl":"https:\/\/mediterraneanday.com\/wp-content\/uploads\/2020\/11\/med-day-logo.svg","caption":"Mediterranean Day"},"image":{"@id":"https:\/\/mediterranean-day-a1.c.wetopi.com\/#\/schema\/logo\/image\/"}}]}},"_links":{"self":[{"href":"https:\/\/mediterraneanday.com\/fr\/wp-json\/wp\/v2\/hero\/24098","targetHints":{"allow":["GET"]}}],"collection":[{"href":"https:\/\/mediterraneanday.com\/fr\/wp-json\/wp\/v2\/hero"}],"about":[{"href":"https:\/\/mediterraneanday.com\/fr\/wp-json\/wp\/v2\/types\/hero"}],"version-history":[{"count":10,"href":"https:\/\/mediterraneanday.com\/fr\/wp-json\/wp\/v2\/hero\/24098\/revisions"}],"predecessor-version":[{"id":24357,"href":"https:\/\/mediterraneanday.com\/fr\/wp-json\/wp\/v2\/hero\/24098\/revisions\/24357"}],"wp:attachment":[{"href":"https:\/\/mediterraneanday.com\/fr\/wp-json\/wp\/v2\/media?parent=24098"}],"curies":[{"name":"wp","href":"https:\/\/api.w.org\/{rel}","templated":true}]}}