{"id":11780,"date":"2022-01-24T14:37:26","date_gmt":"2022-01-24T14:37:26","guid":{"rendered":"https:\/\/mediterraneanday.com\/imprensa"},"modified":"2024-11-27T12:36:55","modified_gmt":"2024-11-27T12:36:55","slug":"imprensa","status":"publish","type":"page","link":"https:\/\/mediterraneanday.com\/pt-pt\/imprensa","title":{"rendered":"Imprensa"},"content":{"rendered":"\t\t<div data-elementor-type=\"wp-page\" data-elementor-id=\"11780\" class=\"elementor elementor-11780 elementor-4225\" data-elementor-post-type=\"page\">\n\t\t\t\t\t\t<section class=\"elementor-section elementor-top-section elementor-element elementor-element-483fd2a elementor-section-stretched elementor-section-boxed elementor-section-height-default elementor-section-height-default\" data-id=\"483fd2a\" data-element_type=\"section\" data-e-type=\"section\" id=\"top\" data-settings=\"{&quot;background_background&quot;:&quot;classic&quot;,&quot;stretch_section&quot;:&quot;section-stretched&quot;}\">\n\t\t\t\t\t\t<div class=\"elementor-container elementor-column-gap-default\">\n\t\t\t\t\t<div class=\"elementor-column elementor-col-100 elementor-top-column elementor-element elementor-element-59d74df\" data-id=\"59d74df\" data-element_type=\"column\" data-e-type=\"column\">\n\t\t\t<div class=\"elementor-widget-wrap elementor-element-populated\">\n\t\t\t\t\t\t<div class=\"elementor-element elementor-element-09be1bb elementor-widget elementor-widget-heading\" data-id=\"09be1bb\" data-element_type=\"widget\" data-e-type=\"widget\" data-widget_type=\"heading.default\">\n\t\t\t\t<div class=\"elementor-widget-container\">\n\t\t\t\t\t<h1 class=\"elementor-heading-title elementor-size-default\">IMPRENSA<\/h1>\t\t\t\t<\/div>\n\t\t\t\t<\/div>\n\t\t\t\t\t<\/div>\n\t\t<\/div>\n\t\t\t\t\t<\/div>\n\t\t<\/section>\n\t\t\t\t<section class=\"elementor-section elementor-top-section elementor-element elementor-element-4003133 elementor-section-stretched elementor-section-boxed elementor-section-height-default elementor-section-height-default\" data-id=\"4003133\" data-element_type=\"section\" data-e-type=\"section\" data-settings=\"{&quot;stretch_section&quot;:&quot;section-stretched&quot;,&quot;background_background&quot;:&quot;classic&quot;}\">\n\t\t\t\t\t\t<div class=\"elementor-container elementor-column-gap-default\">\n\t\t\t\t\t<div class=\"elementor-column elementor-col-33 elementor-top-column elementor-element elementor-element-0507175\" data-id=\"0507175\" data-element_type=\"column\" data-e-type=\"column\">\n\t\t\t<div class=\"elementor-widget-wrap\">\n\t\t\t\t\t\t\t<\/div>\n\t\t<\/div>\n\t\t\t\t<div class=\"elementor-column elementor-col-33 elementor-top-column elementor-element elementor-element-8131fb8\" data-id=\"8131fb8\" data-element_type=\"column\" data-e-type=\"column\">\n\t\t\t<div class=\"elementor-widget-wrap elementor-element-populated\">\n\t\t\t\t\t\t<div class=\"elementor-element elementor-element-e1b60ec elementor-widget elementor-widget-heading\" data-id=\"e1b60ec\" data-element_type=\"widget\" data-e-type=\"widget\" data-widget_type=\"heading.default\">\n\t\t\t\t<div class=\"elementor-widget-container\">\n\t\t\t\t\t<h2 class=\"elementor-heading-title elementor-size-default\">Se quiser fazer uma reportagem sobre o Dia do Mediterr\u00e2neo, ou sobre um aspecto do Mediterr\u00e2neo que possa fazer parte das celebra\u00e7\u00f5es, diga-nos!<\/h2>\t\t\t\t<\/div>\n\t\t\t\t<\/div>\n\t\t\t\t\t<\/div>\n\t\t<\/div>\n\t\t\t\t<div class=\"elementor-column elementor-col-33 elementor-top-column elementor-element elementor-element-ac34b79\" data-id=\"ac34b79\" data-element_type=\"column\" data-e-type=\"column\">\n\t\t\t<div class=\"elementor-widget-wrap\">\n\t\t\t\t\t\t\t<\/div>\n\t\t<\/div>\n\t\t\t\t\t<\/div>\n\t\t<\/section>\n\t\t\t\t<section class=\"elementor-section elementor-top-section elementor-element elementor-element-0d933e1 elementor-section-boxed elementor-section-height-default elementor-section-height-default\" data-id=\"0d933e1\" data-element_type=\"section\" data-e-type=\"section\">\n\t\t\t\t\t\t<div class=\"elementor-container elementor-column-gap-default\">\n\t\t\t\t\t<div class=\"elementor-column elementor-col-100 elementor-top-column elementor-element elementor-element-c5630da\" data-id=\"c5630da\" data-element_type=\"column\" data-e-type=\"column\">\n\t\t\t<div class=\"elementor-widget-wrap elementor-element-populated\">\n\t\t\t\t\t\t<div class=\"elementor-element elementor-element-05e77f9 elementor-widget elementor-widget-heading\" data-id=\"05e77f9\" data-element_type=\"widget\" data-e-type=\"widget\" data-widget_type=\"heading.default\">\n\t\t\t\t<div class=\"elementor-widget-container\">\n\t\t\t\t\t<h2 class=\"elementor-heading-title elementor-size-default\"><br>Contacto para a imprensa<\/h2>\t\t\t\t<\/div>\n\t\t\t\t<\/div>\n\t\t\t\t\t<\/div>\n\t\t<\/div>\n\t\t\t\t\t<\/div>\n\t\t<\/section>\n\t\t\t\t<section class=\"elementor-section elementor-top-section elementor-element elementor-element-e5349c7 elementor-section-boxed elementor-section-height-default elementor-section-height-default\" data-id=\"e5349c7\" data-element_type=\"section\" data-e-type=\"section\">\n\t\t\t\t\t\t<div class=\"elementor-container elementor-column-gap-default\">\n\t\t\t\t\t<div class=\"elementor-column elementor-col-100 elementor-top-column elementor-element elementor-element-5643e40\" data-id=\"5643e40\" data-element_type=\"column\" data-e-type=\"column\">\n\t\t\t<div class=\"elementor-widget-wrap elementor-element-populated\">\n\t\t\t\t\t\t<div class=\"elementor-element elementor-element-de04bcd elementor-widget elementor-widget-text-editor\" data-id=\"de04bcd\" data-element_type=\"widget\" data-e-type=\"widget\" data-widget_type=\"text-editor.default\">\n\t\t\t\t<div class=\"elementor-widget-container\">\n\t\t\t\t\t\t\t\t\t<h5><strong>Podemos fornecer cita\u00e7\u00f5es, entrevistas e contribui\u00e7\u00f5es da nossa lista de especialistas e parceiros. Se desejar ser um parceiro oficial do Dia do Mediterr\u00e2neo, por favor entre em contacto:<\/strong><\/h5>\n<p>Assessoria de Comunica\u00e7\u00e3o da UpM<br>+34 935 214 137<br><a href=\"mailto:media@ufmsecretariat.org\">media@ufmsecretariat.org<\/a><\/p>\t\t\t\t\t\t\t\t<\/div>\n\t\t\t\t<\/div>\n\t\t\t\t\t<\/div>\n\t\t<\/div>\n\t\t\t\t\t<\/div>\n\t\t<\/section>\n\t\t\t\t<section class=\"elementor-section elementor-top-section elementor-element elementor-element-23310d3 elementor-section-boxed elementor-section-height-default elementor-section-height-default\" data-id=\"23310d3\" data-element_type=\"section\" data-e-type=\"section\">\n\t\t\t\t\t\t<div class=\"elementor-container elementor-column-gap-default\">\n\t\t\t\t\t<div class=\"elementor-column elementor-col-100 elementor-top-column elementor-element elementor-element-59ff40c\" data-id=\"59ff40c\" data-element_type=\"column\" data-e-type=\"column\">\n\t\t\t<div class=\"elementor-widget-wrap elementor-element-populated\">\n\t\t\t\t\t\t<div class=\"elementor-element elementor-element-945d3bd elementor-widget elementor-widget-text-editor\" data-id=\"945d3bd\" data-element_type=\"widget\" data-e-type=\"widget\" data-widget_type=\"text-editor.default\">\n\t\t\t\t<div class=\"elementor-widget-container\">\n\t\t\t\t\t\t\t\t\t<h5><strong>Teremos todo o prazer em incluir o seu logotipo no website, e em promover e partilhar o seu conte\u00fado.<\/strong><\/h5>\n\t\t\t\t\t\t\t\t<\/div>\n\t\t\t\t<\/div>\n\t\t\t\t\t<\/div>\n\t\t<\/div>\n\t\t\t\t\t<\/div>\n\t\t<\/section>\n\t\t\t\t<section class=\"elementor-section elementor-top-section elementor-element elementor-element-5b001d1 elementor-section-boxed elementor-section-height-default elementor-section-height-default\" data-id=\"5b001d1\" data-element_type=\"section\" data-e-type=\"section\">\n\t\t\t\t\t\t<div class=\"elementor-container elementor-column-gap-default\">\n\t\t\t\t\t<div class=\"elementor-column elementor-col-100 elementor-top-column elementor-element elementor-element-358eef2\" data-id=\"358eef2\" data-element_type=\"column\" data-e-type=\"column\">\n\t\t\t<div class=\"elementor-widget-wrap elementor-element-populated\">\n\t\t\t\t\t\t<div class=\"elementor-element elementor-element-a84c878 elementor-widget elementor-widget-text-editor\" data-id=\"a84c878\" data-element_type=\"widget\" data-e-type=\"widget\" data-widget_type=\"text-editor.default\">\n\t\t\t\t<div class=\"elementor-widget-container\">\n\t\t\t\t\t\t\t\t\t<h5><a href=\"https:\/\/mediterraneanday.com\/wp-content\/uploads\/2024\/11\/UfM-MedDay-PressDossier-2024-EN_03.pdf\" target=\"_blank\" rel=\"noopener\"><strong>Download the Press Kit<\/strong><\/a><\/h5>\t\t\t\t\t\t\t\t<\/div>\n\t\t\t\t<\/div>\n\t\t\t\t\t<\/div>\n\t\t<\/div>\n\t\t\t\t\t<\/div>\n\t\t<\/section>\n\t\t\t\t<section class=\"elementor-section elementor-top-section elementor-element elementor-element-2d9cac5 elementor-section-boxed elementor-section-height-default elementor-section-height-default\" data-id=\"2d9cac5\" data-element_type=\"section\" data-e-type=\"section\">\n\t\t\t\t\t\t<div class=\"elementor-container elementor-column-gap-default\">\n\t\t\t\t\t<div class=\"elementor-column elementor-col-100 elementor-top-column elementor-element elementor-element-265ff68\" data-id=\"265ff68\" data-element_type=\"column\" data-e-type=\"column\">\n\t\t\t<div class=\"elementor-widget-wrap elementor-element-populated\">\n\t\t\t\t\t\t<div class=\"elementor-element elementor-element-9670e33 elementor-widget elementor-widget-spacer\" data-id=\"9670e33\" data-element_type=\"widget\" data-e-type=\"widget\" data-widget_type=\"spacer.default\">\n\t\t\t\t<div class=\"elementor-widget-container\">\n\t\t\t\t\t\t\t<div class=\"elementor-spacer\">\n\t\t\t<div class=\"elementor-spacer-inner\"><\/div>\n\t\t<\/div>\n\t\t\t\t\t\t<\/div>\n\t\t\t\t<\/div>\n\t\t\t\t\t<\/div>\n\t\t<\/div>\n\t\t\t\t\t<\/div>\n\t\t<\/section>\n\t\t\t\t<section class=\"elementor-section elementor-top-section elementor-element elementor-element-7814f7e elementor-section-boxed elementor-section-height-default elementor-section-height-default\" data-id=\"7814f7e\" data-element_type=\"section\" data-e-type=\"section\" data-settings=\"{&quot;background_background&quot;:&quot;classic&quot;}\">\n\t\t\t\t\t\t<div class=\"elementor-container elementor-column-gap-default\">\n\t\t\t\t\t<div class=\"elementor-column elementor-col-100 elementor-top-column elementor-element elementor-element-a868bf6\" data-id=\"a868bf6\" data-element_type=\"column\" data-e-type=\"column\">\n\t\t\t<div class=\"elementor-widget-wrap\">\n\t\t\t\t\t\t\t<\/div>\n\t\t<\/div>\n\t\t\t\t\t<\/div>\n\t\t<\/section>\n\t\t\t\t<section class=\"elementor-section elementor-top-section elementor-element elementor-element-2e110e0 elementor-section-boxed elementor-section-height-default elementor-section-height-default\" data-id=\"2e110e0\" data-element_type=\"section\" data-e-type=\"section\" data-settings=\"{&quot;background_background&quot;:&quot;classic&quot;}\">\n\t\t\t\t\t\t<div class=\"elementor-container elementor-column-gap-default\">\n\t\t\t\t\t<div class=\"elementor-column elementor-col-100 elementor-top-column elementor-element elementor-element-046684c\" data-id=\"046684c\" data-element_type=\"column\" data-e-type=\"column\">\n\t\t\t<div class=\"elementor-widget-wrap elementor-element-populated\">\n\t\t\t\t\t\t<div class=\"elementor-element elementor-element-74fe376 elementor-widget elementor-widget-heading\" data-id=\"74fe376\" data-element_type=\"widget\" data-e-type=\"widget\" data-widget_type=\"heading.default\">\n\t\t\t\t<div class=\"elementor-widget-container\">\n\t\t\t\t\t<h3 class=\"elementor-heading-title elementor-size-default\">Entrevistas<\/h3>\t\t\t\t<\/div>\n\t\t\t\t<\/div>\n\t\t\t\t<div class=\"elementor-element elementor-element-8038c1c elementor-widget elementor-widget-text-editor\" data-id=\"8038c1c\" data-element_type=\"widget\" data-e-type=\"widget\" data-widget_type=\"text-editor.default\">\n\t\t\t\t<div class=\"elementor-widget-container\">\n\t\t\t\t\t\t\t\t\t<p class=\"p1\">Se tiver uma ideia para um segmento ou uma reportagem sobre o Dia, ou sobre um aspecto do Mediterr\u00e2neo que possa fazer parte das celebra\u00e7\u00f5es, diga-nos! Podemos fornecer cita\u00e7\u00f5es, entrevistas e contribui\u00e7\u00f5es da nossa lista de peritos e parceiros. O Secret\u00e1rio-Geral da UpM, Nasser Kamel, a lista de especialistas da UpM e os especialistas dos ecossistemas mediterr\u00e2nicos mais vastos ficam \u00e0 sua disposi\u00e7\u00e3o para quaisquer coment\u00e1rios ou perguntas, bem como os promotores e benefici\u00e1rios do projecto para as mais de 60 iniciativas apoiadas. Por favor contacte-nos para <a href=\"mailto:media@ufmsecretariat.org\">media@ufmsecretariat.org<\/a> Pode encontrar uma lista completa dos nossos parceiros institucionais e dos promotores do nosso projecto <a href=\"https:\/\/ufmsecretariat.org\/medvoices\/\" target=\"_blank\" rel=\"noopener\">aqui<\/a>.<\/p>\t\t\t\t\t\t\t\t<\/div>\n\t\t\t\t<\/div>\n\t\t\t\t\t<\/div>\n\t\t<\/div>\n\t\t\t\t\t<\/div>\n\t\t<\/section>\n\t\t\t\t<section class=\"elementor-section elementor-top-section elementor-element elementor-element-7687e32 elementor-section-boxed elementor-section-height-default elementor-section-height-default\" data-id=\"7687e32\" data-element_type=\"section\" data-e-type=\"section\" data-settings=\"{&quot;background_background&quot;:&quot;classic&quot;}\">\n\t\t\t\t\t\t<div class=\"elementor-container elementor-column-gap-default\">\n\t\t\t\t\t<div class=\"elementor-column elementor-col-100 elementor-top-column elementor-element elementor-element-cf8a967\" data-id=\"cf8a967\" data-element_type=\"column\" data-e-type=\"column\">\n\t\t\t<div class=\"elementor-widget-wrap elementor-element-populated\">\n\t\t\t\t\t\t<div class=\"elementor-element elementor-element-058f837 elementor-widget elementor-widget-spacer\" data-id=\"058f837\" data-element_type=\"widget\" data-e-type=\"widget\" data-widget_type=\"spacer.default\">\n\t\t\t\t<div class=\"elementor-widget-container\">\n\t\t\t\t\t\t\t<div class=\"elementor-spacer\">\n\t\t\t<div class=\"elementor-spacer-inner\"><\/div>\n\t\t<\/div>\n\t\t\t\t\t\t<\/div>\n\t\t\t\t<\/div>\n\t\t\t\t\t<\/div>\n\t\t<\/div>\n\t\t\t\t\t<\/div>\n\t\t<\/section>\n\t\t\t\t<section class=\"elementor-section elementor-top-section elementor-element elementor-element-1eeda43 elementor-section-boxed elementor-section-height-default elementor-section-height-default\" data-id=\"1eeda43\" data-element_type=\"section\" data-e-type=\"section\">\n\t\t\t\t\t\t<div class=\"elementor-container elementor-column-gap-default\">\n\t\t\t\t\t<div class=\"elementor-column elementor-col-100 elementor-top-column elementor-element elementor-element-508d2e2\" data-id=\"508d2e2\" data-element_type=\"column\" data-e-type=\"column\">\n\t\t\t<div class=\"elementor-widget-wrap elementor-element-populated\">\n\t\t\t\t\t\t<div class=\"elementor-element elementor-element-046e869 elementor-widget elementor-widget-heading\" data-id=\"046e869\" data-element_type=\"widget\" data-e-type=\"widget\" data-widget_type=\"heading.default\">\n\t\t\t\t<div class=\"elementor-widget-container\">\n\t\t\t\t\t<h2 class=\"elementor-heading-title elementor-size-default\"><br>Comunicados de imprensa<\/h2>\t\t\t\t<\/div>\n\t\t\t\t<\/div>\n\t\t\t\t\t<\/div>\n\t\t<\/div>\n\t\t\t\t\t<\/div>\n\t\t<\/section>\n\t\t\t\t<section class=\"elementor-section elementor-top-section elementor-element elementor-element-ec40683 elementor-section-boxed elementor-section-height-default elementor-section-height-default\" data-id=\"ec40683\" data-element_type=\"section\" data-e-type=\"section\">\n\t\t\t\t\t\t<div class=\"elementor-container elementor-column-gap-default\">\n\t\t\t\t\t<div class=\"elementor-column elementor-col-100 elementor-top-column elementor-element elementor-element-953310d\" data-id=\"953310d\" data-element_type=\"column\" data-e-type=\"column\">\n\t\t\t<div class=\"elementor-widget-wrap elementor-element-populated\">\n\t\t\t\t\t\t<div class=\"elementor-element elementor-element-762cf09 elementor-widget elementor-widget-text-editor\" data-id=\"762cf09\" data-element_type=\"widget\" data-e-type=\"widget\" data-widget_type=\"text-editor.default\">\n\t\t\t\t<div class=\"elementor-widget-container\">\n\t\t\t\t\t\t\t\t\t<p>01.09.2024 &#8211; <strong><a href=\"https:\/\/mailchi.mp\/ufmsecretariat\/newsletter_en_sep2024?e=[UNIQID]\" target=\"_blank\" rel=\"noopener\">Join us for the Day of the Mediterranean<\/a> &#8211; <\/strong><a href=\"https:\/\/us5.campaign-archive.com\/?e=[UNIQID]&amp;u=f4fcd08cb4876511b070fc25c&amp;id=6a0f871965\">FR<\/a> \/ <a href=\"https:\/\/us5.campaign-archive.com\/?e=[UNIQID]&amp;u=f4fcd08cb4876511b070fc25c&amp;id=6e372f3ae5\">AR<\/a><\/p><p>01.07.2024 \u2013 <strong><a href=\"https:\/\/mailchi.mp\/ufmsecretariat\/newsletter_en_jul2024?e=ee259477f2\" target=\"_blank\" rel=\"noopener\">Day of the Mediterranean 2024: The Next Wave \u2013 building a shared tomorrow<\/a> &#8211; <\/strong><a href=\"https:\/\/us5.campaign-archive.com\/?e=ee259477f2&amp;u=f4fcd08cb4876511b070fc25c&amp;id=92d6e62d67\">FR<\/a> \/ <a href=\"https:\/\/us5.campaign-archive.com\/?e=ee259477f2&amp;u=f4fcd08cb4876511b070fc25c&amp;id=0019c93186\">AR<\/a><\/p><p>02.05.2023 \u2013 <strong><a href=\"https:\/\/mailchi.mp\/ufmsecretariat\/annual-report-626116?e=[UNIQID]\" target=\"_blank\" rel=\"noopener\">Day of the Mediterranean 2023<\/a> &#8211; <\/strong><a href=\"https:\/\/us5.campaign-archive.com\/?e=[UNIQID]&amp;u=f4fcd08cb4876511b070fc25c&amp;id=cc840f7761\">FR<\/a> \/ <a href=\"https:\/\/us5.campaign-archive.com\/?e=[UNIQID]&amp;u=f4fcd08cb4876511b070fc25c&amp;id=579a278db4\">AR<\/a><\/p><p>02.01.2023 \u2013 <strong><a href=\"https:\/\/mailchi.mp\/ad20b8b4ac1a\/med-day2022\" target=\"_blank\" rel=\"noopener\">Day of the Mediterranean 2022: Thank You!<\/a><\/strong><\/p><p>17.11.2022. &#8211; <a href=\"https:\/\/us5.campaign-archive.com\/?e=[UNIQID]&amp;u=f4fcd08cb4876511b070fc25c&amp;id=50211a78c1\" target=\"_blank\" rel=\"noopener\"><strong>C\u00e9l\u00e9bration de la deuxi\u00e8me \u00e9dition de la Journ\u00e9e de la M\u00e9diterran\u00e9e<\/strong><\/a> &#8211; <a href=\"https:\/\/mailchi.mp\/ufmsecretariat.org\/pr_fmm-625760?e=[UNIQID]\">EN<\/a> \/ <a href=\"https:\/\/us5.campaign-archive.com\/?e=[UNIQID]&amp;u=f4fcd08cb4876511b070fc25c&amp;id=faec75eb5e\">ES<\/a> \/ <a href=\"https:\/\/us5.campaign-archive.com\/?e=[UNIQID]&amp;u=f4fcd08cb4876511b070fc25c&amp;id=9e178c735e\">AR<\/a><\/p><p>15.11.2021 &#8211; <a href=\"https:\/\/mediterraneanday.com\/wp-content\/uploads\/2022\/11\/Human-Stories-UfM.pdf\" target=\"_blank\" rel=\"noopener\"><b>Human Stories of the Mediterranean<\/b><\/a><\/p><p>09.07.2021 &#8211; <strong><a href=\"https:\/\/mailchi.mp\/ufmsecretariat.org\/medday_pressdossier_en?e=[UNIQID]\" target=\"_blank\" rel=\"noopener\">Introducing: Day of the Mediterranean<\/a> <\/strong>&#8211; <a href=\"https:\/\/us5.campaign-archive.com\/?e=[UNIQID]&amp;u=f4fcd08cb4876511b070fc25c&amp;id=e83156992a\" target=\"_blank\" rel=\"noopener\">FR<\/a> \/ <a href=\"https:\/\/us5.campaign-archive.com\/?e=[UNIQID]&amp;u=f4fcd08cb4876511b070fc25c&amp;id=be4327498d\" target=\"_blank\" rel=\"noopener\">ES<\/a> \/ <a href=\"https:\/\/us5.campaign-archive.com\/?e=[UNIQID]&amp;u=f4fcd08cb4876511b070fc25c&amp;id=eb3eea4d88\" target=\"_blank\" rel=\"noopener\">AR<\/a> \/ <a href=\"https:\/\/us5.campaign-archive.com\/?e=[UNIQID]&amp;u=f4fcd08cb4876511b070fc25c&amp;id=5183e624c3\" target=\"_blank\" rel=\"noopener\">CAT<\/a><\/p><p>21.01.2021 &#8211; <strong><a href=\"https:\/\/mailchi.mp\/ufmsecretariat\/meddaylogo-newsletter_en?e=[UNIQID]\" target=\"_blank\" rel=\"noopener\">Choose the Mediterranean Day Logo!<\/a><\/strong> &#8211; <a href=\"https:\/\/us5.campaign-archive.com\/?e=[UNIQID]&amp;u=f4fcd08cb4876511b070fc25c&amp;id=683ec7d96d\" target=\"_blank\" rel=\"noopener\">FR<\/a> \/ <a href=\"https:\/\/us5.campaign-archive.com\/?e=[UNIQID]&amp;u=f4fcd08cb4876511b070fc25c&amp;id=7e4329174b\" target=\"_blank\" rel=\"noopener\">AR<\/a><\/p><p>07.12.2020 &#8211; <strong><a href=\"https:\/\/mailchi.mp\/ufmsecretariat\/medday-newsletter?e=[UNIQID]\" target=\"_blank\" rel=\"noopener\">An international day to foster a common Mediterranean identity<\/a><\/strong> &#8211; <a href=\"https:\/\/us5.campaign-archive.com\/?e=[UNIQID]&amp;u=f4fcd08cb4876511b070fc25c&amp;id=a03d1f7b22\" target=\"_blank\" rel=\"noopener\">FR<\/a> \/ <a href=\"https:\/\/us5.campaign-archive.com\/?e=[UNIQID]&amp;u=f4fcd08cb4876511b070fc25c&amp;id=f0f260688b\" target=\"_blank\" rel=\"noopener\">AR<\/a><\/p><p>28.11.2020 &#8211; <strong><a href=\"https:\/\/mailchi.mp\/ufmsecretariat.org\/pr_regionalforum_en-624126?e=[UNIQID]\" target=\"_blank\" rel=\"noopener\">The International Day of the Mediterranean is born<\/a><\/strong> &#8211; <a href=\"https:\/\/us5.campaign-archive.com\/?e=[UNIQID]&amp;u=f4fcd08cb4876511b070fc25c&amp;id=e7c48e148f\" target=\"_blank\" rel=\"noopener\">AR<\/a> \/ <a href=\"https:\/\/us5.campaign-archive.com\/?e=[UNIQID]&amp;u=f4fcd08cb4876511b070fc25c&amp;id=c3320b0c71\" target=\"_blank\" rel=\"noopener\">FR<\/a> \/ <a href=\"https:\/\/us5.campaign-archive.com\/?e=[UNIQID]&amp;u=f4fcd08cb4876511b070fc25c&amp;id=d474010ff6\" target=\"_blank\" rel=\"noopener\">ES<\/a><\/p>\t\t\t\t\t\t\t\t<\/div>\n\t\t\t\t<\/div>\n\t\t\t\t\t<\/div>\n\t\t<\/div>\n\t\t\t\t\t<\/div>\n\t\t<\/section>\n\t\t\t\t<section class=\"elementor-section elementor-top-section elementor-element elementor-element-e6cfc94 elementor-section-boxed elementor-section-height-default elementor-section-height-default\" data-id=\"e6cfc94\" data-element_type=\"section\" data-e-type=\"section\">\n\t\t\t\t\t\t<div class=\"elementor-container elementor-column-gap-default\">\n\t\t\t\t\t<div class=\"elementor-column elementor-col-100 elementor-top-column elementor-element elementor-element-33e2d03\" data-id=\"33e2d03\" data-element_type=\"column\" data-e-type=\"column\">\n\t\t\t<div class=\"elementor-widget-wrap elementor-element-populated\">\n\t\t\t\t\t\t<div class=\"elementor-element elementor-element-ab5bdef elementor-widget elementor-widget-heading\" data-id=\"ab5bdef\" data-element_type=\"widget\" data-e-type=\"widget\" data-widget_type=\"heading.default\">\n\t\t\t\t<div class=\"elementor-widget-container\">\n\t\t\t\t\t<h2 class=\"elementor-heading-title elementor-size-default\"><br>Est\u00e3o a falar de #mediterraneanday<\/h2>\t\t\t\t<\/div>\n\t\t\t\t<\/div>\n\t\t\t\t\t<\/div>\n\t\t<\/div>\n\t\t\t\t\t<\/div>\n\t\t<\/section>\n\t\t\t\t<section class=\"elementor-section elementor-top-section elementor-element elementor-element-8c97eb9 elementor-section-boxed elementor-section-height-default elementor-section-height-default\" data-id=\"8c97eb9\" data-element_type=\"section\" data-e-type=\"section\">\n\t\t\t\t\t\t<div class=\"elementor-container elementor-column-gap-default\">\n\t\t\t\t\t<div class=\"elementor-column elementor-col-100 elementor-top-column elementor-element elementor-element-bebc57b\" data-id=\"bebc57b\" data-element_type=\"column\" data-e-type=\"column\">\n\t\t\t<div class=\"elementor-widget-wrap elementor-element-populated\">\n\t\t\t\t\t\t<div class=\"elementor-element elementor-element-a844713 elementor-widget elementor-widget-text-editor\" data-id=\"a844713\" data-element_type=\"widget\" data-e-type=\"widget\" data-widget_type=\"text-editor.default\">\n\t\t\t\t<div class=\"elementor-widget-container\">\n\t\t\t\t\t\t\t\t\t<p><span lang=\"pt\">28.11.2021 &#8211; \u00a0<a href=\"https:\/\/www.francebleu.fr\/emissions\/kantara\/rcfm\/kantara-63\" target=\"_blank\" rel=\"noopener noreferrer\" data-auth=\"NotApplicable\" data-linkindex=\"13\">Kantara<\/a><\/span><\/p><p>28.11.2021<b><u>\u00a0Euronews<\/u><\/b>\u00a0&#8211;\u00a0<a href=\"https:\/\/www.euronews.com\/2021\/11\/28\/let-s-celebrate-mediterranean-unity-ahead-of-shared-challenges-view\" target=\"_blank\" rel=\"noopener noreferrer\" data-auth=\"NotApplicable\" data-linkindex=\"14\">Let&#8217;s celebrate Mediterranean unity ahead of shared challenges<\/a><\/p><p><span lang=\"fr\">28.11.2021<b><u>\u00a0<\/u><\/b><a href=\"https:\/\/www.euractiv.fr\/section\/plan-te\/opinion\/celebrer-la-diversite-mediterraneenne-pour-relever-nos-defis-communs\/\" target=\"_blank\" rel=\"noopener noreferrer\" data-auth=\"NotApplicable\" data-linkindex=\"15\"><b>Euractiv\u00a0<\/b>\u00ab\u00a0C\u00e9l\u00e9brer la diversit\u00e9 m\u00e9diterran\u00e9enne pour relever nos d\u00e9fis communs\u00a0\u00bb<\/a><\/span><\/p><p><span lang=\"es\">03.12.21\u00a0<b><u>RTVE<\/u><\/b>\u00a0<a href=\"https:\/\/www.rtve.es\/play\/videos\/europa-en-24-horas\/03-12-21\/6235546\/\" target=\"_blank\" rel=\"noopener noreferrer\" data-auth=\"NotApplicable\" data-linkindex=\"16\">Hablando de orillas. Tambi\u00e9n viajamos a Barcelona para hablar de la &#8220;Uni\u00f3n por el Mediterr\u00e1neo&#8221;.<\/a><\/span><\/p><p><span lang=\"ES\">1.12 2021 <\/span><b><span lang=\"ES\">&#8211;<span style=\"text-decoration: underline;\">RNE<\/span> &#8211; <\/span><\/b><a href=\"https:\/\/www.rtve.es\/play\/audios\/programa\/espanoles-mar-se-celebra-primera-vez-dia-del-mediterraneo-01-11-21\/6168625\/\"><span lang=\"ES\">Espa\u00f1oles en el Mar<\/span><\/a><\/p><p>28.11.2021-<b><span style=\"text-decoration: underline;\">RTVE Catalunya<\/span>&#8211; <\/b><a href=\"https:\/\/www.rtve.es\/play\/videos\/linformatiu\/28112021\/6229523\/\">Primer dia de la mediterr\u00e0nia<\/a><\/p><p>28.11.2021-<b><span style=\"text-decoration: underline;\">Diario de Noticias<\/span> &#8211; <\/b><a href=\"https:\/\/www.dn.pt\/internacional\/dia-do-mediterraneo-para-que-o-mar-una-cada-vez-mais-do-que-divide-14360470.html\">Interview UfM Secretary General\u00a0on Mediterranean Day<\/a><\/p><p>28.11.2021-<a href=\"https:\/\/www.efeverde.com\/noticias\/i-gonzalez-upm-el-mar-mediterraneo-esta-contaminado-y-sobreexplotado\/\" target=\"_blank\" rel=\"noopener\"><b><span style=\"text-decoration: underline;\">EFE<\/span><\/b><\/a><\/p><p>28.11.2021-<b><span lang=\"IT\">2M &#8211; <a href=\"https:\/\/2m.ma\/fr\/replay\/news\/info-soir\/28-11-2021\/info-soir-dimanche-28-novembre-2021-160\/\" target=\"_blank\" rel=\"noopener\">Info soir<\/a><\/span><\/b><\/p><p>25.11.2021-<b><span style=\"text-decoration: underline;\">France Bleu<\/span> &#8211; <\/b><a href=\"https:\/\/www.francebleu.fr\/emissions\/mare-latinu\/rcfm\/mare-latinu-28-novembre-premiere-journee-de-la-mediterranee\">Interview UfM Secretary General\u00a0on Mediterranean Day<\/a><\/p><p>25.11.2021-<strong><span style=\"text-decoration: underline;\">DW<\/span><\/strong> &#8211; <a href=\"https:\/\/www.dw.com\/en\/inside-europe-25112021\/av-59936655?maca=en-podcast_inside-europe-949-xml-mrss\" target=\"_blank\" rel=\"noopener\">Inside Europe on Mediterranean Day<\/a><\/p><p>25.11.2021-<a href=\"https:\/\/atlanticradio.ma\/index.php\/emissions\/invite-atlantic\/item\/12423-abdelkader-el-khissassi-secretaire-general-adjoint-de-l-upm\" target=\"_blank\" rel=\"noopener\"><span style=\"text-decoration: underline;\"><strong>Atlantic Radio<\/strong><\/span><\/a><\/p><p>23.11.2021-<a href=\"http:\/\/www.mapexpress.ma\/actualite\/opinions-et-debats\/trois-questions-grammenos-mastrojeni-secretaire-general-adjoint-lunion-mediterranee\/\" target=\"_blank\" rel=\"noopener\"><strong><span style=\"text-decoration: underline;\">MAP<\/span><\/strong><\/a><\/p><p>1-11-2021-<span style=\"text-decoration: underline;\"><strong>RNE<\/strong><\/span>&#8211; <a href=\"https:\/\/www.rtve.es\/play\/audios\/programa\/espanoles-mar-se-celebra-primera-vez-dia-del-mediterraneo-01-11-21\/6168625\/\">Se celebra por primera vez el D\u00eda del Mediterr\u00e1neo<\/a><\/p><p>29.08.2021 &#8211; <span style=\"text-decoration: underline;\"><strong>20 Minutos<\/strong><\/span> &#8211;\u00a0<a href=\"https:\/\/www.20minutos.es\/noticia\/4804164\/0\/noviembre-celebrara-vez-dia-mediterraneo\/\" target=\"_blank\" rel=\"noopener\">El 28 de noviembre se celebrar\u00e1 por primera vez el D\u00eda del Mediterr\u00e1neo<\/a><\/p><p>12.07.2021 &#8211; <span style=\"text-decoration: underline;\"><strong>Econostrum<\/strong><\/span> &#8211; <a href=\"https:\/\/en.econostrum.info\/The-Union-for-the-Mediterranean-launches-the-Mediterranean-Day_a1039.html\" target=\"_blank\" rel=\"noopener\">The Union for the Mediterranean launches the Mediterranean Day<\/a><\/p><p>01.07.2020 &#8211; <span style=\"text-decoration: underline;\"><strong>Festival de Pedralbes<\/strong><\/span> &#8211; <a href=\"https:\/\/festivalpedralbes.com\/dia-mediterraneo\/\" target=\"_blank\" rel=\"noopener\">El Festival Jardins Pedralbes apoya la celebraci\u00f3n del primer D\u00eda del Mediterr\u00e1neo<\/a><\/p><p>\u00a0<\/p>\t\t\t\t\t\t\t\t<\/div>\n\t\t\t\t<\/div>\n\t\t\t\t\t<\/div>\n\t\t<\/div>\n\t\t\t\t\t<\/div>\n\t\t<\/section>\n\t\t\t\t<\/div>\n\t\t","protected":false},"excerpt":{"rendered":"<p>IMPRENSA Se quiser fazer uma reportagem sobre o Dia do Mediterr\u00e2neo, ou sobre um aspecto do Mediterr\u00e2neo que possa fazer parte das celebra\u00e7\u00f5es, diga-nos! Contacto para a imprensa Podemos fornecer cita\u00e7\u00f5es, entrevistas e contribui\u00e7\u00f5es da nossa lista de especialistas e parceiros. Se desejar ser um parceiro oficial do Dia do Mediterr\u00e2neo, por favor entre em &#8230; <a title=\"Imprensa\" class=\"read-more\" href=\"https:\/\/mediterraneanday.com\/pt-pt\/imprensa\" aria-label=\"Leia mais sobre Imprensa\">Ler mais<\/a><\/p>\n","protected":false},"author":3,"featured_media":0,"parent":0,"menu_order":0,"comment_status":"closed","ping_status":"closed","template":"","meta":{"footnotes":""},"class_list":["post-11780","page","type-page","status-publish"],"yoast_head":"<!-- This site is optimized with the Yoast SEO Premium plugin v19.1 (Yoast SEO v27.5) - https:\/\/yoast.com\/product\/yoast-seo-premium-wordpress\/ -->\n<title>Imprensa - Mediterranean Day<\/title>\n<meta name=\"robots\" content=\"index, follow, max-snippet:-1, max-image-preview:large, max-video-preview:-1\" \/>\n<link rel=\"canonical\" href=\"https:\/\/mediterranean-day-a1.c.wetopi.com\/press-corner\" \/>\n<meta property=\"og:locale\" content=\"pt_PT\" \/>\n<meta property=\"og:type\" content=\"article\" \/>\n<meta property=\"og:title\" content=\"Imprensa\" \/>\n<meta property=\"og:description\" content=\"IMPRENSA Se quiser fazer uma reportagem sobre o Dia do Mediterr\u00e2neo, ou sobre um aspecto do Mediterr\u00e2neo que possa fazer parte das celebra\u00e7\u00f5es, diga-nos! Contacto para a imprensa Podemos fornecer cita\u00e7\u00f5es, entrevistas e contribui\u00e7\u00f5es da nossa lista de especialistas e parceiros. Se desejar ser um parceiro oficial do Dia do Mediterr\u00e2neo, por favor entre em ... Ler mais\" \/>\n<meta property=\"og:url\" content=\"https:\/\/mediterranean-day-a1.c.wetopi.com\/press-corner\" \/>\n<meta property=\"og:site_name\" content=\"Mediterranean Day\" \/>\n<meta property=\"article:modified_time\" content=\"2024-11-27T12:36:55+00:00\" \/>\n<meta name=\"twitter:card\" content=\"summary_large_image\" \/>\n<meta name=\"twitter:label1\" content=\"Tempo estimado de leitura\" \/>\n\t<meta name=\"twitter:data1\" content=\"3 minutos\" \/>\n<script type=\"application\/ld+json\" class=\"yoast-schema-graph\">{\"@context\":\"https:\\\/\\\/schema.org\",\"@graph\":[{\"@type\":\"WebPage\",\"@id\":\"https:\\\/\\\/mediterranean-day-a1.c.wetopi.com\\\/press-corner\",\"url\":\"https:\\\/\\\/mediterranean-day-a1.c.wetopi.com\\\/press-corner\",\"name\":\"Imprensa - Mediterranean Day\",\"isPartOf\":{\"@id\":\"https:\\\/\\\/mediterranean-day-a1.c.wetopi.com\\\/#website\"},\"datePublished\":\"2022-01-24T14:37:26+00:00\",\"dateModified\":\"2024-11-27T12:36:55+00:00\",\"breadcrumb\":{\"@id\":\"https:\\\/\\\/mediterranean-day-a1.c.wetopi.com\\\/press-corner#breadcrumb\"},\"inLanguage\":\"pt-PT\",\"potentialAction\":[{\"@type\":\"ReadAction\",\"target\":[\"https:\\\/\\\/mediterranean-day-a1.c.wetopi.com\\\/press-corner\"]}]},{\"@type\":\"BreadcrumbList\",\"@id\":\"https:\\\/\\\/mediterranean-day-a1.c.wetopi.com\\\/press-corner#breadcrumb\",\"itemListElement\":[{\"@type\":\"ListItem\",\"position\":1,\"name\":\"Home\",\"item\":\"https:\\\/\\\/mediterraneanday.com\\\/\"},{\"@type\":\"ListItem\",\"position\":2,\"name\":\"Imprensa\"}]},{\"@type\":\"WebSite\",\"@id\":\"https:\\\/\\\/mediterranean-day-a1.c.wetopi.com\\\/#website\",\"url\":\"https:\\\/\\\/mediterranean-day-a1.c.wetopi.com\\\/\",\"name\":\"Mediterranean Day\",\"description\":\"Celebrating the Mediterranean\",\"publisher\":{\"@id\":\"https:\\\/\\\/mediterranean-day-a1.c.wetopi.com\\\/#organization\"},\"potentialAction\":[{\"@type\":\"SearchAction\",\"target\":{\"@type\":\"EntryPoint\",\"urlTemplate\":\"https:\\\/\\\/mediterranean-day-a1.c.wetopi.com\\\/?s={search_term_string}\"},\"query-input\":{\"@type\":\"PropertyValueSpecification\",\"valueRequired\":true,\"valueName\":\"search_term_string\"}}],\"inLanguage\":\"pt-PT\"},{\"@type\":\"Organization\",\"@id\":\"https:\\\/\\\/mediterranean-day-a1.c.wetopi.com\\\/#organization\",\"name\":\"Mediterranean Day\",\"url\":\"https:\\\/\\\/mediterranean-day-a1.c.wetopi.com\\\/\",\"logo\":{\"@type\":\"ImageObject\",\"inLanguage\":\"pt-PT\",\"@id\":\"https:\\\/\\\/mediterranean-day-a1.c.wetopi.com\\\/#\\\/schema\\\/logo\\\/image\\\/\",\"url\":\"https:\\\/\\\/mediterraneanday.com\\\/wp-content\\\/uploads\\\/2020\\\/11\\\/med-day-logo.svg\",\"contentUrl\":\"https:\\\/\\\/mediterraneanday.com\\\/wp-content\\\/uploads\\\/2020\\\/11\\\/med-day-logo.svg\",\"width\":1004,\"height\":866,\"caption\":\"Mediterranean Day\"},\"image\":{\"@id\":\"https:\\\/\\\/mediterranean-day-a1.c.wetopi.com\\\/#\\\/schema\\\/logo\\\/image\\\/\"}}]}<\/script>\n<!-- \/ Yoast SEO Premium plugin. -->","yoast_head_json":{"title":"Imprensa - Mediterranean Day","robots":{"index":"index","follow":"follow","max-snippet":"max-snippet:-1","max-image-preview":"max-image-preview:large","max-video-preview":"max-video-preview:-1"},"canonical":"https:\/\/mediterranean-day-a1.c.wetopi.com\/press-corner","og_locale":"pt_PT","og_type":"article","og_title":"Imprensa","og_description":"IMPRENSA Se quiser fazer uma reportagem sobre o Dia do Mediterr\u00e2neo, ou sobre um aspecto do Mediterr\u00e2neo que possa fazer parte das celebra\u00e7\u00f5es, diga-nos! Contacto para a imprensa Podemos fornecer cita\u00e7\u00f5es, entrevistas e contribui\u00e7\u00f5es da nossa lista de especialistas e parceiros. Se desejar ser um parceiro oficial do Dia do Mediterr\u00e2neo, por favor entre em ... Ler mais","og_url":"https:\/\/mediterranean-day-a1.c.wetopi.com\/press-corner","og_site_name":"Mediterranean Day","article_modified_time":"2024-11-27T12:36:55+00:00","twitter_card":"summary_large_image","twitter_misc":{"Tempo estimado de leitura":"3 minutos"},"schema":{"@context":"https:\/\/schema.org","@graph":[{"@type":"WebPage","@id":"https:\/\/mediterranean-day-a1.c.wetopi.com\/press-corner","url":"https:\/\/mediterranean-day-a1.c.wetopi.com\/press-corner","name":"Imprensa - Mediterranean Day","isPartOf":{"@id":"https:\/\/mediterranean-day-a1.c.wetopi.com\/#website"},"datePublished":"2022-01-24T14:37:26+00:00","dateModified":"2024-11-27T12:36:55+00:00","breadcrumb":{"@id":"https:\/\/mediterranean-day-a1.c.wetopi.com\/press-corner#breadcrumb"},"inLanguage":"pt-PT","potentialAction":[{"@type":"ReadAction","target":["https:\/\/mediterranean-day-a1.c.wetopi.com\/press-corner"]}]},{"@type":"BreadcrumbList","@id":"https:\/\/mediterranean-day-a1.c.wetopi.com\/press-corner#breadcrumb","itemListElement":[{"@type":"ListItem","position":1,"name":"Home","item":"https:\/\/mediterraneanday.com\/"},{"@type":"ListItem","position":2,"name":"Imprensa"}]},{"@type":"WebSite","@id":"https:\/\/mediterranean-day-a1.c.wetopi.com\/#website","url":"https:\/\/mediterranean-day-a1.c.wetopi.com\/","name":"Mediterranean Day","description":"Celebrating the Mediterranean","publisher":{"@id":"https:\/\/mediterranean-day-a1.c.wetopi.com\/#organization"},"potentialAction":[{"@type":"SearchAction","target":{"@type":"EntryPoint","urlTemplate":"https:\/\/mediterranean-day-a1.c.wetopi.com\/?s={search_term_string}"},"query-input":{"@type":"PropertyValueSpecification","valueRequired":true,"valueName":"search_term_string"}}],"inLanguage":"pt-PT"},{"@type":"Organization","@id":"https:\/\/mediterranean-day-a1.c.wetopi.com\/#organization","name":"Mediterranean Day","url":"https:\/\/mediterranean-day-a1.c.wetopi.com\/","logo":{"@type":"ImageObject","inLanguage":"pt-PT","@id":"https:\/\/mediterranean-day-a1.c.wetopi.com\/#\/schema\/logo\/image\/","url":"https:\/\/mediterraneanday.com\/wp-content\/uploads\/2020\/11\/med-day-logo.svg","contentUrl":"https:\/\/mediterraneanday.com\/wp-content\/uploads\/2020\/11\/med-day-logo.svg","width":1004,"height":866,"caption":"Mediterranean Day"},"image":{"@id":"https:\/\/mediterranean-day-a1.c.wetopi.com\/#\/schema\/logo\/image\/"}}]}},"_links":{"self":[{"href":"https:\/\/mediterraneanday.com\/pt-pt\/wp-json\/wp\/v2\/pages\/11780","targetHints":{"allow":["GET"]}}],"collection":[{"href":"https:\/\/mediterraneanday.com\/pt-pt\/wp-json\/wp\/v2\/pages"}],"about":[{"href":"https:\/\/mediterraneanday.com\/pt-pt\/wp-json\/wp\/v2\/types\/page"}],"author":[{"embeddable":true,"href":"https:\/\/mediterraneanday.com\/pt-pt\/wp-json\/wp\/v2\/users\/3"}],"replies":[{"embeddable":true,"href":"https:\/\/mediterraneanday.com\/pt-pt\/wp-json\/wp\/v2\/comments?post=11780"}],"version-history":[{"count":10,"href":"https:\/\/mediterraneanday.com\/pt-pt\/wp-json\/wp\/v2\/pages\/11780\/revisions"}],"predecessor-version":[{"id":25914,"href":"https:\/\/mediterraneanday.com\/pt-pt\/wp-json\/wp\/v2\/pages\/11780\/revisions\/25914"}],"wp:attachment":[{"href":"https:\/\/mediterraneanday.com\/pt-pt\/wp-json\/wp\/v2\/media?parent=11780"}],"curies":[{"name":"wp","href":"https:\/\/api.w.org\/{rel}","templated":true}]}}